{"id":6082,"date":"2024-07-04T15:38:57","date_gmt":"2024-07-04T12:38:57","guid":{"rendered":"https:\/\/kartallaverkosto.fi\/?page_id=6082"},"modified":"2025-03-05T09:38:25","modified_gmt":"2025-03-05T07:38:25","slug":"network-members","status":"publish","type":"page","link":"https:\/\/kartallaverkosto.fi\/en\/network-members\/network-members\/","title":{"rendered":"Network Members"},"content":{"rendered":"\r\n\r\n<section class=\"hero site-banner banner-bg-image section-default default alignfull image\">\r\n\r\n    <div class=\"site-banner-bg section-bg-image \" >\r\n\r\n        <img loading=\"lazy\" decoding=\"async\" width=\"2560\" height=\"1707\" src=\"https:\/\/kartallaverkosto.fi\/wp-content\/uploads\/2024\/06\/shutterstock-2207311043-scaled.jpg\" class=\"attachment-1536\u00d71536 size-1536\u00d71536\" alt=\"\" srcset=\"https:\/\/kartallaverkosto.fi\/wp-content\/uploads\/2024\/06\/shutterstock-2207311043-scaled.jpg 2560w, https:\/\/kartallaverkosto.fi\/wp-content\/uploads\/2024\/06\/shutterstock-2207311043-300x200.jpg 300w, https:\/\/kartallaverkosto.fi\/wp-content\/uploads\/2024\/06\/shutterstock-2207311043-1024x683.jpg 1024w, https:\/\/kartallaverkosto.fi\/wp-content\/uploads\/2024\/06\/shutterstock-2207311043-768x512.jpg 768w, https:\/\/kartallaverkosto.fi\/wp-content\/uploads\/2024\/06\/shutterstock-2207311043-1536x1024.jpg 1536w, https:\/\/kartallaverkosto.fi\/wp-content\/uploads\/2024\/06\/shutterstock-2207311043-2048x1365.jpg 2048w\" sizes=\"auto, (max-width: 2560px) 100vw, 2560px\" \/>\r\n        \r\n            <div class=\"site-banner-content container\">\r\n                <div class=\"row w-100\">\r\n                    <div class=\"col-md-12\">\r\n\r\n                        <h1 class=\"hero-title\">Network Members<\/h1><div class=\"inner-content\">\r\n                            <div class=\"acf-innerblocks-container\">\n\n<p><\/p>\n\n<\/div>\r\n                        <\/div>                    <\/div>\r\n                <\/div>\r\n            <\/div>\r\n        \r\n        <\/div><\/section>\n\n\n<div class=\"wp-block-group alignfull is-style-wavy-border has-green-background-color has-background\"><div class=\"wp-block-group__inner-container is-layout-constrained wp-block-group-is-layout-constrained\">\n<p>On this site, you can explore the member institutions of the <em>Kartalla \u2013 P\u00e5 Kartan<\/em> network. These institutions have committed to the goals of the Sustainability Roadmap and advancing its actions. On the Network page, you can follow the progress of these institutions&#8217; sustainability efforts.<\/p>\n\n\n\n<div class=\"wp-block-buttons mb-5 mt-5 is-layout-flex wp-block-buttons-is-layout-flex\">\n<div class=\"wp-block-button\"><a class=\"wp-block-button__link wp-element-button\" href=\"https:\/\/kartallaverkosto.fi\/en\/network-members\/\">Read more about commitment and fill out the commitment form here.<\/a><\/div>\n<\/div>\n\n\n\n<p>All organisations that provide vocational education are welcome to join as institutional members of the network.<\/p>\n\n\n\n<p>Organisations that collaborate with vocational institutions can join sector-specific partnership networks. Explore the sectoral networks or suggest a new sectoral network to the network coordinators.<\/p>\n\n\n\n<p>You can also join the network as an individual. <a href=\"http:\/\/jasenet.kartallaverkosto.fi\" title=\"\"><strong>Join the network here<\/strong>.<\/a><\/p>\n<\/div><\/div>\n\n\n\n<h3 class=\"wp-block-heading has-text-align-center\" id=\"verkosto\">You can browse network members based on different attributes:<\/h3>\n\n\n\r\n<form data-sf-form-id='6095' data-is-rtl='0' data-maintain-state='' data-results-url='https:\/\/kartallaverkosto.fi\/en\/network-members\/network-members\/' data-ajax-url='https:\/\/kartallaverkosto.fi\/en\/network-members\/network-members\/?sf_data=results' data-ajax-form-url='https:\/\/kartallaverkosto.fi\/en\/?sfid=6095&amp;sf_action=get_data&amp;sf_data=form' data-display-result-method='custom' data-use-history-api='1' data-template-loaded='0' data-lang-code='en' data-ajax='1' data-ajax-data-type='html' data-ajax-links-selector='.pagination a' data-ajax-target='.verkosto-listaus' data-ajax-pagination-type='normal' data-update-ajax-url='1' data-only-results-ajax='1' data-scroll-to-pos='0' data-init-paged='1' data-auto-update='1' action='https:\/\/kartallaverkosto.fi\/en\/network-members\/network-members\/' method='post' class='searchandfilter' id='search-filter-form-6095' autocomplete='off' data-instance-count='1'><ul><li class=\"sf-field-search\" data-sf-field-name=\"search\" data-sf-field-type=\"search\" data-sf-field-input-type=\"\"><h4>Search by name<\/h4>\t\t<label>\n\t\t\t\t   <input placeholder=\"Search \u2026\" name=\"_sf_search[]\" class=\"sf-input-text\" type=\"text\" value=\"\" title=\"\"><\/label>\t\t<\/li><li class=\"sf-field-post-meta-henkilostomaara\" data-sf-field-name=\"_sfm_henkilostomaara\" data-sf-field-type=\"post_meta\" data-sf-field-input-type=\"select\" data-sf-meta-type=\"choice\"><h4>Number of personnel<\/h4>\t\t<label>\n\t\t\t\t   \t\t<select name=\"_sfm_henkilostomaara[]\" class=\"sf-input-select\" title=\"\">\n\t\t\t\t\t\t  \t\t\t<option class=\"sf-level-0 sf-item-0 sf-option-active\" selected=\"selected\" data-sf-depth=\"0\" value=\"\">All<\/option>\n\t\t\t\t\t\t\t\t\t\t\t<option class=\"sf-level-0 \" data-sf-count=\"-1\" data-sf-depth=\"0\" value=\"99\">Under 100<\/option>\n\t\t\t\t\t\t\t\t\t\t\t<option class=\"sf-level-0 \" data-sf-count=\"-1\" data-sf-depth=\"0\" value=\"100\">100 \u2013 250<\/option>\n\t\t\t\t\t\t\t\t\t\t\t<option class=\"sf-level-0 \" data-sf-count=\"-1\" data-sf-depth=\"0\" value=\"251\">251 \u2013 500<\/option>\n\t\t\t\t\t\t\t\t\t\t\t<option class=\"sf-level-0 \" data-sf-count=\"-1\" data-sf-depth=\"0\" value=\"500\">Over 500<\/option>\n\t\t\t\t\t\t\t\t\t\t\t<\/select><\/label>\t\t\t\t\t\t\t\t\t\t<\/li><li class=\"sf-field-post-meta-alue\" data-sf-field-name=\"_sfm_alue\" data-sf-field-type=\"post_meta\" data-sf-field-input-type=\"select\" data-sf-meta-type=\"choice\"><h4>Region<\/h4>\t\t<label>\n\t\t\t\t   \t\t<select name=\"_sfm_alue[]\" class=\"sf-input-select\" title=\"\">\n\t\t\t\t\t\t  \t\t\t<option class=\"sf-level-0 sf-item-0 sf-option-active\" selected=\"selected\" data-sf-depth=\"0\" value=\"\">All<\/option>\n\t\t\t\t\t\t\t\t\t\t\t<option class=\"sf-level-0 \" data-sf-count=\"-1\" data-sf-depth=\"0\" value=\"Ahvenanmaa \u2013 \u00c5land\">Ahvenanmaa \u2013 \u00c5land<\/option>\n\t\t\t\t\t\t\t\t\t\t\t<option class=\"sf-level-0 \" data-sf-count=\"-1\" data-sf-depth=\"0\" value=\"Etel\u00e4-Karjala\">Etel\u00e4-Karjala<\/option>\n\t\t\t\t\t\t\t\t\t\t\t<option class=\"sf-level-0 \" data-sf-count=\"-1\" data-sf-depth=\"0\" value=\"Etel\u00e4-Pohjanmaa\">Etel\u00e4-Pohjanmaa<\/option>\n\t\t\t\t\t\t\t\t\t\t\t<option class=\"sf-level-0 \" data-sf-count=\"-1\" data-sf-depth=\"0\" value=\"Etel\u00e4-Savo\">Etel\u00e4-Savo<\/option>\n\t\t\t\t\t\t\t\t\t\t\t<option class=\"sf-level-0 \" data-sf-count=\"-1\" data-sf-depth=\"0\" value=\"Kainuu\">Kainuu<\/option>\n\t\t\t\t\t\t\t\t\t\t\t<option class=\"sf-level-0 \" data-sf-count=\"-1\" data-sf-depth=\"0\" value=\"Kanta-H\u00e4me\">Kanta-H\u00e4me<\/option>\n\t\t\t\t\t\t\t\t\t\t\t<option class=\"sf-level-0 \" data-sf-count=\"-1\" data-sf-depth=\"0\" value=\"Keski-Pohjanmaa\">Keski-Pohjanmaa<\/option>\n\t\t\t\t\t\t\t\t\t\t\t<option class=\"sf-level-0 \" data-sf-count=\"-1\" data-sf-depth=\"0\" value=\"Keski-Suomi\">Keski-Suomi<\/option>\n\t\t\t\t\t\t\t\t\t\t\t<option class=\"sf-level-0 \" data-sf-count=\"-1\" data-sf-depth=\"0\" value=\"Kymenlaakso\">Kymenlaakso<\/option>\n\t\t\t\t\t\t\t\t\t\t\t<option class=\"sf-level-0 \" data-sf-count=\"-1\" data-sf-depth=\"0\" value=\"Lappi\">Lappi<\/option>\n\t\t\t\t\t\t\t\t\t\t\t<option class=\"sf-level-0 \" data-sf-count=\"-1\" data-sf-depth=\"0\" value=\"Pirkanmaa\">Pirkanmaa<\/option>\n\t\t\t\t\t\t\t\t\t\t\t<option class=\"sf-level-0 \" data-sf-count=\"-1\" data-sf-depth=\"0\" value=\"Pohjanmaa\">Pohjanmaa<\/option>\n\t\t\t\t\t\t\t\t\t\t\t<option class=\"sf-level-0 \" data-sf-count=\"-1\" data-sf-depth=\"0\" value=\"Pohjois-Karjala\">Pohjois-Karjala<\/option>\n\t\t\t\t\t\t\t\t\t\t\t<option class=\"sf-level-0 \" data-sf-count=\"-1\" data-sf-depth=\"0\" value=\"Pohjois-Pohjanmaa\">Pohjois-Pohjanmaa<\/option>\n\t\t\t\t\t\t\t\t\t\t\t<option class=\"sf-level-0 \" data-sf-count=\"-1\" data-sf-depth=\"0\" value=\"Pohjois-Savo\">Pohjois-Savo<\/option>\n\t\t\t\t\t\t\t\t\t\t\t<option class=\"sf-level-0 \" data-sf-count=\"-1\" data-sf-depth=\"0\" value=\"P\u00e4ij\u00e4t-H\u00e4me\">P\u00e4ij\u00e4t-H\u00e4me<\/option>\n\t\t\t\t\t\t\t\t\t\t\t<option class=\"sf-level-0 \" data-sf-count=\"-1\" data-sf-depth=\"0\" value=\"Satakunta\">Satakunta<\/option>\n\t\t\t\t\t\t\t\t\t\t\t<option class=\"sf-level-0 \" data-sf-count=\"-1\" data-sf-depth=\"0\" value=\"Uusimaa\">Uusimaa<\/option>\n\t\t\t\t\t\t\t\t\t\t\t<option class=\"sf-level-0 \" data-sf-count=\"-1\" data-sf-depth=\"0\" value=\"Valtakunnallinen\">Valtakunnallinen<\/option>\n\t\t\t\t\t\t\t\t\t\t\t<option class=\"sf-level-0 \" data-sf-count=\"-1\" data-sf-depth=\"0\" value=\"Varsinais-Suomi\">Varsinais-Suomi<\/option>\n\t\t\t\t\t\t\t\t\t\t\t<\/select><\/label>\t\t\t\t\t\t\t\t\t\t<\/li><li class=\"sf-field-post-meta-opetettavat_koulutusalat\" data-sf-field-name=\"_sfm_opetettavat_koulutusalat\" data-sf-field-type=\"post_meta\" data-sf-field-input-type=\"select\" data-sf-meta-type=\"choice\"><h4>Field of education<\/h4>\t\t<label>\n\t\t\t\t   \t\t<select name=\"_sfm_opetettavat_koulutusalat[]\" class=\"sf-input-select\" title=\"\">\n\t\t\t\t\t\t  \t\t\t<option class=\"sf-level-0 sf-item-0 sf-option-active\" selected=\"selected\" data-sf-depth=\"0\" value=\"\">All<\/option>\n\t\t\t\t\t\t\t\t\t\t\t<option class=\"sf-level-0 \" data-sf-count=\"-1\" data-sf-depth=\"0\" value=\"Humanistiset ja taidealat\">Humanistiset ja taidealat<\/option>\n\t\t\t\t\t\t\t\t\t\t\t<option class=\"sf-level-0 \" data-sf-count=\"-1\" data-sf-depth=\"0\" value=\"Kasvatusalat\">Kasvatusalat<\/option>\n\t\t\t\t\t\t\t\t\t\t\t<option class=\"sf-level-0 \" data-sf-count=\"-1\" data-sf-depth=\"0\" value=\"Kauppa, hallinto ja oikeustieteet\">Kauppa, hallinto ja oikeustieteet<\/option>\n\t\t\t\t\t\t\t\t\t\t\t<option class=\"sf-level-0 \" data-sf-count=\"-1\" data-sf-depth=\"0\" value=\"Luonnontieteet\">Luonnontieteet<\/option>\n\t\t\t\t\t\t\t\t\t\t\t<option class=\"sf-level-0 \" data-sf-count=\"-1\" data-sf-depth=\"0\" value=\"Maa- ja mets\u00e4talousalat\">Maa- ja mets\u00e4talousalat<\/option>\n\t\t\t\t\t\t\t\t\t\t\t<option class=\"sf-level-0 \" data-sf-count=\"-1\" data-sf-depth=\"0\" value=\"Palvelualat\">Palvelualat<\/option>\n\t\t\t\t\t\t\t\t\t\t\t<option class=\"sf-level-0 \" data-sf-count=\"-1\" data-sf-depth=\"0\" value=\"Tekniikan alat\">Tekniikan alat<\/option>\n\t\t\t\t\t\t\t\t\t\t\t<option class=\"sf-level-0 \" data-sf-count=\"-1\" data-sf-depth=\"0\" value=\"Terveys- ja hyvinvointialat\">Terveys- ja hyvinvointialat<\/option>\n\t\t\t\t\t\t\t\t\t\t\t<option class=\"sf-level-0 \" data-sf-count=\"-1\" data-sf-depth=\"0\" value=\"Tietojenk\u00e4sittely ja tietoliikenne (ICT)\">Tietojenk\u00e4sittely ja tietoliikenne (ICT)<\/option>\n\t\t\t\t\t\t\t\t\t\t\t<option class=\"sf-level-0 \" data-sf-count=\"-1\" data-sf-depth=\"0\" value=\"Yhteiskunnalliset alat\">Yhteiskunnalliset alat<\/option>\n\t\t\t\t\t\t\t\t\t\t\t<\/select><\/label>\t\t\t\t\t\t\t\t\t\t<\/li><\/ul><\/form>\r\n<div class=\"verkosto-listaus \">\r\n    \r\n    \r\n            <div class=\"linkbox\">\r\n                <a href=\"https:\/\/kartallaverkosto.fi\/en\/verkosto\/ammattiopisto-livia\/\">\r\n                    <div class=\"linkbox-image\">\r\n                        <img loading=\"lazy\" decoding=\"async\" width=\"800\" height=\"345\" src=\"https:\/\/kartallaverkosto.fi\/wp-content\/uploads\/2026\/04\/logo-livia-musta-varillinen-liuku-rgb500x-100-1024x442.jpg\" class=\"attachment-large size-large\" alt=\"\" srcset=\"https:\/\/kartallaverkosto.fi\/wp-content\/uploads\/2026\/04\/logo-livia-musta-varillinen-liuku-rgb500x-100-1024x442.jpg 1024w, https:\/\/kartallaverkosto.fi\/wp-content\/uploads\/2026\/04\/logo-livia-musta-varillinen-liuku-rgb500x-100-300x130.jpg 300w, https:\/\/kartallaverkosto.fi\/wp-content\/uploads\/2026\/04\/logo-livia-musta-varillinen-liuku-rgb500x-100-768x332.jpg 768w, https:\/\/kartallaverkosto.fi\/wp-content\/uploads\/2026\/04\/logo-livia-musta-varillinen-liuku-rgb500x-100-1536x663.jpg 1536w, https:\/\/kartallaverkosto.fi\/wp-content\/uploads\/2026\/04\/logo-livia-musta-varillinen-liuku-rgb500x-100.jpg 1969w\" sizes=\"auto, (max-width: 800px) 100vw, 800px\" \/>                    <\/div>\r\n                    <div class=\"linkbox-text\">\r\n                        <p class=\"h3\">Ammattiopisto Livia<\/p>\r\n                    <\/div>\r\n                <\/a>\r\n            <\/div>\r\n\r\n    \r\n            <div class=\"linkbox\">\r\n                <a href=\"https:\/\/kartallaverkosto.fi\/en\/verkosto\/turun-ammatti-instituutti\/\">\r\n                    <div class=\"linkbox-image\">\r\n                        <img loading=\"lazy\" decoding=\"async\" width=\"800\" height=\"410\" src=\"https:\/\/kartallaverkosto.fi\/wp-content\/uploads\/2026\/03\/tai-logo-2-a-fi-red-1024x525.png\" class=\"attachment-large size-large\" alt=\"\" srcset=\"https:\/\/kartallaverkosto.fi\/wp-content\/uploads\/2026\/03\/tai-logo-2-a-fi-red-1024x525.png 1024w, https:\/\/kartallaverkosto.fi\/wp-content\/uploads\/2026\/03\/tai-logo-2-a-fi-red-300x154.png 300w, https:\/\/kartallaverkosto.fi\/wp-content\/uploads\/2026\/03\/tai-logo-2-a-fi-red-768x394.png 768w, https:\/\/kartallaverkosto.fi\/wp-content\/uploads\/2026\/03\/tai-logo-2-a-fi-red-1536x788.png 1536w, https:\/\/kartallaverkosto.fi\/wp-content\/uploads\/2026\/03\/tai-logo-2-a-fi-red-2048x1050.png 2048w\" sizes=\"auto, (max-width: 800px) 100vw, 800px\" \/>                    <\/div>\r\n                    <div class=\"linkbox-text\">\r\n                        <p class=\"h3\">Turun ammatti-instituutti<\/p>\r\n                    <\/div>\r\n                <\/a>\r\n            <\/div>\r\n\r\n    \r\n            <div class=\"linkbox\">\r\n                <a href=\"https:\/\/kartallaverkosto.fi\/en\/verkosto\/mercuria-kauppaoppilaitos-oy\/\">\r\n                    <div class=\"linkbox-image\">\r\n                        <img loading=\"lazy\" decoding=\"async\" width=\"800\" height=\"259\" src=\"https:\/\/kartallaverkosto.fi\/wp-content\/uploads\/2026\/03\/mercuria-logo-cmyk-horizontal-1-1024x331.png\" class=\"attachment-large size-large\" alt=\"\" srcset=\"https:\/\/kartallaverkosto.fi\/wp-content\/uploads\/2026\/03\/mercuria-logo-cmyk-horizontal-1-1024x331.png 1024w, https:\/\/kartallaverkosto.fi\/wp-content\/uploads\/2026\/03\/mercuria-logo-cmyk-horizontal-1-300x97.png 300w, https:\/\/kartallaverkosto.fi\/wp-content\/uploads\/2026\/03\/mercuria-logo-cmyk-horizontal-1-768x248.png 768w, https:\/\/kartallaverkosto.fi\/wp-content\/uploads\/2026\/03\/mercuria-logo-cmyk-horizontal-1-1536x496.png 1536w, https:\/\/kartallaverkosto.fi\/wp-content\/uploads\/2026\/03\/mercuria-logo-cmyk-horizontal-1-2048x662.png 2048w\" sizes=\"auto, (max-width: 800px) 100vw, 800px\" \/>                    <\/div>\r\n                    <div class=\"linkbox-text\">\r\n                        <p class=\"h3\">Mercuria kauppaoppilaitos Oy<\/p>\r\n                    <\/div>\r\n                <\/a>\r\n            <\/div>\r\n\r\n    \r\n            <div class=\"linkbox\">\r\n                <a href=\"https:\/\/kartallaverkosto.fi\/en\/verkosto\/jarviseudun-koulutuskuntayhtyma\/\">\r\n                    <div class=\"linkbox-image\">\r\n                        <img loading=\"lazy\" decoding=\"async\" width=\"800\" height=\"401\" src=\"https:\/\/kartallaverkosto.fi\/wp-content\/uploads\/2026\/03\/jami-logo-sininen-1024x513.jpg\" class=\"attachment-large size-large\" alt=\"\" srcset=\"https:\/\/kartallaverkosto.fi\/wp-content\/uploads\/2026\/03\/jami-logo-sininen-1024x513.jpg 1024w, https:\/\/kartallaverkosto.fi\/wp-content\/uploads\/2026\/03\/jami-logo-sininen-300x150.jpg 300w, https:\/\/kartallaverkosto.fi\/wp-content\/uploads\/2026\/03\/jami-logo-sininen-768x385.jpg 768w, https:\/\/kartallaverkosto.fi\/wp-content\/uploads\/2026\/03\/jami-logo-sininen.jpg 1496w\" sizes=\"auto, (max-width: 800px) 100vw, 800px\" \/>                    <\/div>\r\n                    <div class=\"linkbox-text\">\r\n                        <p class=\"h3\">J\u00e4rviseudun koulutuskuntayhtym\u00e4<\/p>\r\n                    <\/div>\r\n                <\/a>\r\n            <\/div>\r\n\r\n    \r\n            <div class=\"linkbox\">\r\n                <a href=\"https:\/\/kartallaverkosto.fi\/en\/verkosto\/helsinki-business-college-oy\/\">\r\n                    <div class=\"linkbox-image\">\r\n                        <img loading=\"lazy\" decoding=\"async\" width=\"759\" height=\"480\" src=\"https:\/\/kartallaverkosto.fi\/wp-content\/uploads\/2025\/12\/bc-logo-viininpunainen-jpg.jpg\" class=\"attachment-large size-large\" alt=\"\" srcset=\"https:\/\/kartallaverkosto.fi\/wp-content\/uploads\/2025\/12\/bc-logo-viininpunainen-jpg.jpg 759w, https:\/\/kartallaverkosto.fi\/wp-content\/uploads\/2025\/12\/bc-logo-viininpunainen-jpg-300x190.jpg 300w\" sizes=\"auto, (max-width: 759px) 100vw, 759px\" \/>                    <\/div>\r\n                    <div class=\"linkbox-text\">\r\n                        <p class=\"h3\">Helsinki Business College Oy<\/p>\r\n                    <\/div>\r\n                <\/a>\r\n            <\/div>\r\n\r\n    \r\n            <div class=\"linkbox\">\r\n                <a href=\"https:\/\/kartallaverkosto.fi\/en\/verkosto\/keski-pohjanmaan-koulutusyhtyma-kpedu\/\">\r\n                    <div class=\"linkbox-image\">\r\n                        <img loading=\"lazy\" decoding=\"async\" width=\"440\" height=\"117\" src=\"https:\/\/kartallaverkosto.fi\/wp-content\/uploads\/2025\/12\/kpedu-sin.png\" class=\"attachment-large size-large\" alt=\"\" srcset=\"https:\/\/kartallaverkosto.fi\/wp-content\/uploads\/2025\/12\/kpedu-sin.png 440w, https:\/\/kartallaverkosto.fi\/wp-content\/uploads\/2025\/12\/kpedu-sin-300x80.png 300w\" sizes=\"auto, (max-width: 440px) 100vw, 440px\" \/>                    <\/div>\r\n                    <div class=\"linkbox-text\">\r\n                        <p class=\"h3\">Keski-Pohjanmaan koulutusyhtym\u00e4 (KPEDU)<\/p>\r\n                    <\/div>\r\n                <\/a>\r\n            <\/div>\r\n\r\n    \r\n            <div class=\"linkbox\">\r\n                <a href=\"https:\/\/kartallaverkosto.fi\/en\/verkosto\/seinajoen-koulutuskuntayhtyma-sedu\/\">\r\n                    <div class=\"linkbox-image\">\r\n                        <img loading=\"lazy\" decoding=\"async\" width=\"800\" height=\"293\" src=\"https:\/\/kartallaverkosto.fi\/wp-content\/uploads\/2025\/11\/logo-sedu-black-rgb-small-300dpi-1-1024x375.jpg\" class=\"attachment-large size-large\" alt=\"\" srcset=\"https:\/\/kartallaverkosto.fi\/wp-content\/uploads\/2025\/11\/logo-sedu-black-rgb-small-300dpi-1-1024x375.jpg 1024w, https:\/\/kartallaverkosto.fi\/wp-content\/uploads\/2025\/11\/logo-sedu-black-rgb-small-300dpi-1-300x110.jpg 300w, https:\/\/kartallaverkosto.fi\/wp-content\/uploads\/2025\/11\/logo-sedu-black-rgb-small-300dpi-1-768x282.jpg 768w, https:\/\/kartallaverkosto.fi\/wp-content\/uploads\/2025\/11\/logo-sedu-black-rgb-small-300dpi-1.jpg 1181w\" sizes=\"auto, (max-width: 800px) 100vw, 800px\" \/>                    <\/div>\r\n                    <div class=\"linkbox-text\">\r\n                        <p class=\"h3\">Sein\u00e4joen koulutuskuntayhtym\u00e4 Sedu<\/p>\r\n                    <\/div>\r\n                <\/a>\r\n            <\/div>\r\n\r\n    \r\n            <div class=\"linkbox\">\r\n                <a href=\"https:\/\/kartallaverkosto.fi\/en\/verkosto\/hyria-koulutus-oy\/\">\r\n                    <div class=\"linkbox-image\">\r\n                        <img loading=\"lazy\" decoding=\"async\" width=\"800\" height=\"400\" src=\"https:\/\/kartallaverkosto.fi\/wp-content\/uploads\/2025\/10\/hyria-black-1024x512.png\" class=\"attachment-large size-large\" alt=\"\" srcset=\"https:\/\/kartallaverkosto.fi\/wp-content\/uploads\/2025\/10\/hyria-black-1024x512.png 1024w, https:\/\/kartallaverkosto.fi\/wp-content\/uploads\/2025\/10\/hyria-black-300x150.png 300w, https:\/\/kartallaverkosto.fi\/wp-content\/uploads\/2025\/10\/hyria-black-768x384.png 768w, https:\/\/kartallaverkosto.fi\/wp-content\/uploads\/2025\/10\/hyria-black-1536x768.png 1536w, https:\/\/kartallaverkosto.fi\/wp-content\/uploads\/2025\/10\/hyria-black-2048x1024.png 2048w\" sizes=\"auto, (max-width: 800px) 100vw, 800px\" \/>                    <\/div>\r\n                    <div class=\"linkbox-text\">\r\n                        <p class=\"h3\">Hyria koulutus Oy<\/p>\r\n                    <\/div>\r\n                <\/a>\r\n            <\/div>\r\n\r\n    \r\n            <div class=\"linkbox\">\r\n                <a href=\"https:\/\/kartallaverkosto.fi\/en\/verkosto\/paasikiviopistoyhdistys-ry\/\">\r\n                    <div class=\"linkbox-image\">\r\n                        <img loading=\"lazy\" decoding=\"async\" width=\"532\" height=\"414\" src=\"https:\/\/kartallaverkosto.fi\/wp-content\/uploads\/2025\/09\/po-outline-osoitteella-45x35mm.png\" class=\"attachment-large size-large\" alt=\"\" srcset=\"https:\/\/kartallaverkosto.fi\/wp-content\/uploads\/2025\/09\/po-outline-osoitteella-45x35mm.png 532w, https:\/\/kartallaverkosto.fi\/wp-content\/uploads\/2025\/09\/po-outline-osoitteella-45x35mm-300x233.png 300w\" sizes=\"auto, (max-width: 532px) 100vw, 532px\" \/>                    <\/div>\r\n                    <div class=\"linkbox-text\">\r\n                        <p class=\"h3\">Paasikiviopistoyhdistys ry<\/p>\r\n                    <\/div>\r\n                <\/a>\r\n            <\/div>\r\n\r\n    \r\n            <div class=\"linkbox\">\r\n                <a href=\"https:\/\/kartallaverkosto.fi\/en\/verkosto\/aitoon-koulutuskeskus\/\">\r\n                    <div class=\"linkbox-image\">\r\n                        <img loading=\"lazy\" decoding=\"async\" width=\"800\" height=\"626\" src=\"https:\/\/kartallaverkosto.fi\/wp-content\/uploads\/2025\/09\/logo-kuvana-2021-vektorgrafiikasta-tehty.png\" class=\"attachment-large size-large\" alt=\"\" srcset=\"https:\/\/kartallaverkosto.fi\/wp-content\/uploads\/2025\/09\/logo-kuvana-2021-vektorgrafiikasta-tehty.png 949w, https:\/\/kartallaverkosto.fi\/wp-content\/uploads\/2025\/09\/logo-kuvana-2021-vektorgrafiikasta-tehty-300x235.png 300w, https:\/\/kartallaverkosto.fi\/wp-content\/uploads\/2025\/09\/logo-kuvana-2021-vektorgrafiikasta-tehty-768x600.png 768w\" sizes=\"auto, (max-width: 800px) 100vw, 800px\" \/>                    <\/div>\r\n                    <div class=\"linkbox-text\">\r\n                        <p class=\"h3\">Aitoon koulutuskeskus<\/p>\r\n                    <\/div>\r\n                <\/a>\r\n            <\/div>\r\n\r\n    \r\n            <div class=\"linkbox\">\r\n                <a href=\"https:\/\/kartallaverkosto.fi\/en\/verkosto\/kotkan-haminan-seudun-koulutuskuntayhtyma-ekami\/\">\r\n                    <div class=\"linkbox-image\">\r\n                        <img loading=\"lazy\" decoding=\"async\" width=\"800\" height=\"400\" src=\"https:\/\/kartallaverkosto.fi\/wp-content\/uploads\/2025\/08\/ekami-logo-versaali-e73271-tekijoiden-tekija.jpg\" class=\"attachment-large size-large\" alt=\"\" srcset=\"https:\/\/kartallaverkosto.fi\/wp-content\/uploads\/2025\/08\/ekami-logo-versaali-e73271-tekijoiden-tekija.jpg 1024w, https:\/\/kartallaverkosto.fi\/wp-content\/uploads\/2025\/08\/ekami-logo-versaali-e73271-tekijoiden-tekija-300x150.jpg 300w, https:\/\/kartallaverkosto.fi\/wp-content\/uploads\/2025\/08\/ekami-logo-versaali-e73271-tekijoiden-tekija-768x384.jpg 768w\" sizes=\"auto, (max-width: 800px) 100vw, 800px\" \/>                    <\/div>\r\n                    <div class=\"linkbox-text\">\r\n                        <p class=\"h3\">Kotkan-Haminan seudun koulutuskuntayhtym\u00e4 EKAMI<\/p>\r\n                    <\/div>\r\n                <\/a>\r\n            <\/div>\r\n\r\n    \r\n            <div class=\"linkbox\">\r\n                <a href=\"https:\/\/kartallaverkosto.fi\/en\/verkosto\/koulutuskeskus-salpaus\/\">\r\n                    <div class=\"linkbox-image\">\r\n                        <img loading=\"lazy\" decoding=\"async\" width=\"578\" height=\"199\" src=\"https:\/\/kartallaverkosto.fi\/wp-content\/uploads\/2025\/08\/salpaus-logo.png\" class=\"attachment-large size-large\" alt=\"\" srcset=\"https:\/\/kartallaverkosto.fi\/wp-content\/uploads\/2025\/08\/salpaus-logo.png 578w, https:\/\/kartallaverkosto.fi\/wp-content\/uploads\/2025\/08\/salpaus-logo-300x103.png 300w\" sizes=\"auto, (max-width: 578px) 100vw, 578px\" \/>                    <\/div>\r\n                    <div class=\"linkbox-text\">\r\n                        <p class=\"h3\">Koulutuskeskus Salpaus<\/p>\r\n                    <\/div>\r\n                <\/a>\r\n            <\/div>\r\n\r\n    \r\n            <div class=\"linkbox\">\r\n                <a href=\"https:\/\/kartallaverkosto.fi\/en\/verkosto\/tampereen-aikuiskoulutuskeskus-takk\/\">\r\n                    <div class=\"linkbox-image\">\r\n                        <img loading=\"lazy\" decoding=\"async\" width=\"800\" height=\"438\" src=\"https:\/\/kartallaverkosto.fi\/wp-content\/uploads\/2025\/06\/punainen-takk-logo-rgb-164-0-103.png\" class=\"attachment-large size-large\" alt=\"\" srcset=\"https:\/\/kartallaverkosto.fi\/wp-content\/uploads\/2025\/06\/punainen-takk-logo-rgb-164-0-103.png 1000w, https:\/\/kartallaverkosto.fi\/wp-content\/uploads\/2025\/06\/punainen-takk-logo-rgb-164-0-103-300x164.png 300w, https:\/\/kartallaverkosto.fi\/wp-content\/uploads\/2025\/06\/punainen-takk-logo-rgb-164-0-103-768x421.png 768w\" sizes=\"auto, (max-width: 800px) 100vw, 800px\" \/>                    <\/div>\r\n                    <div class=\"linkbox-text\">\r\n                        <p class=\"h3\">Tampereen Aikuiskoulutuskeskus TAKK<\/p>\r\n                    <\/div>\r\n                <\/a>\r\n            <\/div>\r\n\r\n    \r\n            <div class=\"linkbox\">\r\n                <a href=\"https:\/\/kartallaverkosto.fi\/en\/verkosto\/saamelaisalueen-koulutuskeskus\/\">\r\n                    <div class=\"linkbox-image\">\r\n                        <img loading=\"lazy\" decoding=\"async\" width=\"800\" height=\"771\" src=\"https:\/\/kartallaverkosto.fi\/wp-content\/uploads\/2025\/06\/sakk-logo-pysty-ilman-os-1024x987.jpg\" class=\"attachment-large size-large\" alt=\"\" srcset=\"https:\/\/kartallaverkosto.fi\/wp-content\/uploads\/2025\/06\/sakk-logo-pysty-ilman-os-1024x987.jpg 1024w, https:\/\/kartallaverkosto.fi\/wp-content\/uploads\/2025\/06\/sakk-logo-pysty-ilman-os-300x289.jpg 300w, https:\/\/kartallaverkosto.fi\/wp-content\/uploads\/2025\/06\/sakk-logo-pysty-ilman-os-768x741.jpg 768w, https:\/\/kartallaverkosto.fi\/wp-content\/uploads\/2025\/06\/sakk-logo-pysty-ilman-os-1536x1481.jpg 1536w, https:\/\/kartallaverkosto.fi\/wp-content\/uploads\/2025\/06\/sakk-logo-pysty-ilman-os-2048x1975.jpg 2048w\" sizes=\"auto, (max-width: 800px) 100vw, 800px\" \/>                    <\/div>\r\n                    <div class=\"linkbox-text\">\r\n                        <p class=\"h3\">Saamelaisalueen koulutuskeskus<\/p>\r\n                    <\/div>\r\n                <\/a>\r\n            <\/div>\r\n\r\n    \r\n            <div class=\"linkbox\">\r\n                <a href=\"https:\/\/kartallaverkosto.fi\/en\/verkosto\/lansirannikon-koulutus-oy-winnova\/\">\r\n                    <div class=\"linkbox-image\">\r\n                        <img loading=\"lazy\" decoding=\"async\" width=\"500\" height=\"123\" src=\"https:\/\/kartallaverkosto.fi\/wp-content\/uploads\/2025\/06\/winnova-yritystunnus-varit-rgb-500px.png\" class=\"attachment-large size-large\" alt=\"\" srcset=\"https:\/\/kartallaverkosto.fi\/wp-content\/uploads\/2025\/06\/winnova-yritystunnus-varit-rgb-500px.png 500w, https:\/\/kartallaverkosto.fi\/wp-content\/uploads\/2025\/06\/winnova-yritystunnus-varit-rgb-500px-300x74.png 300w\" sizes=\"auto, (max-width: 500px) 100vw, 500px\" \/>                    <\/div>\r\n                    <div class=\"linkbox-text\">\r\n                        <p class=\"h3\">L\u00e4nsirannikon Koulutus Oy WinNova<\/p>\r\n                    <\/div>\r\n                <\/a>\r\n            <\/div>\r\n\r\n    \r\n            <div class=\"linkbox\">\r\n                <a href=\"https:\/\/kartallaverkosto.fi\/en\/verkosto\/palvelualan-opisto-kuopio\/\">\r\n                    <div class=\"linkbox-image\">\r\n                        <img loading=\"lazy\" decoding=\"async\" width=\"617\" height=\"99\" src=\"https:\/\/kartallaverkosto.fi\/wp-content\/uploads\/2025\/06\/paok.jpg\" class=\"attachment-large size-large\" alt=\"\" srcset=\"https:\/\/kartallaverkosto.fi\/wp-content\/uploads\/2025\/06\/paok.jpg 617w, https:\/\/kartallaverkosto.fi\/wp-content\/uploads\/2025\/06\/paok-300x48.jpg 300w\" sizes=\"auto, (max-width: 617px) 100vw, 617px\" \/>                    <\/div>\r\n                    <div class=\"linkbox-text\">\r\n                        <p class=\"h3\">Palvelualan Opisto Kuopio<\/p>\r\n                    <\/div>\r\n                <\/a>\r\n            <\/div>\r\n\r\n    \r\n            <div class=\"linkbox\">\r\n                <a href=\"https:\/\/kartallaverkosto.fi\/en\/verkosto\/ael-amiedu-oy-taitotalo\/\">\r\n                    <div class=\"linkbox-image\">\r\n                        <img loading=\"lazy\" decoding=\"async\" width=\"800\" height=\"105\" src=\"https:\/\/kartallaverkosto.fi\/wp-content\/uploads\/2025\/05\/taitotalo-logo-rgb-vari-1024x134.jpg\" class=\"attachment-large size-large\" alt=\"\" srcset=\"https:\/\/kartallaverkosto.fi\/wp-content\/uploads\/2025\/05\/taitotalo-logo-rgb-vari-1024x134.jpg 1024w, https:\/\/kartallaverkosto.fi\/wp-content\/uploads\/2025\/05\/taitotalo-logo-rgb-vari-300x39.jpg 300w, https:\/\/kartallaverkosto.fi\/wp-content\/uploads\/2025\/05\/taitotalo-logo-rgb-vari-768x101.jpg 768w, https:\/\/kartallaverkosto.fi\/wp-content\/uploads\/2025\/05\/taitotalo-logo-rgb-vari.jpg 1528w\" sizes=\"auto, (max-width: 800px) 100vw, 800px\" \/>                    <\/div>\r\n                    <div class=\"linkbox-text\">\r\n                        <p class=\"h3\">AEL-Amiedu Oy, Taitotalo<\/p>\r\n                    <\/div>\r\n                <\/a>\r\n            <\/div>\r\n\r\n    \r\n            <div class=\"linkbox\">\r\n                <a href=\"https:\/\/kartallaverkosto.fi\/en\/verkosto\/careeria-oy\/\">\r\n                    <div class=\"linkbox-image\">\r\n                        <img loading=\"lazy\" decoding=\"async\" width=\"799\" height=\"287\" src=\"https:\/\/kartallaverkosto.fi\/wp-content\/uploads\/2025\/05\/careeria-vaaka-tumma-pohja.jpg\" class=\"attachment-large size-large\" alt=\"\" srcset=\"https:\/\/kartallaverkosto.fi\/wp-content\/uploads\/2025\/05\/careeria-vaaka-tumma-pohja.jpg 799w, https:\/\/kartallaverkosto.fi\/wp-content\/uploads\/2025\/05\/careeria-vaaka-tumma-pohja-300x108.jpg 300w, https:\/\/kartallaverkosto.fi\/wp-content\/uploads\/2025\/05\/careeria-vaaka-tumma-pohja-768x276.jpg 768w\" sizes=\"auto, (max-width: 799px) 100vw, 799px\" \/>                    <\/div>\r\n                    <div class=\"linkbox-text\">\r\n                        <p class=\"h3\">Careeria Oy<\/p>\r\n                    <\/div>\r\n                <\/a>\r\n            <\/div>\r\n\r\n    \r\n            <div class=\"linkbox\">\r\n                <a href=\"https:\/\/kartallaverkosto.fi\/en\/verkosto\/salon-seudun-koulutuskuntayhtyma\/\">\r\n                    <div class=\"linkbox-image\">\r\n                        <img loading=\"lazy\" decoding=\"async\" width=\"441\" height=\"87\" src=\"https:\/\/kartallaverkosto.fi\/wp-content\/uploads\/2025\/05\/sskky-sahkopostilogo.jpg\" class=\"attachment-large size-large\" alt=\"\" srcset=\"https:\/\/kartallaverkosto.fi\/wp-content\/uploads\/2025\/05\/sskky-sahkopostilogo.jpg 441w, https:\/\/kartallaverkosto.fi\/wp-content\/uploads\/2025\/05\/sskky-sahkopostilogo-300x59.jpg 300w\" sizes=\"auto, (max-width: 441px) 100vw, 441px\" \/>                    <\/div>\r\n                    <div class=\"linkbox-text\">\r\n                        <p class=\"h3\">Salon seudun koulutuskuntayhtym\u00e4<\/p>\r\n                    <\/div>\r\n                <\/a>\r\n            <\/div>\r\n\r\n    \r\n            <div class=\"linkbox\">\r\n                <a href=\"https:\/\/kartallaverkosto.fi\/en\/verkosto\/sasky-koulutuskuntayhtyma\/\">\r\n                    <div class=\"linkbox-image\">\r\n                        <img loading=\"lazy\" decoding=\"async\" width=\"800\" height=\"354\" src=\"https:\/\/kartallaverkosto.fi\/wp-content\/uploads\/2025\/05\/sasky-sininen-1024x453.png\" class=\"attachment-large size-large\" alt=\"\" srcset=\"https:\/\/kartallaverkosto.fi\/wp-content\/uploads\/2025\/05\/sasky-sininen-1024x453.png 1024w, https:\/\/kartallaverkosto.fi\/wp-content\/uploads\/2025\/05\/sasky-sininen-300x133.png 300w, https:\/\/kartallaverkosto.fi\/wp-content\/uploads\/2025\/05\/sasky-sininen-768x340.png 768w, https:\/\/kartallaverkosto.fi\/wp-content\/uploads\/2025\/05\/sasky-sininen-1536x680.png 1536w, https:\/\/kartallaverkosto.fi\/wp-content\/uploads\/2025\/05\/sasky-sininen.png 2000w\" sizes=\"auto, (max-width: 800px) 100vw, 800px\" \/>                    <\/div>\r\n                    <div class=\"linkbox-text\">\r\n                        <p class=\"h3\">SASKY koulutuskuntayhtym\u00e4<\/p>\r\n                    <\/div>\r\n                <\/a>\r\n            <\/div>\r\n\r\n    \r\n            <div class=\"linkbox\">\r\n                <a href=\"https:\/\/kartallaverkosto.fi\/en\/verkosto\/ahlmanin-koulun-saatio-sr\/\">\r\n                    <div class=\"linkbox-image\">\r\n                        <img loading=\"lazy\" decoding=\"async\" width=\"290\" height=\"142\" src=\"https:\/\/kartallaverkosto.fi\/wp-content\/uploads\/2025\/04\/ahlmanedu-logo-sahkopostiin-2.png\" class=\"attachment-large size-large\" alt=\"\" \/>                    <\/div>\r\n                    <div class=\"linkbox-text\">\r\n                        <p class=\"h3\">Ahlmanin koulun S\u00e4\u00e4ti\u00f6 sr<\/p>\r\n                    <\/div>\r\n                <\/a>\r\n            <\/div>\r\n\r\n    \r\n            <div class=\"linkbox\">\r\n                <a href=\"https:\/\/kartallaverkosto.fi\/en\/verkosto\/lahden-kansanopisto-vapaa-akatemia\/\">\r\n                    <div class=\"linkbox-image\">\r\n                        <img loading=\"lazy\" decoding=\"async\" width=\"800\" height=\"800\" src=\"https:\/\/kartallaverkosto.fi\/wp-content\/uploads\/2025\/04\/lko-logo-sininen-rgb-1024x1024.png\" class=\"attachment-large size-large\" alt=\"\" srcset=\"https:\/\/kartallaverkosto.fi\/wp-content\/uploads\/2025\/04\/lko-logo-sininen-rgb-1024x1024.png 1024w, https:\/\/kartallaverkosto.fi\/wp-content\/uploads\/2025\/04\/lko-logo-sininen-rgb-300x300.png 300w, https:\/\/kartallaverkosto.fi\/wp-content\/uploads\/2025\/04\/lko-logo-sininen-rgb-150x150.png 150w, https:\/\/kartallaverkosto.fi\/wp-content\/uploads\/2025\/04\/lko-logo-sininen-rgb-768x768.png 768w, https:\/\/kartallaverkosto.fi\/wp-content\/uploads\/2025\/04\/lko-logo-sininen-rgb-1536x1536.png 1536w, https:\/\/kartallaverkosto.fi\/wp-content\/uploads\/2025\/04\/lko-logo-sininen-rgb.png 1772w\" sizes=\"auto, (max-width: 800px) 100vw, 800px\" \/>                    <\/div>\r\n                    <div class=\"linkbox-text\">\r\n                        <p class=\"h3\">Lahden kansanopisto \/ Vapaa akatemia<\/p>\r\n                    <\/div>\r\n                <\/a>\r\n            <\/div>\r\n\r\n    \r\n            <div class=\"linkbox\">\r\n                <a href=\"https:\/\/kartallaverkosto.fi\/en\/verkosto\/koulutuskeskus-jedu\/\">\r\n                    <div class=\"linkbox-image\">\r\n                        <img loading=\"lazy\" decoding=\"async\" width=\"800\" height=\"396\" src=\"https:\/\/kartallaverkosto.fi\/wp-content\/uploads\/2025\/04\/jedu-vaaka-ensisijainen-2-1024x507.png\" class=\"attachment-large size-large\" alt=\"\" srcset=\"https:\/\/kartallaverkosto.fi\/wp-content\/uploads\/2025\/04\/jedu-vaaka-ensisijainen-2-1024x507.png 1024w, https:\/\/kartallaverkosto.fi\/wp-content\/uploads\/2025\/04\/jedu-vaaka-ensisijainen-2-300x149.png 300w, https:\/\/kartallaverkosto.fi\/wp-content\/uploads\/2025\/04\/jedu-vaaka-ensisijainen-2-768x380.png 768w, https:\/\/kartallaverkosto.fi\/wp-content\/uploads\/2025\/04\/jedu-vaaka-ensisijainen-2-1536x760.png 1536w, https:\/\/kartallaverkosto.fi\/wp-content\/uploads\/2025\/04\/jedu-vaaka-ensisijainen-2.png 1806w\" sizes=\"auto, (max-width: 800px) 100vw, 800px\" \/>                    <\/div>\r\n                    <div class=\"linkbox-text\">\r\n                        <p class=\"h3\">Koulutuskeskus JEDU<\/p>\r\n                    <\/div>\r\n                <\/a>\r\n            <\/div>\r\n\r\n    \r\n            <div class=\"linkbox\">\r\n                <a href=\"https:\/\/kartallaverkosto.fi\/en\/verkosto\/ammattiopisto-spesia\/\">\r\n                    <div class=\"linkbox-image\">\r\n                        <img loading=\"lazy\" decoding=\"async\" width=\"800\" height=\"341\" src=\"https:\/\/kartallaverkosto.fi\/wp-content\/uploads\/2025\/04\/spesia-logo-rgb10-1024x436.png\" class=\"attachment-large size-large\" alt=\"\" srcset=\"https:\/\/kartallaverkosto.fi\/wp-content\/uploads\/2025\/04\/spesia-logo-rgb10-1024x436.png 1024w, https:\/\/kartallaverkosto.fi\/wp-content\/uploads\/2025\/04\/spesia-logo-rgb10-300x128.png 300w, https:\/\/kartallaverkosto.fi\/wp-content\/uploads\/2025\/04\/spesia-logo-rgb10-768x327.png 768w, https:\/\/kartallaverkosto.fi\/wp-content\/uploads\/2025\/04\/spesia-logo-rgb10-1536x654.png 1536w, https:\/\/kartallaverkosto.fi\/wp-content\/uploads\/2025\/04\/spesia-logo-rgb10-2048x872.png 2048w\" sizes=\"auto, (max-width: 800px) 100vw, 800px\" \/>                    <\/div>\r\n                    <div class=\"linkbox-text\">\r\n                        <p class=\"h3\">Ammattiopisto Spesia<\/p>\r\n                    <\/div>\r\n                <\/a>\r\n            <\/div>\r\n\r\n    \r\n            <div class=\"linkbox\">\r\n                <a href=\"https:\/\/kartallaverkosto.fi\/en\/verkosto\/jyvaskylan-palvelualan-opisto\/\">\r\n                    <div class=\"linkbox-image\">\r\n                        <img loading=\"lazy\" decoding=\"async\" width=\"800\" height=\"759\" src=\"https:\/\/kartallaverkosto.fi\/wp-content\/uploads\/2025\/03\/jypao-mustelaiska-tumma.png\" class=\"attachment-large size-large\" alt=\"\" srcset=\"https:\/\/kartallaverkosto.fi\/wp-content\/uploads\/2025\/03\/jypao-mustelaiska-tumma.png 800w, https:\/\/kartallaverkosto.fi\/wp-content\/uploads\/2025\/03\/jypao-mustelaiska-tumma-300x285.png 300w, https:\/\/kartallaverkosto.fi\/wp-content\/uploads\/2025\/03\/jypao-mustelaiska-tumma-768x729.png 768w\" sizes=\"auto, (max-width: 800px) 100vw, 800px\" \/>                    <\/div>\r\n                    <div class=\"linkbox-text\">\r\n                        <p class=\"h3\">Jyv\u00e4skyl\u00e4n palvelualan opisto<\/p>\r\n                    <\/div>\r\n                <\/a>\r\n            <\/div>\r\n\r\n    \r\n            <div class=\"linkbox\">\r\n                <a href=\"https:\/\/kartallaverkosto.fi\/en\/verkosto\/kemi-tornionlaakson-koulutuskuntayhtyma-lappia\/\">\r\n                    <div class=\"linkbox-image\">\r\n                        <img loading=\"lazy\" decoding=\"async\" width=\"800\" height=\"272\" src=\"https:\/\/kartallaverkosto.fi\/wp-content\/uploads\/2025\/03\/lappia-logo.jpg\" class=\"attachment-large size-large\" alt=\"\" srcset=\"https:\/\/kartallaverkosto.fi\/wp-content\/uploads\/2025\/03\/lappia-logo.jpg 810w, https:\/\/kartallaverkosto.fi\/wp-content\/uploads\/2025\/03\/lappia-logo-300x102.jpg 300w, https:\/\/kartallaverkosto.fi\/wp-content\/uploads\/2025\/03\/lappia-logo-768x261.jpg 768w\" sizes=\"auto, (max-width: 800px) 100vw, 800px\" \/>                    <\/div>\r\n                    <div class=\"linkbox-text\">\r\n                        <p class=\"h3\">Kemi-Tornionlaakson koulutuskuntayhtym\u00e4 Lappia<\/p>\r\n                    <\/div>\r\n                <\/a>\r\n            <\/div>\r\n\r\n    \r\n            <div class=\"linkbox\">\r\n                <a href=\"https:\/\/kartallaverkosto.fi\/en\/verkosto\/kanneljarven-opisto-kanneljarven-kansanopiston-kannatusyhdistys-ry\/\">\r\n                    <div class=\"linkbox-image\">\r\n                        <img loading=\"lazy\" decoding=\"async\" width=\"800\" height=\"257\" src=\"https:\/\/kartallaverkosto.fi\/wp-content\/uploads\/2025\/03\/kanneljarven-opisto-logo-2024-background-rgb-1024x329.png\" class=\"attachment-large size-large\" alt=\"\" srcset=\"https:\/\/kartallaverkosto.fi\/wp-content\/uploads\/2025\/03\/kanneljarven-opisto-logo-2024-background-rgb-1024x329.png 1024w, https:\/\/kartallaverkosto.fi\/wp-content\/uploads\/2025\/03\/kanneljarven-opisto-logo-2024-background-rgb-300x96.png 300w, https:\/\/kartallaverkosto.fi\/wp-content\/uploads\/2025\/03\/kanneljarven-opisto-logo-2024-background-rgb-768x247.png 768w, https:\/\/kartallaverkosto.fi\/wp-content\/uploads\/2025\/03\/kanneljarven-opisto-logo-2024-background-rgb-1536x493.png 1536w, https:\/\/kartallaverkosto.fi\/wp-content\/uploads\/2025\/03\/kanneljarven-opisto-logo-2024-background-rgb-2048x658.png 2048w\" sizes=\"auto, (max-width: 800px) 100vw, 800px\" \/>                    <\/div>\r\n                    <div class=\"linkbox-text\">\r\n                        <p class=\"h3\">Kannelj\u00e4rven Opisto (Kannelj\u00e4rven Kansanopiston Kannatusyhdistys ry)<\/p>\r\n                    <\/div>\r\n                <\/a>\r\n            <\/div>\r\n\r\n    \r\n            <div class=\"linkbox\">\r\n                <a href=\"https:\/\/kartallaverkosto.fi\/en\/verkosto\/kouvolan-ammattiopisto-oy-eduko\/\">\r\n                    <div class=\"linkbox-image\">\r\n                        <img loading=\"lazy\" decoding=\"async\" width=\"800\" height=\"800\" src=\"https:\/\/kartallaverkosto.fi\/wp-content\/uploads\/2025\/03\/eduko-logo-nelio-1024x1024.jpg\" class=\"attachment-large size-large\" alt=\"\" srcset=\"https:\/\/kartallaverkosto.fi\/wp-content\/uploads\/2025\/03\/eduko-logo-nelio-1024x1024.jpg 1024w, https:\/\/kartallaverkosto.fi\/wp-content\/uploads\/2025\/03\/eduko-logo-nelio-300x300.jpg 300w, https:\/\/kartallaverkosto.fi\/wp-content\/uploads\/2025\/03\/eduko-logo-nelio-150x150.jpg 150w, https:\/\/kartallaverkosto.fi\/wp-content\/uploads\/2025\/03\/eduko-logo-nelio-768x768.jpg 768w, https:\/\/kartallaverkosto.fi\/wp-content\/uploads\/2025\/03\/eduko-logo-nelio.jpg 1181w\" sizes=\"auto, (max-width: 800px) 100vw, 800px\" \/>                    <\/div>\r\n                    <div class=\"linkbox-text\">\r\n                        <p class=\"h3\">Kouvolan Ammattiopisto Oy, Eduko<\/p>\r\n                    <\/div>\r\n                <\/a>\r\n            <\/div>\r\n\r\n    \r\n            <div class=\"linkbox\">\r\n                <a href=\"https:\/\/kartallaverkosto.fi\/en\/verkosto\/suomen-yrittajaopisto-oy\/\">\r\n                    <div class=\"linkbox-image\">\r\n                        <img loading=\"lazy\" decoding=\"async\" width=\"601\" height=\"106\" src=\"https:\/\/kartallaverkosto.fi\/wp-content\/uploads\/2025\/03\/syo-tunnus-cmyk.jpg\" class=\"attachment-large size-large\" alt=\"\" srcset=\"https:\/\/kartallaverkosto.fi\/wp-content\/uploads\/2025\/03\/syo-tunnus-cmyk.jpg 601w, https:\/\/kartallaverkosto.fi\/wp-content\/uploads\/2025\/03\/syo-tunnus-cmyk-300x53.jpg 300w\" sizes=\"auto, (max-width: 601px) 100vw, 601px\" \/>                    <\/div>\r\n                    <div class=\"linkbox-text\">\r\n                        <p class=\"h3\">Suomen Yritt\u00e4j\u00e4opisto Oy<\/p>\r\n                    <\/div>\r\n                <\/a>\r\n            <\/div>\r\n\r\n    \r\n            <div class=\"linkbox\">\r\n                <a href=\"https:\/\/kartallaverkosto.fi\/en\/verkosto\/ammattiopisto-live-live-saatio-sr\/\">\r\n                    <div class=\"linkbox-image\">\r\n                        <img loading=\"lazy\" decoding=\"async\" width=\"800\" height=\"445\" src=\"https:\/\/kartallaverkosto.fi\/wp-content\/uploads\/2025\/03\/live-logo-rgb-1024x569.png\" class=\"attachment-large size-large\" alt=\"\" srcset=\"https:\/\/kartallaverkosto.fi\/wp-content\/uploads\/2025\/03\/live-logo-rgb-1024x569.png 1024w, https:\/\/kartallaverkosto.fi\/wp-content\/uploads\/2025\/03\/live-logo-rgb-300x167.png 300w, https:\/\/kartallaverkosto.fi\/wp-content\/uploads\/2025\/03\/live-logo-rgb-768x427.png 768w, https:\/\/kartallaverkosto.fi\/wp-content\/uploads\/2025\/03\/live-logo-rgb.png 1182w\" sizes=\"auto, (max-width: 800px) 100vw, 800px\" \/>                    <\/div>\r\n                    <div class=\"linkbox-text\">\r\n                        <p class=\"h3\">Ammattiopisto Live (Live-s\u00e4\u00e4ti\u00f6 sr)<\/p>\r\n                    <\/div>\r\n                <\/a>\r\n            <\/div>\r\n\r\n    \r\n            <div class=\"linkbox\">\r\n                <a href=\"https:\/\/kartallaverkosto.fi\/en\/verkosto\/suomen-diakoniaopisto-oy\/\">\r\n                    <div class=\"linkbox-image\">\r\n                        <img loading=\"lazy\" decoding=\"async\" width=\"299\" height=\"126\" src=\"https:\/\/kartallaverkosto.fi\/wp-content\/uploads\/2025\/03\/sdo-logo-pysty-cmyk.jpg\" class=\"attachment-large size-large\" alt=\"\" \/>                    <\/div>\r\n                    <div class=\"linkbox-text\">\r\n                        <p class=\"h3\">Suomen Diakoniaopisto Oy<\/p>\r\n                    <\/div>\r\n                <\/a>\r\n            <\/div>\r\n\r\n    \r\n            <div class=\"linkbox\">\r\n                <a href=\"https:\/\/kartallaverkosto.fi\/en\/verkosto\/tao-turun-ammattiopistosaatio\/\">\r\n                    <div class=\"linkbox-image\">\r\n                        <img loading=\"lazy\" decoding=\"async\" width=\"800\" height=\"603\" src=\"https:\/\/kartallaverkosto.fi\/wp-content\/uploads\/2025\/02\/tao-logo-4v-1024x772.png\" class=\"attachment-large size-large\" alt=\"\" srcset=\"https:\/\/kartallaverkosto.fi\/wp-content\/uploads\/2025\/02\/tao-logo-4v-1024x772.png 1024w, https:\/\/kartallaverkosto.fi\/wp-content\/uploads\/2025\/02\/tao-logo-4v-300x226.png 300w, https:\/\/kartallaverkosto.fi\/wp-content\/uploads\/2025\/02\/tao-logo-4v-768x579.png 768w, https:\/\/kartallaverkosto.fi\/wp-content\/uploads\/2025\/02\/tao-logo-4v.png 1290w\" sizes=\"auto, (max-width: 800px) 100vw, 800px\" \/>                    <\/div>\r\n                    <div class=\"linkbox-text\">\r\n                        <p class=\"h3\">TAO, Turun Ammattiopistos\u00e4\u00e4ti\u00f6<\/p>\r\n                    <\/div>\r\n                <\/a>\r\n            <\/div>\r\n\r\n    \r\n            <div class=\"linkbox\">\r\n                <a href=\"https:\/\/kartallaverkosto.fi\/en\/verkosto\/etela-savon-koulutus-oy\/\">\r\n                    <div class=\"linkbox-image\">\r\n                        <img loading=\"lazy\" decoding=\"async\" width=\"800\" height=\"311\" src=\"https:\/\/kartallaverkosto.fi\/wp-content\/uploads\/2025\/02\/esedu-logo-1024x398.jpg\" class=\"attachment-large size-large\" alt=\"\" srcset=\"https:\/\/kartallaverkosto.fi\/wp-content\/uploads\/2025\/02\/esedu-logo-1024x398.jpg 1024w, https:\/\/kartallaverkosto.fi\/wp-content\/uploads\/2025\/02\/esedu-logo-300x117.jpg 300w, https:\/\/kartallaverkosto.fi\/wp-content\/uploads\/2025\/02\/esedu-logo-768x299.jpg 768w, https:\/\/kartallaverkosto.fi\/wp-content\/uploads\/2025\/02\/esedu-logo.jpg 1126w\" sizes=\"auto, (max-width: 800px) 100vw, 800px\" \/>                    <\/div>\r\n                    <div class=\"linkbox-text\">\r\n                        <p class=\"h3\">Etel\u00e4-Savon Koulutus Oy<\/p>\r\n                    <\/div>\r\n                <\/a>\r\n            <\/div>\r\n\r\n    \r\n            <div class=\"linkbox\">\r\n                <a href=\"https:\/\/kartallaverkosto.fi\/en\/verkosto\/hevosopisto-oy\/\">\r\n                    <div class=\"linkbox-image\">\r\n                        <img loading=\"lazy\" decoding=\"async\" width=\"500\" height=\"505\" src=\"https:\/\/kartallaverkosto.fi\/wp-content\/uploads\/2025\/02\/500-hevosopisto-logo-equinecollege-trainingcenter-round-blue.jpg\" class=\"attachment-large size-large\" alt=\"\" srcset=\"https:\/\/kartallaverkosto.fi\/wp-content\/uploads\/2025\/02\/500-hevosopisto-logo-equinecollege-trainingcenter-round-blue.jpg 500w, https:\/\/kartallaverkosto.fi\/wp-content\/uploads\/2025\/02\/500-hevosopisto-logo-equinecollege-trainingcenter-round-blue-297x300.jpg 297w\" sizes=\"auto, (max-width: 500px) 100vw, 500px\" \/>                    <\/div>\r\n                    <div class=\"linkbox-text\">\r\n                        <p class=\"h3\">Hevosopisto oy<\/p>\r\n                    <\/div>\r\n                <\/a>\r\n            <\/div>\r\n\r\n    \r\n            <div class=\"linkbox\">\r\n                <a href=\"https:\/\/kartallaverkosto.fi\/en\/verkosto\/prakticum\/\">\r\n                    <div class=\"linkbox-image\">\r\n                        <img loading=\"lazy\" decoding=\"async\" width=\"800\" height=\"237\" src=\"https:\/\/kartallaverkosto.fi\/wp-content\/uploads\/2025\/02\/prakticum-logo-black-1024x303.png\" class=\"attachment-large size-large\" alt=\"\" srcset=\"https:\/\/kartallaverkosto.fi\/wp-content\/uploads\/2025\/02\/prakticum-logo-black-1024x303.png 1024w, https:\/\/kartallaverkosto.fi\/wp-content\/uploads\/2025\/02\/prakticum-logo-black-300x89.png 300w, https:\/\/kartallaverkosto.fi\/wp-content\/uploads\/2025\/02\/prakticum-logo-black-768x227.png 768w, https:\/\/kartallaverkosto.fi\/wp-content\/uploads\/2025\/02\/prakticum-logo-black.png 1500w\" sizes=\"auto, (max-width: 800px) 100vw, 800px\" \/>                    <\/div>\r\n                    <div class=\"linkbox-text\">\r\n                        <p class=\"h3\">Prakticum<\/p>\r\n                    <\/div>\r\n                <\/a>\r\n            <\/div>\r\n\r\n    \r\n            <div class=\"linkbox\">\r\n                <a href=\"https:\/\/kartallaverkosto.fi\/en\/verkosto\/tampereen-seudun-ammattiopisto-tredu\/\">\r\n                    <div class=\"linkbox-image\">\r\n                        <img loading=\"lazy\" decoding=\"async\" width=\"800\" height=\"316\" src=\"https:\/\/kartallaverkosto.fi\/wp-content\/uploads\/2025\/02\/tredu-tunnus-alatunniste-1024x405.png\" class=\"attachment-large size-large\" alt=\"\" srcset=\"https:\/\/kartallaverkosto.fi\/wp-content\/uploads\/2025\/02\/tredu-tunnus-alatunniste-1024x405.png 1024w, https:\/\/kartallaverkosto.fi\/wp-content\/uploads\/2025\/02\/tredu-tunnus-alatunniste-300x119.png 300w, https:\/\/kartallaverkosto.fi\/wp-content\/uploads\/2025\/02\/tredu-tunnus-alatunniste-768x304.png 768w, https:\/\/kartallaverkosto.fi\/wp-content\/uploads\/2025\/02\/tredu-tunnus-alatunniste-1536x608.png 1536w, https:\/\/kartallaverkosto.fi\/wp-content\/uploads\/2025\/02\/tredu-tunnus-alatunniste.png 1729w\" sizes=\"auto, (max-width: 800px) 100vw, 800px\" \/>                    <\/div>\r\n                    <div class=\"linkbox-text\">\r\n                        <p class=\"h3\">Tampereen seudun ammattiopisto Tredu<\/p>\r\n                    <\/div>\r\n                <\/a>\r\n            <\/div>\r\n\r\n    \r\n            <div class=\"linkbox\">\r\n                <a href=\"https:\/\/kartallaverkosto.fi\/en\/verkosto\/oulun-palvelualan-opisto\/\">\r\n                    <div class=\"linkbox-image\">\r\n                        <img loading=\"lazy\" decoding=\"async\" width=\"800\" height=\"683\" src=\"https:\/\/kartallaverkosto.fi\/wp-content\/uploads\/2025\/01\/opao-logo-kokonimi-pysty-rgb-1024x874.jpg\" class=\"attachment-large size-large\" alt=\"\" srcset=\"https:\/\/kartallaverkosto.fi\/wp-content\/uploads\/2025\/01\/opao-logo-kokonimi-pysty-rgb-1024x874.jpg 1024w, https:\/\/kartallaverkosto.fi\/wp-content\/uploads\/2025\/01\/opao-logo-kokonimi-pysty-rgb-300x256.jpg 300w, https:\/\/kartallaverkosto.fi\/wp-content\/uploads\/2025\/01\/opao-logo-kokonimi-pysty-rgb-768x655.jpg 768w, https:\/\/kartallaverkosto.fi\/wp-content\/uploads\/2025\/01\/opao-logo-kokonimi-pysty-rgb-1536x1310.jpg 1536w, https:\/\/kartallaverkosto.fi\/wp-content\/uploads\/2025\/01\/opao-logo-kokonimi-pysty-rgb-2048x1747.jpg 2048w\" sizes=\"auto, (max-width: 800px) 100vw, 800px\" \/>                    <\/div>\r\n                    <div class=\"linkbox-text\">\r\n                        <p class=\"h3\">Oulun Palvelualan Opisto<\/p>\r\n                    <\/div>\r\n                <\/a>\r\n            <\/div>\r\n\r\n    \r\n            <div class=\"linkbox\">\r\n                <a href=\"https:\/\/kartallaverkosto.fi\/en\/verkosto\/vantaan-ammattiopisto-varia\/\">\r\n                    <div class=\"linkbox-image\">\r\n                        <img loading=\"lazy\" decoding=\"async\" width=\"143\" height=\"143\" src=\"https:\/\/kartallaverkosto.fi\/wp-content\/uploads\/2025\/01\/varia-rgb-paatunnus2.jpg\" class=\"attachment-large size-large\" alt=\"\" \/>                    <\/div>\r\n                    <div class=\"linkbox-text\">\r\n                        <p class=\"h3\">Vantaan ammattiopisto Varia<\/p>\r\n                    <\/div>\r\n                <\/a>\r\n            <\/div>\r\n\r\n    \r\n            <div class=\"linkbox\">\r\n                <a href=\"https:\/\/kartallaverkosto.fi\/en\/verkosto\/step-koulutus\/\">\r\n                    <div class=\"linkbox-image\">\r\n                        <img loading=\"lazy\" decoding=\"async\" width=\"800\" height=\"486\" src=\"https:\/\/kartallaverkosto.fi\/wp-content\/uploads\/2025\/01\/step-koulutus-logo-cmyk-1024x622.jpg\" class=\"attachment-large size-large\" alt=\"\" srcset=\"https:\/\/kartallaverkosto.fi\/wp-content\/uploads\/2025\/01\/step-koulutus-logo-cmyk-1024x622.jpg 1024w, https:\/\/kartallaverkosto.fi\/wp-content\/uploads\/2025\/01\/step-koulutus-logo-cmyk-300x182.jpg 300w, https:\/\/kartallaverkosto.fi\/wp-content\/uploads\/2025\/01\/step-koulutus-logo-cmyk-768x467.jpg 768w, https:\/\/kartallaverkosto.fi\/wp-content\/uploads\/2025\/01\/step-koulutus-logo-cmyk.jpg 1205w\" sizes=\"auto, (max-width: 800px) 100vw, 800px\" \/>                    <\/div>\r\n                    <div class=\"linkbox-text\">\r\n                        <p class=\"h3\">STEP-koulutus<\/p>\r\n                    <\/div>\r\n                <\/a>\r\n            <\/div>\r\n\r\n    \r\n            <div class=\"linkbox\">\r\n                <a href=\"https:\/\/kartallaverkosto.fi\/en\/verkosto\/axxell-utbildning-ab\/\">\r\n                    <div class=\"linkbox-image\">\r\n                        <img loading=\"lazy\" decoding=\"async\" width=\"800\" height=\"294\" src=\"https:\/\/kartallaverkosto.fi\/wp-content\/uploads\/2024\/12\/axxell-logo-rodbakgrund2-cmyk-1024x376.jpg\" class=\"attachment-large size-large\" alt=\"\" srcset=\"https:\/\/kartallaverkosto.fi\/wp-content\/uploads\/2024\/12\/axxell-logo-rodbakgrund2-cmyk-1024x376.jpg 1024w, https:\/\/kartallaverkosto.fi\/wp-content\/uploads\/2024\/12\/axxell-logo-rodbakgrund2-cmyk-300x110.jpg 300w, https:\/\/kartallaverkosto.fi\/wp-content\/uploads\/2024\/12\/axxell-logo-rodbakgrund2-cmyk-768x282.jpg 768w, https:\/\/kartallaverkosto.fi\/wp-content\/uploads\/2024\/12\/axxell-logo-rodbakgrund2-cmyk-1536x563.jpg 1536w, https:\/\/kartallaverkosto.fi\/wp-content\/uploads\/2024\/12\/axxell-logo-rodbakgrund2-cmyk-2048x751.jpg 2048w\" sizes=\"auto, (max-width: 800px) 100vw, 800px\" \/>                    <\/div>\r\n                    <div class=\"linkbox-text\">\r\n                        <p class=\"h3\">Axxell Utbildning Ab<\/p>\r\n                    <\/div>\r\n                <\/a>\r\n            <\/div>\r\n\r\n    \r\n            <div class=\"linkbox\">\r\n                <a href=\"https:\/\/kartallaverkosto.fi\/en\/verkosto\/haapaveden-opisto\/\">\r\n                    <div class=\"linkbox-image\">\r\n                        <img loading=\"lazy\" decoding=\"async\" width=\"787\" height=\"421\" src=\"https:\/\/kartallaverkosto.fi\/wp-content\/uploads\/2024\/12\/haapop-logo-2.jpg\" class=\"attachment-large size-large\" alt=\"\" srcset=\"https:\/\/kartallaverkosto.fi\/wp-content\/uploads\/2024\/12\/haapop-logo-2.jpg 787w, https:\/\/kartallaverkosto.fi\/wp-content\/uploads\/2024\/12\/haapop-logo-2-300x160.jpg 300w, https:\/\/kartallaverkosto.fi\/wp-content\/uploads\/2024\/12\/haapop-logo-2-768x411.jpg 768w\" sizes=\"auto, (max-width: 787px) 100vw, 787px\" \/>                    <\/div>\r\n                    <div class=\"linkbox-text\">\r\n                        <p class=\"h3\">Haapaveden Opisto<\/p>\r\n                    <\/div>\r\n                <\/a>\r\n            <\/div>\r\n\r\n    \r\n            <div class=\"linkbox\">\r\n                <a href=\"https:\/\/kartallaverkosto.fi\/en\/verkosto\/jko-jyvaskylan-kristillinen-opisto\/\">\r\n                    <div class=\"linkbox-image\">\r\n                        <img loading=\"lazy\" decoding=\"async\" width=\"800\" height=\"800\" src=\"https:\/\/kartallaverkosto.fi\/wp-content\/uploads\/2024\/12\/jko-peruslogo-1024x1024.png\" class=\"attachment-large size-large\" alt=\"\" srcset=\"https:\/\/kartallaverkosto.fi\/wp-content\/uploads\/2024\/12\/jko-peruslogo-1024x1024.png 1024w, https:\/\/kartallaverkosto.fi\/wp-content\/uploads\/2024\/12\/jko-peruslogo-300x300.png 300w, https:\/\/kartallaverkosto.fi\/wp-content\/uploads\/2024\/12\/jko-peruslogo-150x150.png 150w, https:\/\/kartallaverkosto.fi\/wp-content\/uploads\/2024\/12\/jko-peruslogo-768x768.png 768w, https:\/\/kartallaverkosto.fi\/wp-content\/uploads\/2024\/12\/jko-peruslogo-400x400.png 400w, https:\/\/kartallaverkosto.fi\/wp-content\/uploads\/2024\/12\/jko-peruslogo-600x600.png 600w, https:\/\/kartallaverkosto.fi\/wp-content\/uploads\/2024\/12\/jko-peruslogo.png 1241w\" sizes=\"auto, (max-width: 800px) 100vw, 800px\" \/>                    <\/div>\r\n                    <div class=\"linkbox-text\">\r\n                        <p class=\"h3\">JKO  Jyv\u00e4skyl\u00e4n kristillinen opisto<\/p>\r\n                    <\/div>\r\n                <\/a>\r\n            <\/div>\r\n\r\n    \r\n            <div class=\"linkbox\">\r\n                <a href=\"https:\/\/kartallaverkosto.fi\/en\/verkosto\/pohjois-savon-kansanopistoseura-ry-pohjois-savon-opisto\/\">\r\n                    <div class=\"linkbox-image\">\r\n                        <img loading=\"lazy\" decoding=\"async\" width=\"800\" height=\"800\" src=\"https:\/\/kartallaverkosto.fi\/wp-content\/uploads\/2024\/11\/logo1-original-pyorea-pohjois-savon-opisto-1024x1024.png\" class=\"attachment-large size-large\" alt=\"\" srcset=\"https:\/\/kartallaverkosto.fi\/wp-content\/uploads\/2024\/11\/logo1-original-pyorea-pohjois-savon-opisto-1024x1024.png 1024w, https:\/\/kartallaverkosto.fi\/wp-content\/uploads\/2024\/11\/logo1-original-pyorea-pohjois-savon-opisto-300x300.png 300w, https:\/\/kartallaverkosto.fi\/wp-content\/uploads\/2024\/11\/logo1-original-pyorea-pohjois-savon-opisto-150x150.png 150w, https:\/\/kartallaverkosto.fi\/wp-content\/uploads\/2024\/11\/logo1-original-pyorea-pohjois-savon-opisto-768x768.png 768w, https:\/\/kartallaverkosto.fi\/wp-content\/uploads\/2024\/11\/logo1-original-pyorea-pohjois-savon-opisto-1536x1536.png 1536w, https:\/\/kartallaverkosto.fi\/wp-content\/uploads\/2024\/11\/logo1-original-pyorea-pohjois-savon-opisto-2048x2048.png 2048w, https:\/\/kartallaverkosto.fi\/wp-content\/uploads\/2024\/11\/logo1-original-pyorea-pohjois-savon-opisto-400x400.png 400w, https:\/\/kartallaverkosto.fi\/wp-content\/uploads\/2024\/11\/logo1-original-pyorea-pohjois-savon-opisto-600x600.png 600w\" sizes=\"auto, (max-width: 800px) 100vw, 800px\" \/>                    <\/div>\r\n                    <div class=\"linkbox-text\">\r\n                        <p class=\"h3\">Pohjois-Savon kansanopistoseura ry, Pohjois-Savon opisto<\/p>\r\n                    <\/div>\r\n                <\/a>\r\n            <\/div>\r\n\r\n    \r\n            <div class=\"linkbox\">\r\n                <a href=\"https:\/\/kartallaverkosto.fi\/en\/verkosto\/koulutuskuntayhtyma-brahe\/\">\r\n                    <div class=\"linkbox-image\">\r\n                        <img loading=\"lazy\" decoding=\"async\" width=\"800\" height=\"258\" src=\"https:\/\/kartallaverkosto.fi\/wp-content\/uploads\/2024\/11\/koulutuskeskusbrahe-logo-violetti.jpg\" class=\"attachment-large size-large\" alt=\"\" srcset=\"https:\/\/kartallaverkosto.fi\/wp-content\/uploads\/2024\/11\/koulutuskeskusbrahe-logo-violetti.jpg 1001w, https:\/\/kartallaverkosto.fi\/wp-content\/uploads\/2024\/11\/koulutuskeskusbrahe-logo-violetti-300x97.jpg 300w, https:\/\/kartallaverkosto.fi\/wp-content\/uploads\/2024\/11\/koulutuskeskusbrahe-logo-violetti-768x248.jpg 768w\" sizes=\"auto, (max-width: 800px) 100vw, 800px\" \/>                    <\/div>\r\n                    <div class=\"linkbox-text\">\r\n                        <p class=\"h3\">Koulutuskuntayhtym\u00e4 Brahe<\/p>\r\n                    <\/div>\r\n                <\/a>\r\n            <\/div>\r\n\r\n    \r\n            <div class=\"linkbox\">\r\n                <a href=\"https:\/\/kartallaverkosto.fi\/en\/verkosto\/kiipulasaatio\/\">\r\n                    <div class=\"linkbox-image\">\r\n                        <img loading=\"lazy\" decoding=\"async\" width=\"510\" height=\"198\" src=\"https:\/\/kartallaverkosto.fi\/wp-content\/uploads\/2024\/11\/kiipula-1.png\" class=\"attachment-large size-large\" alt=\"\" srcset=\"https:\/\/kartallaverkosto.fi\/wp-content\/uploads\/2024\/11\/kiipula-1.png 510w, https:\/\/kartallaverkosto.fi\/wp-content\/uploads\/2024\/11\/kiipula-1-300x116.png 300w\" sizes=\"auto, (max-width: 510px) 100vw, 510px\" \/>                    <\/div>\r\n                    <div class=\"linkbox-text\">\r\n                        <p class=\"h3\">Kiipulas\u00e4\u00e4ti\u00f6<\/p>\r\n                    <\/div>\r\n                <\/a>\r\n            <\/div>\r\n\r\n    \r\n            <div class=\"linkbox\">\r\n                <a href=\"https:\/\/kartallaverkosto.fi\/en\/verkosto\/valkeakosken-seudun-koulutuskuntayhtyma\/\">\r\n                    <div class=\"linkbox-image\">\r\n                        <img loading=\"lazy\" decoding=\"async\" width=\"800\" height=\"277\" src=\"https:\/\/kartallaverkosto.fi\/wp-content\/uploads\/2024\/11\/vaao-nimilogo-nelio-1024x355.png\" class=\"attachment-large size-large\" alt=\"\" srcset=\"https:\/\/kartallaverkosto.fi\/wp-content\/uploads\/2024\/11\/vaao-nimilogo-nelio-1024x355.png 1024w, https:\/\/kartallaverkosto.fi\/wp-content\/uploads\/2024\/11\/vaao-nimilogo-nelio-300x104.png 300w, https:\/\/kartallaverkosto.fi\/wp-content\/uploads\/2024\/11\/vaao-nimilogo-nelio-768x266.png 768w, https:\/\/kartallaverkosto.fi\/wp-content\/uploads\/2024\/11\/vaao-nimilogo-nelio-1536x532.png 1536w, https:\/\/kartallaverkosto.fi\/wp-content\/uploads\/2024\/11\/vaao-nimilogo-nelio.png 2034w\" sizes=\"auto, (max-width: 800px) 100vw, 800px\" \/>                    <\/div>\r\n                    <div class=\"linkbox-text\">\r\n                        <p class=\"h3\">Valkeakosken seudun koulutuskuntayhtym\u00e4<\/p>\r\n                    <\/div>\r\n                <\/a>\r\n            <\/div>\r\n\r\n    \r\n            <div class=\"linkbox\">\r\n                <a href=\"https:\/\/kartallaverkosto.fi\/en\/verkosto\/rovaniemen-koulutuskuntayhtyma\/\">\r\n                    <div class=\"linkbox-image\">\r\n                        <img loading=\"lazy\" decoding=\"async\" width=\"800\" height=\"830\" src=\"https:\/\/kartallaverkosto.fi\/wp-content\/uploads\/2024\/11\/redu-logo-pysty-987x1024.png\" class=\"attachment-large size-large\" alt=\"\" srcset=\"https:\/\/kartallaverkosto.fi\/wp-content\/uploads\/2024\/11\/redu-logo-pysty-987x1024.png 987w, https:\/\/kartallaverkosto.fi\/wp-content\/uploads\/2024\/11\/redu-logo-pysty-289x300.png 289w, https:\/\/kartallaverkosto.fi\/wp-content\/uploads\/2024\/11\/redu-logo-pysty-768x796.png 768w, https:\/\/kartallaverkosto.fi\/wp-content\/uploads\/2024\/11\/redu-logo-pysty-1481x1536.png 1481w, https:\/\/kartallaverkosto.fi\/wp-content\/uploads\/2024\/11\/redu-logo-pysty-1975x2048.png 1975w\" sizes=\"auto, (max-width: 800px) 100vw, 800px\" \/>                    <\/div>\r\n                    <div class=\"linkbox-text\">\r\n                        <p class=\"h3\">Rovaniemen koulutuskuntayhtym\u00e4<\/p>\r\n                    <\/div>\r\n                <\/a>\r\n            <\/div>\r\n\r\n    \r\n            <div class=\"linkbox\">\r\n                <a href=\"https:\/\/kartallaverkosto.fi\/en\/verkosto\/koulutuskuntayhtyma-tavastia\/\">\r\n                    <div class=\"linkbox-image\">\r\n                        <img loading=\"lazy\" decoding=\"async\" width=\"800\" height=\"285\" src=\"https:\/\/kartallaverkosto.fi\/wp-content\/uploads\/2024\/11\/kktavastia-rgb-1024x365.jpg\" class=\"attachment-large size-large\" alt=\"\" srcset=\"https:\/\/kartallaverkosto.fi\/wp-content\/uploads\/2024\/11\/kktavastia-rgb-1024x365.jpg 1024w, https:\/\/kartallaverkosto.fi\/wp-content\/uploads\/2024\/11\/kktavastia-rgb-300x107.jpg 300w, https:\/\/kartallaverkosto.fi\/wp-content\/uploads\/2024\/11\/kktavastia-rgb-768x274.jpg 768w, https:\/\/kartallaverkosto.fi\/wp-content\/uploads\/2024\/11\/kktavastia-rgb-1536x548.jpg 1536w, https:\/\/kartallaverkosto.fi\/wp-content\/uploads\/2024\/11\/kktavastia-rgb-2048x730.jpg 2048w\" sizes=\"auto, (max-width: 800px) 100vw, 800px\" \/>                    <\/div>\r\n                    <div class=\"linkbox-text\">\r\n                        <p class=\"h3\">Koulutuskuntayhtym\u00e4 Tavastia<\/p>\r\n                    <\/div>\r\n                <\/a>\r\n            <\/div>\r\n\r\n    \r\n            <div class=\"linkbox\">\r\n                <a href=\"https:\/\/kartallaverkosto.fi\/en\/verkosto\/pop-jazz-konservatorion-saatio-sr\/\">\r\n                    <div class=\"linkbox-image\">\r\n                        <img loading=\"lazy\" decoding=\"async\" width=\"800\" height=\"560\" src=\"https:\/\/kartallaverkosto.fi\/wp-content\/uploads\/2024\/11\/popjazzkonservatorio-logo-kulta.png\" class=\"attachment-large size-large\" alt=\"\" srcset=\"https:\/\/kartallaverkosto.fi\/wp-content\/uploads\/2024\/11\/popjazzkonservatorio-logo-kulta.png 940w, https:\/\/kartallaverkosto.fi\/wp-content\/uploads\/2024\/11\/popjazzkonservatorio-logo-kulta-300x210.png 300w, https:\/\/kartallaverkosto.fi\/wp-content\/uploads\/2024\/11\/popjazzkonservatorio-logo-kulta-768x538.png 768w\" sizes=\"auto, (max-width: 800px) 100vw, 800px\" \/>                    <\/div>\r\n                    <div class=\"linkbox-text\">\r\n                        <p class=\"h3\">Pop &amp; Jazz Konservatorion S\u00e4\u00e4ti\u00f6 sr<\/p>\r\n                    <\/div>\r\n                <\/a>\r\n            <\/div>\r\n\r\n    \r\n            <div class=\"linkbox\">\r\n                <a href=\"https:\/\/kartallaverkosto.fi\/en\/verkosto\/jyvaskylan-koulutuskuntayhtyma-gradia\/\">\r\n                    <div class=\"linkbox-image\">\r\n                        <img loading=\"lazy\" decoding=\"async\" width=\"800\" height=\"200\" src=\"https:\/\/kartallaverkosto.fi\/wp-content\/uploads\/2024\/11\/gradia-logo-rgb-1024x256.png\" class=\"attachment-large size-large\" alt=\"\" srcset=\"https:\/\/kartallaverkosto.fi\/wp-content\/uploads\/2024\/11\/gradia-logo-rgb-1024x256.png 1024w, https:\/\/kartallaverkosto.fi\/wp-content\/uploads\/2024\/11\/gradia-logo-rgb-300x75.png 300w, https:\/\/kartallaverkosto.fi\/wp-content\/uploads\/2024\/11\/gradia-logo-rgb-768x192.png 768w, https:\/\/kartallaverkosto.fi\/wp-content\/uploads\/2024\/11\/gradia-logo-rgb-1536x384.png 1536w, https:\/\/kartallaverkosto.fi\/wp-content\/uploads\/2024\/11\/gradia-logo-rgb.png 1920w\" sizes=\"auto, (max-width: 800px) 100vw, 800px\" \/>                    <\/div>\r\n                    <div class=\"linkbox-text\">\r\n                        <p class=\"h3\">Jyv\u00e4skyl\u00e4n koulutuskuntayhtym\u00e4 Gradia<\/p>\r\n                    <\/div>\r\n                <\/a>\r\n            <\/div>\r\n\r\n    \r\n            <div class=\"linkbox\">\r\n                <a href=\"https:\/\/kartallaverkosto.fi\/en\/verkosto\/yla-savon-ammattiopisto\/\">\r\n                    <div class=\"linkbox-image\">\r\n                        <img loading=\"lazy\" decoding=\"async\" width=\"185\" height=\"89\" src=\"https:\/\/kartallaverkosto.fi\/wp-content\/uploads\/2024\/11\/ysao-nelivari-pieni.png\" class=\"attachment-large size-large\" alt=\"\" \/>                    <\/div>\r\n                    <div class=\"linkbox-text\">\r\n                        <p class=\"h3\">Yl\u00e4-Savon ammattiopisto<\/p>\r\n                    <\/div>\r\n                <\/a>\r\n            <\/div>\r\n\r\n    \r\n            <div class=\"linkbox\">\r\n                <a href=\"https:\/\/kartallaverkosto.fi\/en\/verkosto\/luksia-lansi-uudenmaan-koulutuskuntayhtyma\/\">\r\n                    <div class=\"linkbox-image\">\r\n                        <img loading=\"lazy\" decoding=\"async\" width=\"208\" height=\"60\" src=\"https:\/\/kartallaverkosto.fi\/wp-content\/uploads\/2024\/10\/luksia-208-60-003.jpg\" class=\"attachment-large size-large\" alt=\"\" \/>                    <\/div>\r\n                    <div class=\"linkbox-text\">\r\n                        <p class=\"h3\">Luksia, L\u00e4nsi-Uudenmaan koulutuskuntayhtym\u00e4<\/p>\r\n                    <\/div>\r\n                <\/a>\r\n            <\/div>\r\n\r\n    \r\n            <div class=\"linkbox\">\r\n                <a href=\"https:\/\/kartallaverkosto.fi\/en\/verkosto\/etela-karjalan-koulutuskuntayhtyma-saimaan-ammattiopisto-sampo\/\">\r\n                    <div class=\"linkbox-image\">\r\n                        <img loading=\"lazy\" decoding=\"async\" width=\"800\" height=\"268\" src=\"https:\/\/kartallaverkosto.fi\/wp-content\/uploads\/2024\/10\/sampo-tunnus-jpeg-v1-1024x343.jpg\" class=\"attachment-large size-large\" alt=\"\" srcset=\"https:\/\/kartallaverkosto.fi\/wp-content\/uploads\/2024\/10\/sampo-tunnus-jpeg-v1-1024x343.jpg 1024w, https:\/\/kartallaverkosto.fi\/wp-content\/uploads\/2024\/10\/sampo-tunnus-jpeg-v1-300x101.jpg 300w, https:\/\/kartallaverkosto.fi\/wp-content\/uploads\/2024\/10\/sampo-tunnus-jpeg-v1-768x257.jpg 768w, https:\/\/kartallaverkosto.fi\/wp-content\/uploads\/2024\/10\/sampo-tunnus-jpeg-v1-1536x515.jpg 1536w, https:\/\/kartallaverkosto.fi\/wp-content\/uploads\/2024\/10\/sampo-tunnus-jpeg-v1.jpg 1754w\" sizes=\"auto, (max-width: 800px) 100vw, 800px\" \/>                    <\/div>\r\n                    <div class=\"linkbox-text\">\r\n                        <p class=\"h3\">Etel\u00e4-Karjalan koulutuskuntayhtym\u00e4 Saimaan ammattiopisto Sampo<\/p>\r\n                    <\/div>\r\n                <\/a>\r\n            <\/div>\r\n\r\n    \r\n            <div class=\"linkbox\">\r\n                <a href=\"https:\/\/kartallaverkosto.fi\/en\/verkosto\/kankaanpaan-opisto\/\">\r\n                    <div class=\"linkbox-image\">\r\n                        <img loading=\"lazy\" decoding=\"async\" width=\"750\" height=\"294\" src=\"https:\/\/kartallaverkosto.fi\/wp-content\/uploads\/2024\/10\/kopisto-logo-pieni.png\" class=\"attachment-large size-large\" alt=\"\" srcset=\"https:\/\/kartallaverkosto.fi\/wp-content\/uploads\/2024\/10\/kopisto-logo-pieni.png 750w, https:\/\/kartallaverkosto.fi\/wp-content\/uploads\/2024\/10\/kopisto-logo-pieni-300x118.png 300w\" sizes=\"auto, (max-width: 750px) 100vw, 750px\" \/>                    <\/div>\r\n                    <div class=\"linkbox-text\">\r\n                        <p class=\"h3\">Kankaanp\u00e4\u00e4n opisto<\/p>\r\n                    <\/div>\r\n                <\/a>\r\n            <\/div>\r\n\r\n    \r\n            <div class=\"linkbox\">\r\n                <a href=\"https:\/\/kartallaverkosto.fi\/en\/verkosto\/raision-seudun-koulutuskuntayhtyma\/\">\r\n                    <div class=\"linkbox-image\">\r\n                        <img loading=\"lazy\" decoding=\"async\" width=\"800\" height=\"178\" src=\"https:\/\/kartallaverkosto.fi\/wp-content\/uploads\/2024\/10\/raseko-logo-vaaka-vari.jpg\" class=\"attachment-large size-large\" alt=\"\" srcset=\"https:\/\/kartallaverkosto.fi\/wp-content\/uploads\/2024\/10\/raseko-logo-vaaka-vari.jpg 800w, https:\/\/kartallaverkosto.fi\/wp-content\/uploads\/2024\/10\/raseko-logo-vaaka-vari-300x67.jpg 300w, https:\/\/kartallaverkosto.fi\/wp-content\/uploads\/2024\/10\/raseko-logo-vaaka-vari-768x171.jpg 768w\" sizes=\"auto, (max-width: 800px) 100vw, 800px\" \/>                    <\/div>\r\n                    <div class=\"linkbox-text\">\r\n                        <p class=\"h3\">Raision seudun koulutuskuntayhtym\u00e4<\/p>\r\n                    <\/div>\r\n                <\/a>\r\n            <\/div>\r\n\r\n    \r\n            <div class=\"linkbox\">\r\n                <a href=\"https:\/\/kartallaverkosto.fi\/en\/verkosto\/hameen-ammatti-instituutti-oy\/\">\r\n                    <div class=\"linkbox-image\">\r\n                        <img loading=\"lazy\" decoding=\"async\" width=\"800\" height=\"280\" src=\"https:\/\/kartallaverkosto.fi\/wp-content\/uploads\/2024\/10\/hami-logo-rgb-1-1024x358.png\" class=\"attachment-large size-large\" alt=\"\" srcset=\"https:\/\/kartallaverkosto.fi\/wp-content\/uploads\/2024\/10\/hami-logo-rgb-1-1024x358.png 1024w, https:\/\/kartallaverkosto.fi\/wp-content\/uploads\/2024\/10\/hami-logo-rgb-1-300x105.png 300w, https:\/\/kartallaverkosto.fi\/wp-content\/uploads\/2024\/10\/hami-logo-rgb-1-768x268.png 768w, https:\/\/kartallaverkosto.fi\/wp-content\/uploads\/2024\/10\/hami-logo-rgb-1-1536x537.png 1536w, https:\/\/kartallaverkosto.fi\/wp-content\/uploads\/2024\/10\/hami-logo-rgb-1-2048x715.png 2048w\" sizes=\"auto, (max-width: 800px) 100vw, 800px\" \/>                    <\/div>\r\n                    <div class=\"linkbox-text\">\r\n                        <p class=\"h3\">H\u00e4meen ammatti-instituutti Oy<\/p>\r\n                    <\/div>\r\n                <\/a>\r\n            <\/div>\r\n\r\n    \r\n            <div class=\"linkbox\">\r\n                <a href=\"https:\/\/kartallaverkosto.fi\/en\/verkosto\/optima-samkommun\/\">\r\n                    <div class=\"linkbox-image\">\r\n                        <img loading=\"lazy\" decoding=\"async\" width=\"541\" height=\"238\" src=\"https:\/\/kartallaverkosto.fi\/wp-content\/uploads\/2024\/09\/logo-farg-jpg.jpg\" class=\"attachment-large size-large\" alt=\"\" srcset=\"https:\/\/kartallaverkosto.fi\/wp-content\/uploads\/2024\/09\/logo-farg-jpg.jpg 541w, https:\/\/kartallaverkosto.fi\/wp-content\/uploads\/2024\/09\/logo-farg-jpg-300x132.jpg 300w\" sizes=\"auto, (max-width: 541px) 100vw, 541px\" \/>                    <\/div>\r\n                    <div class=\"linkbox-text\">\r\n                        <p class=\"h3\">Optima Samkommun<\/p>\r\n                    <\/div>\r\n                <\/a>\r\n            <\/div>\r\n\r\n    \r\n            <div class=\"linkbox\">\r\n                <a href=\"https:\/\/kartallaverkosto.fi\/en\/verkosto\/tyotehoseura-ry\/\">\r\n                    <div class=\"linkbox-image\">\r\n                        <img loading=\"lazy\" decoding=\"async\" width=\"800\" height=\"466\" src=\"https:\/\/kartallaverkosto.fi\/wp-content\/uploads\/2024\/09\/tts-logo-blue-rgb-sa-1024x597.png\" class=\"attachment-large size-large\" alt=\"\" srcset=\"https:\/\/kartallaverkosto.fi\/wp-content\/uploads\/2024\/09\/tts-logo-blue-rgb-sa-1024x597.png 1024w, https:\/\/kartallaverkosto.fi\/wp-content\/uploads\/2024\/09\/tts-logo-blue-rgb-sa-300x175.png 300w, https:\/\/kartallaverkosto.fi\/wp-content\/uploads\/2024\/09\/tts-logo-blue-rgb-sa-768x448.png 768w, https:\/\/kartallaverkosto.fi\/wp-content\/uploads\/2024\/09\/tts-logo-blue-rgb-sa-1536x896.png 1536w, https:\/\/kartallaverkosto.fi\/wp-content\/uploads\/2024\/09\/tts-logo-blue-rgb-sa.png 1800w\" sizes=\"auto, (max-width: 800px) 100vw, 800px\" \/>                    <\/div>\r\n                    <div class=\"linkbox-text\">\r\n                        <p class=\"h3\">TTS<\/p>\r\n                    <\/div>\r\n                <\/a>\r\n            <\/div>\r\n\r\n    \r\n            <div class=\"linkbox\">\r\n                <a href=\"https:\/\/kartallaverkosto.fi\/en\/verkosto\/savon-koulutuskuntayhtyma\/\">\r\n                    <div class=\"linkbox-image\">\r\n                        <img loading=\"lazy\" decoding=\"async\" width=\"620\" height=\"253\" src=\"https:\/\/kartallaverkosto.fi\/wp-content\/uploads\/2024\/09\/savon-koulutuskuntayhtyma-tunnus-1.jpg\" class=\"attachment-large size-large\" alt=\"\" srcset=\"https:\/\/kartallaverkosto.fi\/wp-content\/uploads\/2024\/09\/savon-koulutuskuntayhtyma-tunnus-1.jpg 620w, https:\/\/kartallaverkosto.fi\/wp-content\/uploads\/2024\/09\/savon-koulutuskuntayhtyma-tunnus-1-300x122.jpg 300w\" sizes=\"auto, (max-width: 620px) 100vw, 620px\" \/>                    <\/div>\r\n                    <div class=\"linkbox-text\">\r\n                        <p class=\"h3\">Savon koulutuskuntayhtym\u00e4<\/p>\r\n                    <\/div>\r\n                <\/a>\r\n            <\/div>\r\n\r\n    \r\n            <div class=\"linkbox\">\r\n                <a href=\"https:\/\/kartallaverkosto.fi\/en\/verkosto\/lounais-hameen-koulutuskuntayhtyma\/\">\r\n                    <div class=\"linkbox-image\">\r\n                        <img loading=\"lazy\" decoding=\"async\" width=\"800\" height=\"184\" src=\"https:\/\/kartallaverkosto.fi\/wp-content\/uploads\/2024\/09\/lhkk-logo-2-1024x236.png\" class=\"attachment-large size-large\" alt=\"\" srcset=\"https:\/\/kartallaverkosto.fi\/wp-content\/uploads\/2024\/09\/lhkk-logo-2-1024x236.png 1024w, https:\/\/kartallaverkosto.fi\/wp-content\/uploads\/2024\/09\/lhkk-logo-2-300x69.png 300w, https:\/\/kartallaverkosto.fi\/wp-content\/uploads\/2024\/09\/lhkk-logo-2-768x177.png 768w, https:\/\/kartallaverkosto.fi\/wp-content\/uploads\/2024\/09\/lhkk-logo-2-1536x354.png 1536w, https:\/\/kartallaverkosto.fi\/wp-content\/uploads\/2024\/09\/lhkk-logo-2-2048x472.png 2048w\" sizes=\"auto, (max-width: 800px) 100vw, 800px\" \/>                    <\/div>\r\n                    <div class=\"linkbox-text\">\r\n                        <p class=\"h3\">Lounais-H\u00e4meen koulutuskuntayhtym\u00e4<\/p>\r\n                    <\/div>\r\n                <\/a>\r\n            <\/div>\r\n\r\n    \r\n            <div class=\"linkbox\">\r\n                <a href=\"https:\/\/kartallaverkosto.fi\/en\/verkosto\/maalariammattikoulun-kannatusyhdistys-ry-helsingin-maalariammattikoulu\/\">\r\n                    <div class=\"linkbox-image\">\r\n                        <img loading=\"lazy\" decoding=\"async\" width=\"800\" height=\"709\" src=\"https:\/\/kartallaverkosto.fi\/wp-content\/uploads\/2024\/09\/hmak-leima-61-120-118rgb-1024x908.png\" class=\"attachment-large size-large\" alt=\"\" srcset=\"https:\/\/kartallaverkosto.fi\/wp-content\/uploads\/2024\/09\/hmak-leima-61-120-118rgb-1024x908.png 1024w, https:\/\/kartallaverkosto.fi\/wp-content\/uploads\/2024\/09\/hmak-leima-61-120-118rgb-300x266.png 300w, https:\/\/kartallaverkosto.fi\/wp-content\/uploads\/2024\/09\/hmak-leima-61-120-118rgb-768x681.png 768w, https:\/\/kartallaverkosto.fi\/wp-content\/uploads\/2024\/09\/hmak-leima-61-120-118rgb-1536x1362.png 1536w, https:\/\/kartallaverkosto.fi\/wp-content\/uploads\/2024\/09\/hmak-leima-61-120-118rgb-2048x1817.png 2048w\" sizes=\"auto, (max-width: 800px) 100vw, 800px\" \/>                    <\/div>\r\n                    <div class=\"linkbox-text\">\r\n                        <p class=\"h3\">Maalariammattikoulun kannatusyhdistys ry \/ Helsingin Maalariammattikoulu<\/p>\r\n                    <\/div>\r\n                <\/a>\r\n            <\/div>\r\n\r\n    \r\n            <div class=\"linkbox\">\r\n                <a href=\"https:\/\/kartallaverkosto.fi\/en\/verkosto\/ammattiopisto-luovi\/\">\r\n                    <div class=\"linkbox-image\">\r\n                        <img loading=\"lazy\" decoding=\"async\" width=\"800\" height=\"612\" src=\"https:\/\/kartallaverkosto.fi\/wp-content\/uploads\/2024\/09\/ammattiopisto-luovi-logo-rgb.jpg\" class=\"attachment-large size-large\" alt=\"\" srcset=\"https:\/\/kartallaverkosto.fi\/wp-content\/uploads\/2024\/09\/ammattiopisto-luovi-logo-rgb.jpg 1000w, https:\/\/kartallaverkosto.fi\/wp-content\/uploads\/2024\/09\/ammattiopisto-luovi-logo-rgb-300x230.jpg 300w, https:\/\/kartallaverkosto.fi\/wp-content\/uploads\/2024\/09\/ammattiopisto-luovi-logo-rgb-768x588.jpg 768w\" sizes=\"auto, (max-width: 800px) 100vw, 800px\" \/>                    <\/div>\r\n                    <div class=\"linkbox-text\">\r\n                        <p class=\"h3\">Ammattiopisto Luovi<\/p>\r\n                    <\/div>\r\n                <\/a>\r\n            <\/div>\r\n\r\n    \r\n            <div class=\"linkbox\">\r\n                <a href=\"https:\/\/kartallaverkosto.fi\/en\/verkosto\/sataedu-satakunnan-koulutuskuntayhtyma\/\">\r\n                    <div class=\"linkbox-image\">\r\n                        <img loading=\"lazy\" decoding=\"async\" width=\"800\" height=\"450\" src=\"https:\/\/kartallaverkosto.fi\/wp-content\/uploads\/2024\/08\/sataedu-logo-varillinen-1024x576.png\" class=\"attachment-large size-large\" alt=\"\" srcset=\"https:\/\/kartallaverkosto.fi\/wp-content\/uploads\/2024\/08\/sataedu-logo-varillinen-1024x576.png 1024w, https:\/\/kartallaverkosto.fi\/wp-content\/uploads\/2024\/08\/sataedu-logo-varillinen-300x169.png 300w, https:\/\/kartallaverkosto.fi\/wp-content\/uploads\/2024\/08\/sataedu-logo-varillinen-768x432.png 768w, https:\/\/kartallaverkosto.fi\/wp-content\/uploads\/2024\/08\/sataedu-logo-varillinen-1536x864.png 1536w, https:\/\/kartallaverkosto.fi\/wp-content\/uploads\/2024\/08\/sataedu-logo-varillinen.png 1921w\" sizes=\"auto, (max-width: 800px) 100vw, 800px\" \/>                    <\/div>\r\n                    <div class=\"linkbox-text\">\r\n                        <p class=\"h3\">Sataedu (Satakunnan koulutuskuntayhtym\u00e4)<\/p>\r\n                    <\/div>\r\n                <\/a>\r\n            <\/div>\r\n\r\n    \r\n            <div class=\"linkbox\">\r\n                <a href=\"https:\/\/kartallaverkosto.fi\/en\/verkosto\/perho-liiketalousopisto\/\">\r\n                    <div class=\"linkbox-image\">\r\n                        <img loading=\"lazy\" decoding=\"async\" width=\"300\" height=\"117\" src=\"https:\/\/kartallaverkosto.fi\/wp-content\/uploads\/2024\/08\/perholto-logo-turkoosi-300x117-1.jpg\" class=\"attachment-large size-large\" alt=\"\" \/>                    <\/div>\r\n                    <div class=\"linkbox-text\">\r\n                        <p class=\"h3\">Perho Liiketalousopisto<\/p>\r\n                    <\/div>\r\n                <\/a>\r\n            <\/div>\r\n\r\n    \r\n            <div class=\"linkbox\">\r\n                <a href=\"https:\/\/kartallaverkosto.fi\/en\/verkosto\/stadin-ao\/\">\r\n                    <div class=\"linkbox-image\">\r\n                        <img loading=\"lazy\" decoding=\"async\" width=\"800\" height=\"359\" src=\"https:\/\/kartallaverkosto.fi\/wp-content\/uploads\/2024\/08\/stadin-ao-logo-1024x459.png\" class=\"attachment-large size-large\" alt=\"\" srcset=\"https:\/\/kartallaverkosto.fi\/wp-content\/uploads\/2024\/08\/stadin-ao-logo-1024x459.png 1024w, https:\/\/kartallaverkosto.fi\/wp-content\/uploads\/2024\/08\/stadin-ao-logo-300x134.png 300w, https:\/\/kartallaverkosto.fi\/wp-content\/uploads\/2024\/08\/stadin-ao-logo-768x344.png 768w, https:\/\/kartallaverkosto.fi\/wp-content\/uploads\/2024\/08\/stadin-ao-logo-1536x688.png 1536w, https:\/\/kartallaverkosto.fi\/wp-content\/uploads\/2024\/08\/stadin-ao-logo.png 1554w\" sizes=\"auto, (max-width: 800px) 100vw, 800px\" \/>                    <\/div>\r\n                    <div class=\"linkbox-text\">\r\n                        <p class=\"h3\">Stadin AO<\/p>\r\n                    <\/div>\r\n                <\/a>\r\n            <\/div>\r\n\r\n    \r\n            <div class=\"linkbox\">\r\n                <a href=\"https:\/\/kartallaverkosto.fi\/en\/verkosto\/svenska-osterbottens-forbund-for-utbildning-och-kultur-samkommun-yrkesakademin-i-osterbotten\/\">\r\n                    <div class=\"linkbox-image\">\r\n                        <img loading=\"lazy\" decoding=\"async\" width=\"600\" height=\"493\" src=\"https:\/\/kartallaverkosto.fi\/wp-content\/uploads\/2024\/08\/ya-logo-for-web-presentationer.png\" class=\"attachment-large size-large\" alt=\"\" srcset=\"https:\/\/kartallaverkosto.fi\/wp-content\/uploads\/2024\/08\/ya-logo-for-web-presentationer.png 600w, https:\/\/kartallaverkosto.fi\/wp-content\/uploads\/2024\/08\/ya-logo-for-web-presentationer-300x247.png 300w\" sizes=\"auto, (max-width: 600px) 100vw, 600px\" \/>                    <\/div>\r\n                    <div class=\"linkbox-text\">\r\n                        <p class=\"h3\">Svenska \u00d6sterbottens f\u00f6rbund f\u00f6r utbildning och kultur, samkommun Yrkesakademin i \u00d6sterbotten<\/p>\r\n                    <\/div>\r\n                <\/a>\r\n            <\/div>\r\n\r\n    \r\n            <div class=\"linkbox\">\r\n                <a href=\"https:\/\/kartallaverkosto.fi\/en\/verkosto\/kajaanin-kaupungin-koulutusliikelaitos-kainuun-ammattiopisto\/\">\r\n                    <div class=\"linkbox-image\">\r\n                        <img loading=\"lazy\" decoding=\"async\" width=\"200\" height=\"200\" src=\"https:\/\/kartallaverkosto.fi\/wp-content\/uploads\/2024\/08\/kao-sininen-logo.png\" class=\"attachment-large size-large\" alt=\"\" srcset=\"https:\/\/kartallaverkosto.fi\/wp-content\/uploads\/2024\/08\/kao-sininen-logo.png 200w, https:\/\/kartallaverkosto.fi\/wp-content\/uploads\/2024\/08\/kao-sininen-logo-150x150.png 150w\" sizes=\"auto, (max-width: 200px) 100vw, 200px\" \/>                    <\/div>\r\n                    <div class=\"linkbox-text\">\r\n                        <p class=\"h3\">Kajaanin kaupungin koulutusliikelaitos, Kainuun ammattiopisto<\/p>\r\n                    <\/div>\r\n                <\/a>\r\n            <\/div>\r\n\r\n    \r\n            <div class=\"linkbox\">\r\n                <a href=\"https:\/\/kartallaverkosto.fi\/en\/verkosto\/koulutuskuntayhtyma-osao\/\">\r\n                    <div class=\"linkbox-image\">\r\n                        <img loading=\"lazy\" decoding=\"async\" width=\"800\" height=\"213\" src=\"https:\/\/kartallaverkosto.fi\/wp-content\/uploads\/2024\/08\/osao-rgb-sininen-1-1024x272.png\" class=\"attachment-large size-large\" alt=\"\" srcset=\"https:\/\/kartallaverkosto.fi\/wp-content\/uploads\/2024\/08\/osao-rgb-sininen-1-1024x272.png 1024w, https:\/\/kartallaverkosto.fi\/wp-content\/uploads\/2024\/08\/osao-rgb-sininen-1-300x80.png 300w, https:\/\/kartallaverkosto.fi\/wp-content\/uploads\/2024\/08\/osao-rgb-sininen-1-768x204.png 768w, https:\/\/kartallaverkosto.fi\/wp-content\/uploads\/2024\/08\/osao-rgb-sininen-1-1536x408.png 1536w, https:\/\/kartallaverkosto.fi\/wp-content\/uploads\/2024\/08\/osao-rgb-sininen-1-2048x544.png 2048w\" sizes=\"auto, (max-width: 800px) 100vw, 800px\" \/>                    <\/div>\r\n                    <div class=\"linkbox-text\">\r\n                        <p class=\"h3\">Koulutuskuntayhtym\u00e4 OSAO<\/p>\r\n                    <\/div>\r\n                <\/a>\r\n            <\/div>\r\n\r\n    \r\n            <div class=\"linkbox\">\r\n                <a href=\"https:\/\/kartallaverkosto.fi\/en\/verkosto\/keski-uudenmaan-koulutuskuntayhtyma-keuda\/\">\r\n                    <div class=\"linkbox-image\">\r\n                        <img loading=\"lazy\" decoding=\"async\" width=\"404\" height=\"142\" src=\"https:\/\/kartallaverkosto.fi\/wp-content\/uploads\/2024\/08\/2020-keuda-logo-rgb-musta2.png\" class=\"attachment-large size-large\" alt=\"\" srcset=\"https:\/\/kartallaverkosto.fi\/wp-content\/uploads\/2024\/08\/2020-keuda-logo-rgb-musta2.png 404w, https:\/\/kartallaverkosto.fi\/wp-content\/uploads\/2024\/08\/2020-keuda-logo-rgb-musta2-300x105.png 300w\" sizes=\"auto, (max-width: 404px) 100vw, 404px\" \/>                    <\/div>\r\n                    <div class=\"linkbox-text\">\r\n                        <p class=\"h3\">Keski-uudenmaan koulutuskuntayhtym\u00e4 Keuda<\/p>\r\n                    <\/div>\r\n                <\/a>\r\n            <\/div>\r\n\r\n    \r\n            <div class=\"linkbox\">\r\n                <a href=\"https:\/\/kartallaverkosto.fi\/en\/verkosto\/suomen-ymparistoopisto-sykli\/\">\r\n                    <div class=\"linkbox-image\">\r\n                        <img loading=\"lazy\" decoding=\"async\" width=\"729\" height=\"698\" src=\"https:\/\/kartallaverkosto.fi\/wp-content\/uploads\/2024\/07\/sykli-logo-sininen.png\" class=\"attachment-large size-large\" alt=\"\" srcset=\"https:\/\/kartallaverkosto.fi\/wp-content\/uploads\/2024\/07\/sykli-logo-sininen.png 729w, https:\/\/kartallaverkosto.fi\/wp-content\/uploads\/2024\/07\/sykli-logo-sininen-300x287.png 300w\" sizes=\"auto, (max-width: 729px) 100vw, 729px\" \/>                    <\/div>\r\n                    <div class=\"linkbox-text\">\r\n                        <p class=\"h3\">Suomen ymp\u00e4rist\u00f6opisto SYKLI<\/p>\r\n                    <\/div>\r\n                <\/a>\r\n            <\/div>\r\n\r\n    <\/div>\n\n\n<p><\/p>\n","protected":false},"excerpt":{"rendered":"<p>On this site, you can explore the member institutions of the Kartalla \u2013 P\u00e5 Kartan network. These institutions have committed to the goals of the Sustainability Roadmap and advancing its actions. On the Network page, you can follow the progress of these institutions&#8217; sustainability efforts. All organisations that provide vocational education are welcome to join [&hellip;]<\/p>\n","protected":false},"author":1,"featured_media":0,"parent":6065,"menu_order":22,"comment_status":"closed","ping_status":"closed","template":"","meta":{"_acf_changed":false,"footnotes":""},"class_list":["post-6082","page","type-page","status-publish","hentry"],"acf":[],"aioseo_notices":[],"_links":{"self":[{"href":"https:\/\/kartallaverkosto.fi\/en\/wp-json\/wp\/v2\/pages\/6082","targetHints":{"allow":["GET"]}}],"collection":[{"href":"https:\/\/kartallaverkosto.fi\/en\/wp-json\/wp\/v2\/pages"}],"about":[{"href":"https:\/\/kartallaverkosto.fi\/en\/wp-json\/wp\/v2\/types\/page"}],"author":[{"embeddable":true,"href":"https:\/\/kartallaverkosto.fi\/en\/wp-json\/wp\/v2\/users\/1"}],"replies":[{"embeddable":true,"href":"https:\/\/kartallaverkosto.fi\/en\/wp-json\/wp\/v2\/comments?post=6082"}],"version-history":[{"count":2,"href":"https:\/\/kartallaverkosto.fi\/en\/wp-json\/wp\/v2\/pages\/6082\/revisions"}],"predecessor-version":[{"id":6084,"href":"https:\/\/kartallaverkosto.fi\/en\/wp-json\/wp\/v2\/pages\/6082\/revisions\/6084"}],"up":[{"embeddable":true,"href":"https:\/\/kartallaverkosto.fi\/en\/wp-json\/wp\/v2\/pages\/6065"}],"wp:attachment":[{"href":"https:\/\/kartallaverkosto.fi\/en\/wp-json\/wp\/v2\/media?parent=6082"}],"curies":[{"name":"wp","href":"https:\/\/api.w.org\/{rel}","templated":true}]}}