{"id":6421,"date":"2024-07-23T12:24:08","date_gmt":"2024-07-23T09:24:08","guid":{"rendered":"https:\/\/kartallaverkosto.fi\/event-calendar\/menneet-tapahtumat\/"},"modified":"2025-04-09T13:55:56","modified_gmt":"2025-04-09T10:55:56","slug":"past-events","status":"publish","type":"page","link":"https:\/\/kartallaverkosto.fi\/en\/event-calendar\/past-events\/","title":{"rendered":"Past events"},"content":{"rendered":"\r\n\r\n<div class=\"list-events \">\r\n\r\n                <div class=\"row event\">\r\n\r\n                <div class=\"col col-12 col-md-8\">\r\n\r\n                    \r\n                    <h2 id=\"kestavan-tulevaisuuden-oppilaitoskiinteistot\">Kest\u00e4v\u00e4n tulevaisuuden oppilaitoskiinteist\u00f6t<\/h2>\r\n\r\n                                            <h4><svg xmlns=\"http:\/\/www.w3.org\/2000\/svg\" width=\"16\" height=\"16\" fill=\"currentColor\" class=\"bi bi-calendar3\" viewBox=\"0 0 16 16\">\r\n                                <path d=\"M14 0H2a2 2 0 0 0-2 2v12a2 2 0 0 0 2 2h12a2 2 0 0 0 2-2V2a2 2 0 0 0-2-2zM1 3.857C1 3.384 1.448 3 2 3h12c.552 0 1 .384 1 .857v10.286c0 .473-.448.857-1 .857H2c-.552 0-1-.384-1-.857V3.857z\" \/>\r\n                                <path d=\"M6.5 7a1 1 0 1 0 0-2 1 1 0 0 0 0 2zm3 0a1 1 0 1 0 0-2 1 1 0 0 0 0 2zm3 0a1 1 0 1 0 0-2 1 1 0 0 0 0 2zm-9 3a1 1 0 1 0 0-2 1 1 0 0 0 0 2zm3 0a1 1 0 1 0 0-2 1 1 0 0 0 0 2zm3 0a1 1 0 1 0 0-2 1 1 0 0 0 0 2zm-9 3a1 1 0 1 0 0-2 1 1 0 0 0 0 2zm3 0a1 1 0 1 0 0-2 1 1 0 0 0 0 2zm3 0a1 1 0 1 0 0-2 1 1 0 0 0 0 2z\" \/>\r\n                            <\/svg>\r\n                            29.04.2026\r\n                                                            <svg xmlns=\"http:\/\/www.w3.org\/2000\/svg\" width=\"16\" height=\"16\" fill=\"currentColor\" class=\"bi bi-clock\" viewBox=\"0 0 16 16\">\r\n                                    <path d=\"M8 3.5a.5.5 0 0 0-1 0V9a.5.5 0 0 0 .252.434l3.5 2a.5.5 0 0 0 .496-.868L8 8.71z\" \/>\r\n                                    <path d=\"M8 16A8 8 0 1 0 8 0a8 8 0 0 0 0 16m7-8A7 7 0 1 1 1 8a7 7 0 0 1 14 0\" \/>\r\n                                <\/svg>\r\n\r\n                            13:00 &#8211; 15:00                        <\/h4>\r\n                                                    <a href=\"https:\/\/ssl.eventilla.com\/kestavan-tulevaisuuden-oppilaitoskiinteistot\">Linkki tapahtumaan \/ ilmoittautumiseen<\/a>\r\n                        \r\n                        <div class=\"event-info\">\r\n                            <p><strong>Osallistuminen:<\/strong> et\u00e4tilaisuus<\/p><p><strong>Kategoria:<\/strong> Johtaminen ja toimintakulttuuri, Hiilineutraalius, Ymp\u00e4rist\u00f6jalanj\u00e4lki<\/p>\r\n                        <\/div>\r\n\r\n                        \r\n                                <div class=\"text-wrap-events\"><p><span lang=\"FI-FI\" xml:lang=\"FI-FI\">Kiinteist\u00f6ill\u00e4 on iso rooli kest\u00e4vyystavoitteiden saavuttamisessa. T\u00e4ss\u00e4 Ammatillisen koulutuksen Kartalla \u2013 P\u00e5 Kartan -kest\u00e4vyysverkoston webinaarissa tarkastellaan oppilaitosten kiinteist\u00f6j\u00e4 ja kiinteist\u00f6ist\u00e4 vastaavien roolia oppilaitoksen kest\u00e4vyysty\u00f6n edist\u00e4misess\u00e4.\u00a0<\/span><\/p>\n<ul>\n<li><span lang=\"FI-FI\" xml:lang=\"FI-FI\">Mik\u00e4 rooli kiinteist\u00f6suunnittelulla ja -huollolla on ymp\u00e4rist\u00f6tavoitteiden asettamisessa ja toteuttamisessa?<\/span><\/li>\n<li><span lang=\"FI-FI\" xml:lang=\"FI-FI\">Millaista tietoa ja dataa kiinteist\u00f6huollosta syntyy oppilaitoksen kest\u00e4vyystavoitteiden asettamisen ja saavuttamisen pohjalle?\u00a0<\/span><\/li>\n<li><span lang=\"FI-FI\" xml:lang=\"FI-FI\">Miten kiinteist\u00f6jen kehitt\u00e4misen kautta voidaan pyrki\u00e4 kohti hiilineutraalius-\u00a0 ja luontotavoitteita? Ent\u00e4 mik\u00e4 rooli kiinteist\u00f6ll\u00e4 on sosiaalisen ja kulttuurisen kest\u00e4vyyden kannalta?<\/span><\/li>\n<\/ul>\n<p><span class=\"bold\" lang=\"FI-FI\" xml:lang=\"FI-FI\">Mit\u00e4:<\/span><span lang=\"FI-FI\" xml:lang=\"FI-FI\">\u00a0Kest\u00e4v\u00e4n tulevaisuuden oppilaitoskiinteist\u00f6t -koulutus<\/span><br \/>\n<span class=\"bold\" lang=\"FI-FI\" xml:lang=\"FI-FI\">Miss\u00e4:<\/span><span lang=\"FI-FI\" xml:lang=\"FI-FI\">\u00a0Teams<\/span><br \/>\n<span class=\"bold\" lang=\"FI-FI\" xml:lang=\"FI-FI\">Milloin:<\/span><span lang=\"FI-FI\" xml:lang=\"FI-FI\">\u00a0Ke 29.4.2026 klo 13-15\u00a0<\/span><\/p>\n<h3><span lang=\"FI-FI\" xml:lang=\"FI-FI\">Koulutuksen kohderyhm\u00e4<\/span><\/h3>\n<p><span lang=\"FI-FI\" xml:lang=\"FI-FI\">Koulutus on suunnattu oppilaitosten kiinteist\u00f6p\u00e4\u00e4llik\u00f6ille ja -suunnittelijoille sek\u00e4 kiinteist\u00f6ist\u00f6ist\u00e4 vastaaville henkil\u00f6ille. Lis\u00e4ksi koulutus sopii kiinteist\u00f6palvelualan opettajille ja kest\u00e4vyysty\u00f6st\u00e4 vastaaville johtajille sek\u00e4 keke-koordinaattoreille.<\/span><\/p>\n<p><span class=\"italic\" lang=\"FI-FI\" xml:lang=\"FI-FI\">Koulutukset ovat osa Opetushallituksen rahoittamaa Kartalla \u2013 P\u00e5 Kartan -hanketta. Koulutukset ovat osallistujille maksuttomia.<\/span><span lang=\"FI-FI\" xml:lang=\"FI-FI\"><br \/>\n<\/span><\/p>\n<p><span lang=\"FI-FI\" xml:lang=\"FI-FI\"><span class=\"bold\">Kysy koulutuksesta:<br \/>\nTiina Taipale<br \/>\n<\/span><a href=\"mailto:tiina.taipale@sykli.fi\" target=\"_blank\" rel=\"noopener\">tiina.taipale@sykli.fi<\/a><\/span><\/p>\n<\/div>\r\n                        \r\n                <\/div>\r\n                <div class=\"col col-12 col-md-4 image-col\">\r\n                    <img loading=\"lazy\" decoding=\"async\" width=\"2745\" height=\"1670\" src=\"https:\/\/kartallaverkosto.fi\/wp-content\/uploads\/2024\/11\/vaski-kuvitukset-11.png\" class=\"attachment-post-thumbnail size-post-thumbnail wp-post-image\" alt=\"\" srcset=\"https:\/\/kartallaverkosto.fi\/wp-content\/uploads\/2024\/11\/vaski-kuvitukset-11.png 2745w, https:\/\/kartallaverkosto.fi\/wp-content\/uploads\/2024\/11\/vaski-kuvitukset-11-300x183.png 300w, https:\/\/kartallaverkosto.fi\/wp-content\/uploads\/2024\/11\/vaski-kuvitukset-11-1024x623.png 1024w, https:\/\/kartallaverkosto.fi\/wp-content\/uploads\/2024\/11\/vaski-kuvitukset-11-768x467.png 768w, https:\/\/kartallaverkosto.fi\/wp-content\/uploads\/2024\/11\/vaski-kuvitukset-11-1536x934.png 1536w, https:\/\/kartallaverkosto.fi\/wp-content\/uploads\/2024\/11\/vaski-kuvitukset-11-2048x1246.png 2048w\" sizes=\"auto, (max-width: 2745px) 100vw, 2745px\" \/>                <\/div>\r\n            <\/div>\r\n\r\n                    <div class=\"row event\">\r\n\r\n                <div class=\"col col-12 col-md-8\">\r\n\r\n                    \r\n                    <h2 id=\"hr-ja-henkilostoammattilaiset-kestavyyden-edistajina\">HR ja henkil\u00f6st\u00f6ammattilaiset kest\u00e4vyyden edist\u00e4jin\u00e4<\/h2>\r\n\r\n                                            <h4><svg xmlns=\"http:\/\/www.w3.org\/2000\/svg\" width=\"16\" height=\"16\" fill=\"currentColor\" class=\"bi bi-calendar3\" viewBox=\"0 0 16 16\">\r\n                                <path d=\"M14 0H2a2 2 0 0 0-2 2v12a2 2 0 0 0 2 2h12a2 2 0 0 0 2-2V2a2 2 0 0 0-2-2zM1 3.857C1 3.384 1.448 3 2 3h12c.552 0 1 .384 1 .857v10.286c0 .473-.448.857-1 .857H2c-.552 0-1-.384-1-.857V3.857z\" \/>\r\n                                <path d=\"M6.5 7a1 1 0 1 0 0-2 1 1 0 0 0 0 2zm3 0a1 1 0 1 0 0-2 1 1 0 0 0 0 2zm3 0a1 1 0 1 0 0-2 1 1 0 0 0 0 2zm-9 3a1 1 0 1 0 0-2 1 1 0 0 0 0 2zm3 0a1 1 0 1 0 0-2 1 1 0 0 0 0 2zm3 0a1 1 0 1 0 0-2 1 1 0 0 0 0 2zm-9 3a1 1 0 1 0 0-2 1 1 0 0 0 0 2zm3 0a1 1 0 1 0 0-2 1 1 0 0 0 0 2zm3 0a1 1 0 1 0 0-2 1 1 0 0 0 0 2z\" \/>\r\n                            <\/svg>\r\n                            28.04.2026\r\n                                                            <svg xmlns=\"http:\/\/www.w3.org\/2000\/svg\" width=\"16\" height=\"16\" fill=\"currentColor\" class=\"bi bi-clock\" viewBox=\"0 0 16 16\">\r\n                                    <path d=\"M8 3.5a.5.5 0 0 0-1 0V9a.5.5 0 0 0 .252.434l3.5 2a.5.5 0 0 0 .496-.868L8 8.71z\" \/>\r\n                                    <path d=\"M8 16A8 8 0 1 0 8 0a8 8 0 0 0 0 16m7-8A7 7 0 1 1 1 8a7 7 0 0 1 14 0\" \/>\r\n                                <\/svg>\r\n\r\n                            13:00 &#8211; 15:00                        <\/h4>\r\n                                                    <a href=\"https:\/\/ssl.eventilla.com\/hr-kestavyyden-edistajana\">Linkki tapahtumaan \/ ilmoittautumiseen<\/a>\r\n                        \r\n                        <div class=\"event-info\">\r\n                            <p><strong>Osallistuminen:<\/strong> et\u00e4tilaisuus<\/p><p><strong>Kategoria:<\/strong> Johtaminen ja toimintakulttuuri, Kest\u00e4vyysraportointi<\/p>\r\n                        <\/div>\r\n\r\n                        \r\n                                <div class=\"text-wrap-events\"><p><span lang=\"FI-FI\" xml:lang=\"FI-FI\">Kest\u00e4vyystavoitteiden saavuttaminen vaatii henkil\u00f6johtamisen k\u00e4yt\u00e4nt\u00f6jen linjaamista organisaation kest\u00e4vyysstrategian mukaisiksi. T\u00e4ss\u00e4 Ammatillisen koulutuksen Kartalla- P\u00e5 Kartan kest\u00e4vyysverkoston koulutuksessa tarkastellaan ammatillisten oppilaitosten kest\u00e4vyysty\u00f6t\u00e4 henkil\u00f6st\u00f6johtamisen, henkil\u00f6st\u00f6hallinnon ja henkil\u00f6st\u00f6ammattilaisten n\u00e4k\u00f6kulmasta.\u00a0<\/span><\/p>\n<p><span lang=\"FI-FI\" xml:lang=\"FI-FI\">Koulutuksessa saat vastauksia seuraaviin kysymyksiin:<\/span><\/p>\n<ul>\n<li><span lang=\"FI-FI\" xml:lang=\"FI-FI\">Mik\u00e4 on vihre\u00e4n HRM:n (Green HRM eli GHRM) rooli organisaation kest\u00e4vyystavoitteiden saavuttamisessa?<\/span><\/li>\n<li><span lang=\"FI-FI\" xml:lang=\"FI-FI\">Miten henkil\u00f6st\u00f6johtaminen ja sen k\u00e4yt\u00e4nn\u00f6t voivat vahvistaa (ymp\u00e4rist\u00f6)vastuullista ty\u00f6k\u00e4ytt\u00e4ytymist\u00e4?<\/span><\/li>\n<li><span lang=\"FI-FI\" xml:lang=\"FI-FI\">Miten hy\u00f6dynt\u00e4\u00e4 henkil\u00f6st\u00f6hallinnon j\u00e4rjestelmi\u00e4 ja niist\u00e4 syntyv\u00e4\u00e4 tietoa kest\u00e4vyystavoitteiden asettamisessa, edist\u00e4misess\u00e4, seurannassa ja kest\u00e4vyysraportoinnissa?<\/span><\/li>\n<\/ul>\n<p><span class=\"bold\" lang=\"FI-FI\" xml:lang=\"FI-FI\">Mit\u00e4:<\/span><span lang=\"FI-FI\" xml:lang=\"FI-FI\">\u00a0HR\u00a0 ja henkil\u00f6st\u00f6ammattilaiset kest\u00e4vyyden edist\u00e4jin\u00e4 -koulutus<\/span><br \/>\n<span class=\"bold\" lang=\"FI-FI\" xml:lang=\"FI-FI\">Miss\u00e4:<\/span><span lang=\"FI-FI\" xml:lang=\"FI-FI\">\u00a0Teams<\/span><br \/>\n<span class=\"bold\" lang=\"FI-FI\" xml:lang=\"FI-FI\">Milloin:<\/span><span lang=\"FI-FI\" xml:lang=\"FI-FI\">\u00a0Ti 28.4.2026 klo 13-15\u00a0<\/span><\/p>\n<h3><span lang=\"FI-FI\" xml:lang=\"FI-FI\">Koulutuksen kohderyhm\u00e4<\/span><\/h3>\n<p>Ammatillisen koulutuksen johtajat, erityisesti henkil\u00f6st\u00f6johtajat. Henkil\u00f6st\u00f6hallinnon ja HR-asiantuntijat sek\u00e4 -koordinaattorit. P\u00e4\u00e4llik\u00f6t ja esihenkil\u00f6t. Liiketoiminnan kouluttajat.<\/p>\n<p><span class=\"italic\" lang=\"FI-FI\" xml:lang=\"FI-FI\">Koulutukset ovat osa Opetushallituksen rahoittamaa Kartalla \u2013 P\u00e5 Kartan -hanketta. Koulutukset ovat osallistujille maksuttomia.<\/span><\/p>\n<p><span lang=\"FI-FI\" xml:lang=\"FI-FI\"><span class=\"bold\">Kysy koulutuksesta:<br \/>\nTiina Taipale<br \/>\n<\/span><a href=\"mailto:tiina.taipale@sykli.fi\" target=\"_blank\" rel=\"noopener\">tiina.taipale@sykli.fi<\/a><\/span><\/p>\n<\/div>\r\n                        \r\n                <\/div>\r\n                <div class=\"col col-12 col-md-4 image-col\">\r\n                    <img loading=\"lazy\" decoding=\"async\" width=\"2745\" height=\"1670\" src=\"https:\/\/kartallaverkosto.fi\/wp-content\/uploads\/2024\/11\/vaski-kuvitukset-11.png\" class=\"attachment-post-thumbnail size-post-thumbnail wp-post-image\" alt=\"\" srcset=\"https:\/\/kartallaverkosto.fi\/wp-content\/uploads\/2024\/11\/vaski-kuvitukset-11.png 2745w, https:\/\/kartallaverkosto.fi\/wp-content\/uploads\/2024\/11\/vaski-kuvitukset-11-300x183.png 300w, https:\/\/kartallaverkosto.fi\/wp-content\/uploads\/2024\/11\/vaski-kuvitukset-11-1024x623.png 1024w, https:\/\/kartallaverkosto.fi\/wp-content\/uploads\/2024\/11\/vaski-kuvitukset-11-768x467.png 768w, https:\/\/kartallaverkosto.fi\/wp-content\/uploads\/2024\/11\/vaski-kuvitukset-11-1536x934.png 1536w, https:\/\/kartallaverkosto.fi\/wp-content\/uploads\/2024\/11\/vaski-kuvitukset-11-2048x1246.png 2048w\" sizes=\"auto, (max-width: 2745px) 100vw, 2745px\" \/>                <\/div>\r\n            <\/div>\r\n\r\n                    <div class=\"row event\">\r\n\r\n                <div class=\"col col-12 col-md-8\">\r\n\r\n                    \r\n                    <h2 id=\"taloushallinto-kestavyyden-edistajana\">Taloushallinto kest\u00e4vyyden edist\u00e4j\u00e4n\u00e4<\/h2>\r\n\r\n                                            <h4><svg xmlns=\"http:\/\/www.w3.org\/2000\/svg\" width=\"16\" height=\"16\" fill=\"currentColor\" class=\"bi bi-calendar3\" viewBox=\"0 0 16 16\">\r\n                                <path d=\"M14 0H2a2 2 0 0 0-2 2v12a2 2 0 0 0 2 2h12a2 2 0 0 0 2-2V2a2 2 0 0 0-2-2zM1 3.857C1 3.384 1.448 3 2 3h12c.552 0 1 .384 1 .857v10.286c0 .473-.448.857-1 .857H2c-.552 0-1-.384-1-.857V3.857z\" \/>\r\n                                <path d=\"M6.5 7a1 1 0 1 0 0-2 1 1 0 0 0 0 2zm3 0a1 1 0 1 0 0-2 1 1 0 0 0 0 2zm3 0a1 1 0 1 0 0-2 1 1 0 0 0 0 2zm-9 3a1 1 0 1 0 0-2 1 1 0 0 0 0 2zm3 0a1 1 0 1 0 0-2 1 1 0 0 0 0 2zm3 0a1 1 0 1 0 0-2 1 1 0 0 0 0 2zm-9 3a1 1 0 1 0 0-2 1 1 0 0 0 0 2zm3 0a1 1 0 1 0 0-2 1 1 0 0 0 0 2zm3 0a1 1 0 1 0 0-2 1 1 0 0 0 0 2z\" \/>\r\n                            <\/svg>\r\n                            23.04.2026\r\n                                                            <svg xmlns=\"http:\/\/www.w3.org\/2000\/svg\" width=\"16\" height=\"16\" fill=\"currentColor\" class=\"bi bi-clock\" viewBox=\"0 0 16 16\">\r\n                                    <path d=\"M8 3.5a.5.5 0 0 0-1 0V9a.5.5 0 0 0 .252.434l3.5 2a.5.5 0 0 0 .496-.868L8 8.71z\" \/>\r\n                                    <path d=\"M8 16A8 8 0 1 0 8 0a8 8 0 0 0 0 16m7-8A7 7 0 1 1 1 8a7 7 0 0 1 14 0\" \/>\r\n                                <\/svg>\r\n\r\n                            13:00 &#8211; 15:00                        <\/h4>\r\n                                                    <a href=\"https:\/\/ssl.eventilla.com\/taloushallinto-kestavyyden-edistajana\">Linkki tapahtumaan \/ ilmoittautumiseen<\/a>\r\n                        \r\n                        <div class=\"event-info\">\r\n                            <p><strong>Osallistuminen:<\/strong> et\u00e4tilaisuus<\/p><p><strong>Kategoria:<\/strong> Johtaminen ja toimintakulttuuri, Kest\u00e4vyysraportointi<\/p>\r\n                        <\/div>\r\n\r\n                        \r\n                                <div class=\"text-wrap-events\"><p><span lang=\"FI-FI\" xml:lang=\"FI-FI\">Uusi kest\u00e4vyysraportointidirektiivi (Corporate Sustainability Reporting Directive eli CSRD) on tuonut vastuullisuusraportoinnin taloudellisen raportoinnin rinnalle. Vaikka direktiivi ei suoraan velvoita ammatillisen koulutuksen j\u00e4rjest\u00e4ji\u00e4, on se jo muokannut sidosryhmien odotuksia. Taloushallinnon ammattilaisten onkin t\u00e4rke\u00e4\u00e4 ymm\u00e4rt\u00e4\u00e4 kest\u00e4vyysraportoinnin perusteet.<\/span><\/p>\n<p><span lang=\"FI-FI\" xml:lang=\"FI-FI\">T\u00e4ss\u00e4 Ammatillisen koulutuksen Kartalla \u2013 P\u00e5 Kartan -kest\u00e4vyysverkoston webinaarissa tarkastellaan ammatillisen koulutuksen j\u00e4rjest\u00e4j\u00e4n taloushallinnon ja -johtamisen roolia oppilaitoksen kest\u00e4vyysty\u00f6ss\u00e4. Koulutus auttaa tunnistamaan taloushallinnon roolin kest\u00e4vyysraportoinnissa ja hy\u00f6dynt\u00e4m\u00e4\u00e4n taloushallinnon osaamista kest\u00e4vyysraportoinnissa parhaalla mahdollisella tavalla.<br \/>\n<\/span><\/p>\n<p><span class=\"bold\" lang=\"FI-FI\" xml:lang=\"FI-FI\">Mit\u00e4:<\/span><span lang=\"FI-FI\" xml:lang=\"FI-FI\">\u00a0Taloushallinto kest\u00e4vyyden edist\u00e4j\u00e4n\u00e4 -koulutus<\/span><br \/>\n<span class=\"bold\" lang=\"FI-FI\" xml:lang=\"FI-FI\">Miss\u00e4:<\/span><span lang=\"FI-FI\" xml:lang=\"FI-FI\">\u00a0Teams<\/span><br \/>\n<span class=\"bold\" lang=\"FI-FI\" xml:lang=\"FI-FI\">Milloin:<\/span><span lang=\"FI-FI\" xml:lang=\"FI-FI\">\u00a023.4.2026 klo 13-15\u00a0<\/span><\/p>\n<p><span lang=\"FI-FI\" xml:lang=\"FI-FI\">Koulutuksesta saat vastauksia seuraaviin kysymyksiin:<\/span><\/p>\n<ul>\n<li><span lang=\"FI-FI\" xml:lang=\"FI-FI\">Mik\u00e4 on oppilaitoksen talousjohtamisen ja -hallinnon rooli kest\u00e4vyyden edist\u00e4misess\u00e4?<\/span><\/li>\n<li><span lang=\"FI-FI\" xml:lang=\"FI-FI\">Miten vaatimukset kest\u00e4vyysraportoinnista muokkaavat tapaa raportoida ammatillisen koulutuksen j\u00e4rjest\u00e4j\u00e4n tuloksesta eri sidosryhmille?\u00a0<\/span><\/li>\n<li><span lang=\"FI-FI\" xml:lang=\"FI-FI\">Miten kest\u00e4vyys- ja taloustiedot nivoutuvat yhteen oppilaitoksen toiminnan ohjauksessa?<\/span><\/li>\n<\/ul>\n<h3><span lang=\"FI-FI\" xml:lang=\"FI-FI\">Koulutuksen kohderyhm\u00e4<\/span><\/h3>\n<p><span lang=\"FI-FI\" xml:lang=\"FI-FI\">Ammatillisen koulutuksen j\u00e4rjest\u00e4jien johtajat ja taloushallinnon toimijat: talous- ja hallintojohtajat ja -p\u00e4\u00e4llik\u00f6t sek\u00e4 hallinnon ty\u00f6ntekij\u00e4t. Lis\u00e4ksi taloushallinnon opettajat.\u00a0<\/span><\/p>\n<p><span class=\"italic\" lang=\"FI-FI\" xml:lang=\"FI-FI\">Koulutukset ovat osa Opetushallituksen rahoittamaa Kartalla \u2013 P\u00e5 Kartan -hanketta. Koulutukset ovat osallistujille maksuttomia.<\/span><span lang=\"FI-FI\" xml:lang=\"FI-FI\"><br \/>\n<\/span><\/p>\n<p><span lang=\"FI-FI\" xml:lang=\"FI-FI\"><span class=\"bold\">Kysy koulutuksesta:<br \/>\nTiina Taipale<br \/>\n<\/span><a href=\"mailto:tiina.taipale@sykli.fi\" target=\"_blank\" rel=\"noopener\">tiina.taipale@sykli.fi<\/a><\/span><\/p>\n<\/div>\r\n                        \r\n                <\/div>\r\n                <div class=\"col col-12 col-md-4 image-col\">\r\n                    <img loading=\"lazy\" decoding=\"async\" width=\"2745\" height=\"1670\" src=\"https:\/\/kartallaverkosto.fi\/wp-content\/uploads\/2024\/11\/vaski-kuvitukset-11.png\" class=\"attachment-post-thumbnail size-post-thumbnail wp-post-image\" alt=\"\" srcset=\"https:\/\/kartallaverkosto.fi\/wp-content\/uploads\/2024\/11\/vaski-kuvitukset-11.png 2745w, https:\/\/kartallaverkosto.fi\/wp-content\/uploads\/2024\/11\/vaski-kuvitukset-11-300x183.png 300w, https:\/\/kartallaverkosto.fi\/wp-content\/uploads\/2024\/11\/vaski-kuvitukset-11-1024x623.png 1024w, https:\/\/kartallaverkosto.fi\/wp-content\/uploads\/2024\/11\/vaski-kuvitukset-11-768x467.png 768w, https:\/\/kartallaverkosto.fi\/wp-content\/uploads\/2024\/11\/vaski-kuvitukset-11-1536x934.png 1536w, https:\/\/kartallaverkosto.fi\/wp-content\/uploads\/2024\/11\/vaski-kuvitukset-11-2048x1246.png 2048w\" sizes=\"auto, (max-width: 2745px) 100vw, 2745px\" \/>                <\/div>\r\n            <\/div>\r\n\r\n                    <div class=\"row event\">\r\n\r\n                <div class=\"col col-12 col-md-8\">\r\n\r\n                    \r\n                    <h2 id=\"kartalla-pa-kartan-verkostolaisten-aamukahvit\">Kartalla \u2013 P\u00e5 Kartan verkostolaisten aamukahvit<\/h2>\r\n\r\n                                            <h4><svg xmlns=\"http:\/\/www.w3.org\/2000\/svg\" width=\"16\" height=\"16\" fill=\"currentColor\" class=\"bi bi-calendar3\" viewBox=\"0 0 16 16\">\r\n                                <path d=\"M14 0H2a2 2 0 0 0-2 2v12a2 2 0 0 0 2 2h12a2 2 0 0 0 2-2V2a2 2 0 0 0-2-2zM1 3.857C1 3.384 1.448 3 2 3h12c.552 0 1 .384 1 .857v10.286c0 .473-.448.857-1 .857H2c-.552 0-1-.384-1-.857V3.857z\" \/>\r\n                                <path d=\"M6.5 7a1 1 0 1 0 0-2 1 1 0 0 0 0 2zm3 0a1 1 0 1 0 0-2 1 1 0 0 0 0 2zm3 0a1 1 0 1 0 0-2 1 1 0 0 0 0 2zm-9 3a1 1 0 1 0 0-2 1 1 0 0 0 0 2zm3 0a1 1 0 1 0 0-2 1 1 0 0 0 0 2zm3 0a1 1 0 1 0 0-2 1 1 0 0 0 0 2zm-9 3a1 1 0 1 0 0-2 1 1 0 0 0 0 2zm3 0a1 1 0 1 0 0-2 1 1 0 0 0 0 2zm3 0a1 1 0 1 0 0-2 1 1 0 0 0 0 2z\" \/>\r\n                            <\/svg>\r\n                            23.04.2026\r\n                                                            <svg xmlns=\"http:\/\/www.w3.org\/2000\/svg\" width=\"16\" height=\"16\" fill=\"currentColor\" class=\"bi bi-clock\" viewBox=\"0 0 16 16\">\r\n                                    <path d=\"M8 3.5a.5.5 0 0 0-1 0V9a.5.5 0 0 0 .252.434l3.5 2a.5.5 0 0 0 .496-.868L8 8.71z\" \/>\r\n                                    <path d=\"M8 16A8 8 0 1 0 8 0a8 8 0 0 0 0 16m7-8A7 7 0 1 1 1 8a7 7 0 0 1 14 0\" \/>\r\n                                <\/svg>\r\n\r\n                            08:30 &#8211; 09:30                        <\/h4>\r\n                                                    <a href=\"https:\/\/teams.microsoft.com\/l\/meetup-join\/19%3ameeting_M2EyOTkxZjYtODY2Ny00ZWNiLTk4ZTUtNzBjZWU4MDI2YTAy%40thread.v2\/0?context=%7b%22Tid%22%3a%22ba786a81-1f15-494e-8af9-b6050456db10%22%2c%22Oid%22%3a%22db4582c6-c48e-4d66-a909-b07c8b2f2a77%22%7d\">Linkki tapahtumaan \/ ilmoittautumiseen<\/a>\r\n                        \r\n                        <div class=\"event-info\">\r\n                            <p><strong>Osallistuminen:<\/strong> et\u00e4tilaisuus<\/p><p><strong>Kategoria:<\/strong> Kumppanuudet<\/p>\r\n                        <\/div>\r\n\r\n                        \r\n                                <div class=\"text-wrap-events\"><p>Aamukahveilla tutustutaan kest\u00e4vyysverkostoon ja muihin verkostolaisiin sek\u00e4 vaihdetaan kuulumisia kest\u00e4vyysty\u00f6st\u00e4! Aamukahveille ei ole erikseen etuk\u00e4teisilmoittautumista ja<strong> yll\u00e4 oleva linkki on Teams-linkki<\/strong> liittymiseen. Tervetuloa verkostoitumaan!<\/p>\n<p>&nbsp;<\/p>\n<p><b><i><span data-contrast=\"auto\">Vuonna\u202f2026\u202fj\u00e4rjest\u00e4mme<\/span><\/i><\/b><span data-contrast=\"auto\">\u202f<\/span><b><i><span data-contrast=\"auto\">seuraavat<\/span><\/i><\/b><span data-contrast=\"auto\">\u202f<\/span><b><i><span data-contrast=\"auto\">verkostolaisten<\/span><\/i><\/b><span data-contrast=\"auto\">\u202f<\/span><b><i><span data-contrast=\"auto\">aamukahvit:<\/span><\/i><\/b><span data-ccp-props=\"{}\">\u00a0<\/span><\/p>\n<ul>\n<li><span data-contrast=\"auto\">pe 13.2. klo 8.30\u20139.30 <\/span><a href=\"https:\/\/teams.microsoft.com\/l\/meetup-join\/19%3ameeting_NTkzM2IzMWItMmYxOS00NDUzLWI1NzUtZmE4ZGI1NTQzYTdl%40thread.v2\/0?context=%7b%22Tid%22%3a%22ba786a81-1f15-494e-8af9-b6050456db10%22%2c%22Oid%22%3a%22db4582c6-c48e-4d66-a909-b07c8b2f2a77%22%7d\"><b><span data-contrast=\"none\">Liity kokoukseen nyt<\/span><\/b><\/a><span data-ccp-props=\"{}\">\u00a0<\/span><\/li>\n<li><span data-contrast=\"auto\">to 23.4. klo 8.30\u20139.30 <\/span><a href=\"https:\/\/teams.microsoft.com\/l\/meetup-join\/19%3ameeting_M2EyOTkxZjYtODY2Ny00ZWNiLTk4ZTUtNzBjZWU4MDI2YTAy%40thread.v2\/0?context=%7b%22Tid%22%3a%22ba786a81-1f15-494e-8af9-b6050456db10%22%2c%22Oid%22%3a%22db4582c6-c48e-4d66-a909-b07c8b2f2a77%22%7d\"><b><span data-contrast=\"none\">Liity kokoukseen nyt<\/span><\/b><\/a><span data-ccp-props=\"{}\">\u00a0<\/span><\/li>\n<li><span data-contrast=\"auto\">ke 16.9. klo 8.30\u20139.30 <\/span><a href=\"https:\/\/teams.microsoft.com\/l\/meetup-join\/19%3ameeting_ZDg0NTZlYzMtNmNiZS00ZDllLTk5MjYtNzBiN2RmOTJlMWMw%40thread.v2\/0?context=%7b%22Tid%22%3a%22ba786a81-1f15-494e-8af9-b6050456db10%22%2c%22Oid%22%3a%22db4582c6-c48e-4d66-a909-b07c8b2f2a77%22%7d\"><b><span data-contrast=\"none\">Liity kokoukseen nyt<\/span><\/b><\/a><span data-ccp-props=\"{}\">\u00a0<\/span><\/li>\n<li><span data-contrast=\"auto\">ti 17.11. klo 8.30\u20139.30 <\/span><a href=\"https:\/\/teams.microsoft.com\/l\/meetup-join\/19%3ameeting_ZTk0ZWNjMmMtNGU0Yi00NDFjLWIyZmUtZmNmNjQwNGYxZjcw%40thread.v2\/0?context=%7b%22Tid%22%3a%22ba786a81-1f15-494e-8af9-b6050456db10%22%2c%22Oid%22%3a%22db4582c6-c48e-4d66-a909-b07c8b2f2a77%22%7d\"><b><span data-contrast=\"none\">Liity kokoukseen nyt<\/span><\/b><\/a><span data-ccp-props=\"{}\">\u00a0<\/span><\/li>\n<\/ul>\n<p>Lis\u00e4tietoa:<\/p>\n<p>sini.raita-aho@sykli.fi<\/p>\n<\/div>\r\n                        \r\n                <\/div>\r\n                <div class=\"col col-12 col-md-4 image-col\">\r\n                    <img loading=\"lazy\" decoding=\"async\" width=\"1080\" height=\"1080\" src=\"https:\/\/kartallaverkosto.fi\/wp-content\/uploads\/2025\/09\/aamukahvit-26.png\" class=\"attachment-post-thumbnail size-post-thumbnail wp-post-image\" alt=\"\" srcset=\"https:\/\/kartallaverkosto.fi\/wp-content\/uploads\/2025\/09\/aamukahvit-26.png 1080w, https:\/\/kartallaverkosto.fi\/wp-content\/uploads\/2025\/09\/aamukahvit-26-300x300.png 300w, https:\/\/kartallaverkosto.fi\/wp-content\/uploads\/2025\/09\/aamukahvit-26-1024x1024.png 1024w, https:\/\/kartallaverkosto.fi\/wp-content\/uploads\/2025\/09\/aamukahvit-26-150x150.png 150w, https:\/\/kartallaverkosto.fi\/wp-content\/uploads\/2025\/09\/aamukahvit-26-768x768.png 768w\" sizes=\"auto, (max-width: 1080px) 100vw, 1080px\" \/>                <\/div>\r\n            <\/div>\r\n\r\n                    <div class=\"row event\">\r\n\r\n                <div class=\"col col-12 col-md-8\">\r\n\r\n                    \r\n                    <h2 id=\"kartalle-kestavyystyosta-helsinki\">Kartalle kest\u00e4vyysty\u00f6st\u00e4 Helsinki!<\/h2>\r\n\r\n                                            <h4><svg xmlns=\"http:\/\/www.w3.org\/2000\/svg\" width=\"16\" height=\"16\" fill=\"currentColor\" class=\"bi bi-calendar3\" viewBox=\"0 0 16 16\">\r\n                                <path d=\"M14 0H2a2 2 0 0 0-2 2v12a2 2 0 0 0 2 2h12a2 2 0 0 0 2-2V2a2 2 0 0 0-2-2zM1 3.857C1 3.384 1.448 3 2 3h12c.552 0 1 .384 1 .857v10.286c0 .473-.448.857-1 .857H2c-.552 0-1-.384-1-.857V3.857z\" \/>\r\n                                <path d=\"M6.5 7a1 1 0 1 0 0-2 1 1 0 0 0 0 2zm3 0a1 1 0 1 0 0-2 1 1 0 0 0 0 2zm3 0a1 1 0 1 0 0-2 1 1 0 0 0 0 2zm-9 3a1 1 0 1 0 0-2 1 1 0 0 0 0 2zm3 0a1 1 0 1 0 0-2 1 1 0 0 0 0 2zm3 0a1 1 0 1 0 0-2 1 1 0 0 0 0 2zm-9 3a1 1 0 1 0 0-2 1 1 0 0 0 0 2zm3 0a1 1 0 1 0 0-2 1 1 0 0 0 0 2zm3 0a1 1 0 1 0 0-2 1 1 0 0 0 0 2z\" \/>\r\n                            <\/svg>\r\n                            21.04.2026\r\n                                                            <svg xmlns=\"http:\/\/www.w3.org\/2000\/svg\" width=\"16\" height=\"16\" fill=\"currentColor\" class=\"bi bi-clock\" viewBox=\"0 0 16 16\">\r\n                                    <path d=\"M8 3.5a.5.5 0 0 0-1 0V9a.5.5 0 0 0 .252.434l3.5 2a.5.5 0 0 0 .496-.868L8 8.71z\" \/>\r\n                                    <path d=\"M8 16A8 8 0 1 0 8 0a8 8 0 0 0 0 16m7-8A7 7 0 1 1 1 8a7 7 0 0 1 14 0\" \/>\r\n                                <\/svg>\r\n\r\n                            12:30 &#8211; 16:00                        <\/h4>\r\n                                                    <a href=\"https:\/\/ssl.eventilla.com\/kartalle-kestavyystyosta-helsinki\">Linkki tapahtumaan \/ ilmoittautumiseen<\/a>\r\n                        \r\n                        <div class=\"event-info\">\r\n                            <p><strong>Osallistuminen:<\/strong> paikan p\u00e4\u00e4ll\u00e4<\/p><p><strong>Kategoria:<\/strong> Johtaminen ja toimintakulttuuri, Pedagogiset ratkaisut ja oppimisymp\u00e4rist\u00f6t, Henkil\u00f6st\u00f6n osaaminen ja ammatti-identiteetti, Kumppanuudet<\/p>\r\n                        <\/div>\r\n\r\n                        <p><strong>Alueet Kartalle! -tapahtumat alkavat vuonna 2026<\/strong><\/p>\n<p>Vuonna 2026 Ammatillisen koulutuksen kest\u00e4vyysverkosto tuo kest\u00e4vyysty\u00f6n entist\u00e4 l\u00e4hemm\u00e4s oppilaitosten arkea Alueet kartalle! \u2011tapahtumilla. Kev\u00e4\u00e4n ja syksyn aikana j\u00e4rjestett\u00e4v\u00e4t alueelliset tilaisuudet kokoavat yhteen koulutuksen j\u00e4rjest\u00e4j\u00e4t tarkastelemaan kest\u00e4vyytt\u00e4 oman alueen, oppilaitosten ja ty\u00f6el\u00e4m\u00e4yhteisty\u00f6n n\u00e4k\u00f6kulmasta.<\/p>\n<p><strong>Kartalle kest\u00e4vyysty\u00f6st\u00e4 Helsinki! 21.4.2026<\/strong><\/p>\n<p><strong>Kartalle kest\u00e4vyysty\u00f6st\u00e4 Tampere! 24.9.2026 \u2013 kaksikielisen\u00e4 (FI &amp; SVE) \u00a0<\/strong><\/p>\n<p>Tapahtumat on suunnattu:<\/p>\n<ul>\n<li>ammatillisten oppilaitosten <strong>eri henkil\u00f6st\u00f6ryhmille<\/strong> (johto, opetus, ohjaus, hallinto, kehitt\u00e4minen) \u2013 tapahtumien ty\u00f6pajoista l\u00f6ytyy jokaiselle jotakin<\/li>\n<li>sek\u00e4 kest\u00e4vyyden parissa jo toimiville ett\u00e4 niille, jotka ovat vasta ottamassa ensiaskeleita kest\u00e4vyysty\u00f6ss\u00e4<\/li>\n<\/ul>\n\r\n                <\/div>\r\n                <div class=\"col col-12 col-md-4 image-col\">\r\n                                    <\/div>\r\n            <\/div>\r\n\r\n                    <div class=\"row event\">\r\n\r\n                <div class=\"col col-12 col-md-8\">\r\n\r\n                    \r\n                    <h2 id=\"luonnostu-sanataidetyopajat-luontosuhteesta-ja-kestavasta-elamasta\">Luonnostu! -sanataidety\u00f6pajat luontosuhteesta ja kest\u00e4v\u00e4st\u00e4 el\u00e4m\u00e4st\u00e4<\/h2>\r\n\r\n                                            <h4><svg xmlns=\"http:\/\/www.w3.org\/2000\/svg\" width=\"16\" height=\"16\" fill=\"currentColor\" class=\"bi bi-calendar3\" viewBox=\"0 0 16 16\">\r\n                                <path d=\"M14 0H2a2 2 0 0 0-2 2v12a2 2 0 0 0 2 2h12a2 2 0 0 0 2-2V2a2 2 0 0 0-2-2zM1 3.857C1 3.384 1.448 3 2 3h12c.552 0 1 .384 1 .857v10.286c0 .473-.448.857-1 .857H2c-.552 0-1-.384-1-.857V3.857z\" \/>\r\n                                <path d=\"M6.5 7a1 1 0 1 0 0-2 1 1 0 0 0 0 2zm3 0a1 1 0 1 0 0-2 1 1 0 0 0 0 2zm3 0a1 1 0 1 0 0-2 1 1 0 0 0 0 2zm-9 3a1 1 0 1 0 0-2 1 1 0 0 0 0 2zm3 0a1 1 0 1 0 0-2 1 1 0 0 0 0 2zm3 0a1 1 0 1 0 0-2 1 1 0 0 0 0 2zm-9 3a1 1 0 1 0 0-2 1 1 0 0 0 0 2zm3 0a1 1 0 1 0 0-2 1 1 0 0 0 0 2zm3 0a1 1 0 1 0 0-2 1 1 0 0 0 0 2z\" \/>\r\n                            <\/svg>\r\n                            17.04.2026\r\n                                                            <svg xmlns=\"http:\/\/www.w3.org\/2000\/svg\" width=\"16\" height=\"16\" fill=\"currentColor\" class=\"bi bi-clock\" viewBox=\"0 0 16 16\">\r\n                                    <path d=\"M8 3.5a.5.5 0 0 0-1 0V9a.5.5 0 0 0 .252.434l3.5 2a.5.5 0 0 0 .496-.868L8 8.71z\" \/>\r\n                                    <path d=\"M8 16A8 8 0 1 0 8 0a8 8 0 0 0 0 16m7-8A7 7 0 1 1 1 8a7 7 0 0 1 14 0\" \/>\r\n                                <\/svg>\r\n\r\n                            08:30 &#8211; 09:45                        <\/h4>\r\n                                                    <a href=\"https:\/\/forms.office.com\/e\/UYwdrZ84q0\">Linkki tapahtumaan \/ ilmoittautumiseen<\/a>\r\n                        \r\n                        <div class=\"event-info\">\r\n                            <p><strong>Osallistuminen:<\/strong> et\u00e4tilaisuus<\/p><p><strong>Kategoria:<\/strong> Pedagogiset ratkaisut ja oppimisymp\u00e4rist\u00f6t, Henkil\u00f6st\u00f6n osaaminen ja ammatti-identiteetti<\/p>\r\n                        <\/div>\r\n\r\n                        \r\n                                <div class=\"text-wrap-events\"><p>Kiinnostaako luova kirjoittaminen, ihmisen luontosuhde ja kest\u00e4v\u00e4mm\u00e4n el\u00e4m\u00e4ntavan edist\u00e4minen? Tervetuloa mukaan Luonnostu! &#8211; sanataide- ja luovan kirjoittamisen ty\u00f6pajoihin kev\u00e4\u00e4ll\u00e4 2026.<\/p>\n<p>Luonnostu! -sanataidety\u00f6pajoissa pohdimme yhdess\u00e4 kirjoittaen ja erilaisten sanataideharjoitusten kautta nykyihmisen luontosuhdetta. Lis\u00e4ksi etsimme kirjoittamalla kest\u00e4v\u00e4n el\u00e4m\u00e4n mahdollisuuksia. \u00a0Ty\u00f6pajoissa p\u00e4\u00e4set tutkimaan sanoilla sit\u00e4, miten ymm\u00e4rr\u00e4mme itsemme osaksi luontoa ja miten voisimme omalla toiminnallamme vaalia el\u00e4m\u00e4\u00e4. Lis\u00e4ksi saat ty\u00f6pajoista ev\u00e4it\u00e4 sanataideharjoitusten soveltamiseen kest\u00e4vyysty\u00f6n tai \u2013opetuksen v\u00e4linein\u00e4.<\/p>\n<p>Luonnostu \u2013 sanataidepajoja j\u00e4rjestet\u00e4\u00e4n kev\u00e4\u00e4n 2026 aikana kolme kappaletta. Yhden pajan kesto on 1 h 15 minuuttia ja pajat toteutetaan virtuaalisesti teamsin v\u00e4lityksell\u00e4. Osallistua voi yhteen ty\u00f6pajaan tai halutessaan kaikkiin. Aikaisempaa kirjoittamisharrastusta\/kokemusta ei vaadita.<\/p>\n<p><strong><em>Ty\u00f6pajojen teemat ja tavoitteet:<\/em><\/strong><\/p>\n<p>27.3 klo 8.30\u20139.45: Kirjoita luontosi \u2013 luontosuhteen luonnostelua<\/p>\n<ul>\n<li>T\u00e4ss\u00e4 ty\u00f6pajassa tarkastellaan sanataideharjoituksin ihmisen luontosuhdetta ja sit\u00e4, miten voisimme laajentaa omaa kokemustamme kattamaan my\u00f6s muut lajit.<\/li>\n<\/ul>\n<p>10.4. klo 8.30\u20139.45: Maailmojen rakentuminen\u2013 tutkitaan sanoilla<\/p>\n<ul>\n<li>T\u00e4ss\u00e4 ty\u00f6pajassa pohditaan, miten sanataideharjoituksilla voidaan tarkastella ja tutkia maailmaa sek\u00e4 oppia ihmisen ja muun luonnon yhteenkietoutuneisuudesta.<\/li>\n<\/ul>\n<p>17.4. klo 8.30\u20139.45: Sanoista tulevaisuutta \u2013 vaikuta kirjoittamalla<\/p>\n<ul>\n<li>T\u00e4ss\u00e4 sanataidepajassa kuvitellaan tulevaisuuksia ja otetaan kantaa sanoilla.<\/li>\n<\/ul>\n<p>&nbsp;<\/p>\n<p>Ty\u00f6pajoihin mahtuu mukaan 10 ensiksi ilmoittautunutta!<\/p>\n<p>&nbsp;<\/p>\n<p>Ty\u00f6pajat ohjaa Tiina Taipale, joka toimii Suomen ymp\u00e4rist\u00f6opisto Sykliss\u00e4 vastuullisuusjohtamisen ja kest\u00e4vyyskasvatuksen kouluttajana. Lis\u00e4ksi Tiina on kirjailija ja kouluttautuu sanataideohjaajaksi. Ty\u00f6pajat j\u00e4rjest\u00e4\u00e4 Ammatillisen koulutuksen kest\u00e4vyysverkosto (<a href=\"https:\/\/www.kartallaverkosto.fi\">www.kartallaverkosto.fi<\/a>) ja ne ovat osallistujille maksuttomia.<\/p>\n<\/div>\r\n                        \r\n                <\/div>\r\n                <div class=\"col col-12 col-md-4 image-col\">\r\n                                    <\/div>\r\n            <\/div>\r\n\r\n                    <div class=\"row event\">\r\n\r\n                <div class=\"col col-12 col-md-8\">\r\n\r\n                    \r\n                    <h2 id=\"kestavyysraportointi-oppilaitoksessa\">Kest\u00e4vyysraportointi oppilaitoksessa<\/h2>\r\n\r\n                                            <h4><svg xmlns=\"http:\/\/www.w3.org\/2000\/svg\" width=\"16\" height=\"16\" fill=\"currentColor\" class=\"bi bi-calendar3\" viewBox=\"0 0 16 16\">\r\n                                <path d=\"M14 0H2a2 2 0 0 0-2 2v12a2 2 0 0 0 2 2h12a2 2 0 0 0 2-2V2a2 2 0 0 0-2-2zM1 3.857C1 3.384 1.448 3 2 3h12c.552 0 1 .384 1 .857v10.286c0 .473-.448.857-1 .857H2c-.552 0-1-.384-1-.857V3.857z\" \/>\r\n                                <path d=\"M6.5 7a1 1 0 1 0 0-2 1 1 0 0 0 0 2zm3 0a1 1 0 1 0 0-2 1 1 0 0 0 0 2zm3 0a1 1 0 1 0 0-2 1 1 0 0 0 0 2zm-9 3a1 1 0 1 0 0-2 1 1 0 0 0 0 2zm3 0a1 1 0 1 0 0-2 1 1 0 0 0 0 2zm3 0a1 1 0 1 0 0-2 1 1 0 0 0 0 2zm-9 3a1 1 0 1 0 0-2 1 1 0 0 0 0 2zm3 0a1 1 0 1 0 0-2 1 1 0 0 0 0 2zm3 0a1 1 0 1 0 0-2 1 1 0 0 0 0 2z\" \/>\r\n                            <\/svg>\r\n                            09.04.2026\r\n                                                            <svg xmlns=\"http:\/\/www.w3.org\/2000\/svg\" width=\"16\" height=\"16\" fill=\"currentColor\" class=\"bi bi-clock\" viewBox=\"0 0 16 16\">\r\n                                    <path d=\"M8 3.5a.5.5 0 0 0-1 0V9a.5.5 0 0 0 .252.434l3.5 2a.5.5 0 0 0 .496-.868L8 8.71z\" \/>\r\n                                    <path d=\"M8 16A8 8 0 1 0 8 0a8 8 0 0 0 0 16m7-8A7 7 0 1 1 1 8a7 7 0 0 1 14 0\" \/>\r\n                                <\/svg>\r\n\r\n                            14:00 &#8211; 15:30                        <\/h4>\r\n                                                    <a href=\"https:\/\/ssl.eventilla.com\/kestavyysraportointi-oppilaitoksessa-huhti26\">Linkki tapahtumaan \/ ilmoittautumiseen<\/a>\r\n                        \r\n                        <div class=\"event-info\">\r\n                            <p><strong>Osallistuminen:<\/strong> et\u00e4tilaisuus<\/p><p><strong>Kategoria:<\/strong> Johtaminen ja toimintakulttuuri, Kest\u00e4vyysraportointi<\/p>\r\n                        <\/div>\r\n\r\n                        \r\n                                <div class=\"text-wrap-events\"><p><span lang=\"FI-FI\" xml:lang=\"FI-FI\">Kest\u00e4vyysraportointi yleistyy yrityskent\u00e4ll\u00e4 ja my\u00f6s ammatillisen koulutuksen j\u00e4rjest\u00e4jilt\u00e4 pyydet\u00e4\u00e4n yh\u00e4 useammin erilaista vastuullisuustietoa. T\u00e4ss\u00e4 webinaarissa tutustutaan ammatillisen koulutuksen toimijoiden k\u00e4ytt\u00f6\u00f6n kehitettyyn kest\u00e4vyysraportoinnin pohjaan ja kuullaan esimerkkej\u00e4 kest\u00e4vyysraportoinnista eri oppilaitoksista.\u00a0<\/span><\/p>\n<p><span lang=\"FI-FI\" xml:lang=\"FI-FI\"><span class=\"bold\">Webinaarin puhujat:<\/span><br \/>\nRiikka-Veera Kankaanp\u00e4\u00e4 ja Katariina Mustonen (Suomen ymp\u00e4rist\u00f6opisto Sykli). Lis\u00e4ksi kuulemme esimerkkej\u00e4 eri ammatillisen koulutuksen j\u00e4rjest\u00e4jilt\u00e4.<\/span><\/p>\n<p><span class=\"bold\" lang=\"FI-FI\" xml:lang=\"FI-FI\">Mit\u00e4:<\/span><span lang=\"FI-FI\" xml:lang=\"FI-FI\">\u00a0Kest\u00e4vyysraportointi oppilaitoksessa<\/span><br \/>\n<span class=\"bold\" lang=\"FI-FI\" xml:lang=\"FI-FI\">Miss\u00e4:<\/span><span lang=\"FI-FI\" xml:lang=\"FI-FI\">\u00a0Teams<\/span><br \/>\n<span class=\"bold\" lang=\"FI-FI\" xml:lang=\"FI-FI\">Milloin:<\/span><span lang=\"FI-FI\" xml:lang=\"FI-FI\">\u00a09.4.2026 klo 14-15.30<br \/>\n<\/span><\/p>\n<p><span class=\"italic\" lang=\"FI-FI\" xml:lang=\"FI-FI\"><br \/>\nKoulutukset ovat osa Opetushallituksen rahoittamaa Kartalla \u2013 P\u00e5 Kartan -hanketta. Koulutukset ovat osallistujille maksuttomia.<\/span><span lang=\"FI-FI\" xml:lang=\"FI-FI\"><br \/>\n<\/span><\/p>\n<p><span lang=\"FI-FI\" xml:lang=\"FI-FI\"><span class=\"bold\">Kysy koulutuksesta:<br \/>\nTiina Taipale<br \/>\n<\/span><a href=\"mailto:tiina.taipale@sykli.fi\" target=\"_blank\" rel=\"noopener\">tiina.taipale@sykli.fi<\/a><\/span><\/p>\n<\/div>\r\n                        \r\n                <\/div>\r\n                <div class=\"col col-12 col-md-4 image-col\">\r\n                    <img loading=\"lazy\" decoding=\"async\" width=\"2745\" height=\"1670\" src=\"https:\/\/kartallaverkosto.fi\/wp-content\/uploads\/2024\/11\/vaski-kuvitukset-11.png\" class=\"attachment-post-thumbnail size-post-thumbnail wp-post-image\" alt=\"\" srcset=\"https:\/\/kartallaverkosto.fi\/wp-content\/uploads\/2024\/11\/vaski-kuvitukset-11.png 2745w, https:\/\/kartallaverkosto.fi\/wp-content\/uploads\/2024\/11\/vaski-kuvitukset-11-300x183.png 300w, https:\/\/kartallaverkosto.fi\/wp-content\/uploads\/2024\/11\/vaski-kuvitukset-11-1024x623.png 1024w, https:\/\/kartallaverkosto.fi\/wp-content\/uploads\/2024\/11\/vaski-kuvitukset-11-768x467.png 768w, https:\/\/kartallaverkosto.fi\/wp-content\/uploads\/2024\/11\/vaski-kuvitukset-11-1536x934.png 1536w, https:\/\/kartallaverkosto.fi\/wp-content\/uploads\/2024\/11\/vaski-kuvitukset-11-2048x1246.png 2048w\" sizes=\"auto, (max-width: 2745px) 100vw, 2745px\" \/>                <\/div>\r\n            <\/div>\r\n\r\n                    <div class=\"row event\">\r\n\r\n                <div class=\"col col-12 col-md-8\">\r\n\r\n                    \r\n                    <h2 id=\"pintojen-vastuullisuusiltapaiva-helsingin-maalariammattikoulu\">Pintojen vastuullisuusiltap\u00e4iv\u00e4, Helsingin Maalariammattikoulu<\/h2>\r\n\r\n                                            <h4><svg xmlns=\"http:\/\/www.w3.org\/2000\/svg\" width=\"16\" height=\"16\" fill=\"currentColor\" class=\"bi bi-calendar3\" viewBox=\"0 0 16 16\">\r\n                                <path d=\"M14 0H2a2 2 0 0 0-2 2v12a2 2 0 0 0 2 2h12a2 2 0 0 0 2-2V2a2 2 0 0 0-2-2zM1 3.857C1 3.384 1.448 3 2 3h12c.552 0 1 .384 1 .857v10.286c0 .473-.448.857-1 .857H2c-.552 0-1-.384-1-.857V3.857z\" \/>\r\n                                <path d=\"M6.5 7a1 1 0 1 0 0-2 1 1 0 0 0 0 2zm3 0a1 1 0 1 0 0-2 1 1 0 0 0 0 2zm3 0a1 1 0 1 0 0-2 1 1 0 0 0 0 2zm-9 3a1 1 0 1 0 0-2 1 1 0 0 0 0 2zm3 0a1 1 0 1 0 0-2 1 1 0 0 0 0 2zm3 0a1 1 0 1 0 0-2 1 1 0 0 0 0 2zm-9 3a1 1 0 1 0 0-2 1 1 0 0 0 0 2zm3 0a1 1 0 1 0 0-2 1 1 0 0 0 0 2zm3 0a1 1 0 1 0 0-2 1 1 0 0 0 0 2z\" \/>\r\n                            <\/svg>\r\n                            08.04.2026\r\n                                                            <svg xmlns=\"http:\/\/www.w3.org\/2000\/svg\" width=\"16\" height=\"16\" fill=\"currentColor\" class=\"bi bi-clock\" viewBox=\"0 0 16 16\">\r\n                                    <path d=\"M8 3.5a.5.5 0 0 0-1 0V9a.5.5 0 0 0 .252.434l3.5 2a.5.5 0 0 0 .496-.868L8 8.71z\" \/>\r\n                                    <path d=\"M8 16A8 8 0 1 0 8 0a8 8 0 0 0 0 16m7-8A7 7 0 1 1 1 8a7 7 0 0 1 14 0\" \/>\r\n                                <\/svg>\r\n\r\n                            12:00 &#8211; 16:30                        <\/h4>\r\n                                                    <a href=\"https:\/\/forms.office.com\/pages\/responsepage.aspx?id=zM3NvrB0oEq5zdlMtR9a2w4xsB8W3xNDj_1kRi8ZizFUMEM1MTVMUjRaNUE4TjlKUEZJNTFNS0IxVy4u&#038;route=shorturl\">Linkki tapahtumaan \/ ilmoittautumiseen<\/a>\r\n                        \r\n                        <div class=\"event-info\">\r\n                            <p><strong>Osallistuminen:<\/strong> paikan p\u00e4\u00e4ll\u00e4<\/p><p><strong>Kategoria:<\/strong> Henkil\u00f6st\u00f6n osaaminen ja ammatti-identiteetti<\/p><p><strong>Alakohtainen verkosto:<\/strong> Muut alat<\/p>\r\n                        <\/div>\r\n\r\n                        \r\n                                <div class=\"text-wrap-events\"><div><b data-olk-copy-source=\"MessageBody\">Tervetuloa mukaan Helsingin Maalariammattikoulun vastuullisuusiltap\u00e4iv\u00e4\u00e4n keskiviikkona 8.4.2026 klo 12.00\u201316.30!<\/b><\/div>\n<div>Tapahtumamme tarjoaa ainutlaatuisen tilaisuuden sukeltaa pintak\u00e4sittely- ja taideteollisuusalan vastuullisuuskysymyksiin. Inspiroivat luennot k\u00e4sittelev\u00e4t alan ajankohtaisia teemoja ja tarjoavat syv\u00e4llist\u00e4 n\u00e4k\u00f6kulmaa tulevaisuuden haasteisiin ja mahdollisuuksiin. Varmistuneet puhujat kertovat meille sosiaalisesti, taloudellisesti ja ekologisesti kest\u00e4v\u00e4st\u00e4 pintojen parissa ty\u00f6skentelyst\u00e4.<\/div>\n<div>Luentojen j\u00e4lkeen jatkamme ty\u00f6pajassa, jossa keskitymme alan kest\u00e4v\u00e4n tulevaisuuden rakentamiseen. Ty\u00f6pajan j\u00e4lkeen kutsumme sinut jatkamaan keskustelua herkullisen pizzan \u00e4\u00e4rell\u00e4. Ilmoittautuminen pizzaillalliselle on sitova &#8211; paikkoja on rajoitetusti, joten ole nopea!<\/div>\n<div><\/div>\n<div><\/div>\n<div>Tilaisuus on suunnattu\u00a0<b>alan opettajille ja yritysten edustajille<\/b>. Olitpa sitten ty\u00f6el\u00e4m\u00e4ohjaaja tai yrityksen omistaja, t\u00e4m\u00e4 on erinomainen tilaisuus oppia uutta ja verkostoitua muiden ammattilaisten kanssa.<\/div>\n<div><\/div>\n<div><\/div>\n<div>L\u00e4mpim\u00e4sti tervetuloa mukaan oppimaan ja luomaan kontakteja!<\/div>\n<div><\/div>\n<div><\/div>\n<div>P\u00e4\u00e4set ilmoittautumaan tapahtumaan\u00a0<a id=\"OWAe2c2d56a-474a-bfcc-4fdb-86ee209bff56\" title=\"Alkuper\u00e4inen URL-osoite: https:\/\/forms.office.com\/e\/wSfyM3Kt4G. Napsauta tai napauta, jos luotat t\u00e4h\u00e4n linkkiin.\" href=\"https:\/\/eur02.safelinks.protection.outlook.com\/?url=https%3A%2F%2Fforms.office.com%2Fe%2FwSfyM3Kt4G&amp;data=05%7C02%7C%7C9c2a6dfd07914330f6aa08de7b4905ee%7Cba786a811f15494e8af9b6050456db10%7C0%7C0%7C639083752642780182%7CUnknown%7CTWFpbGZsb3d8eyJFbXB0eU1hcGkiOnRydWUsIlYiOiIwLjAuMDAwMCIsIlAiOiJXaW4zMiIsIkFOIjoiTWFpbCIsIldUIjoyfQ%3D%3D%7C60000%7C%7C%7C&amp;sdata=7bef5Qxn%2BjP6WIUD1xKawx%2BgAmTcF7TlslPqhkL9oP8%3D&amp;reserved=0\" data-linkindex=\"0\" data-auth=\"NotApplicable\">t\u00e4m\u00e4n linkin<\/a>\u00a0kautta. L\u00f6yd\u00e4t sielt\u00e4 my\u00f6s aikataulun ja tarkempaa tietoa tapahtumasta.<\/div>\n<div><\/div>\n<div><\/div>\n<div>Ilmoittauduthan viimeist\u00e4\u00e4n sunnuntaina 15.03.2026!<\/div>\n<div><\/div>\n<div><\/div>\n<div>Tervetuloa mukaan!<\/div>\n<div><\/div>\n<div><\/div>\n<div><b>Lis\u00e4tietoja\u00a0tapahtumasta\u00a0antaa:<\/b><\/div>\n<div>Elise Nyyss\u00f6nen,\u00a0apulaisrehtori,<\/div>\n<div>0504110110<\/div>\n<div>elise.nyyssonen@hmak.com<\/div>\n<\/div>\r\n                        \r\n                <\/div>\r\n                <div class=\"col col-12 col-md-4 image-col\">\r\n                                    <\/div>\r\n            <\/div>\r\n\r\n                    <div class=\"row event\">\r\n\r\n                <div class=\"col col-12 col-md-8\">\r\n\r\n                    \r\n                    <h2 id=\"hyvinvointia-luonnosta\">Hyvinvointia luonnosta<\/h2>\r\n\r\n                                            <h4><svg xmlns=\"http:\/\/www.w3.org\/2000\/svg\" width=\"16\" height=\"16\" fill=\"currentColor\" class=\"bi bi-calendar3\" viewBox=\"0 0 16 16\">\r\n                                <path d=\"M14 0H2a2 2 0 0 0-2 2v12a2 2 0 0 0 2 2h12a2 2 0 0 0 2-2V2a2 2 0 0 0-2-2zM1 3.857C1 3.384 1.448 3 2 3h12c.552 0 1 .384 1 .857v10.286c0 .473-.448.857-1 .857H2c-.552 0-1-.384-1-.857V3.857z\" \/>\r\n                                <path d=\"M6.5 7a1 1 0 1 0 0-2 1 1 0 0 0 0 2zm3 0a1 1 0 1 0 0-2 1 1 0 0 0 0 2zm3 0a1 1 0 1 0 0-2 1 1 0 0 0 0 2zm-9 3a1 1 0 1 0 0-2 1 1 0 0 0 0 2zm3 0a1 1 0 1 0 0-2 1 1 0 0 0 0 2zm3 0a1 1 0 1 0 0-2 1 1 0 0 0 0 2zm-9 3a1 1 0 1 0 0-2 1 1 0 0 0 0 2zm3 0a1 1 0 1 0 0-2 1 1 0 0 0 0 2zm3 0a1 1 0 1 0 0-2 1 1 0 0 0 0 2z\" \/>\r\n                            <\/svg>\r\n                            31.03.2026\r\n                                                            <svg xmlns=\"http:\/\/www.w3.org\/2000\/svg\" width=\"16\" height=\"16\" fill=\"currentColor\" class=\"bi bi-clock\" viewBox=\"0 0 16 16\">\r\n                                    <path d=\"M8 3.5a.5.5 0 0 0-1 0V9a.5.5 0 0 0 .252.434l3.5 2a.5.5 0 0 0 .496-.868L8 8.71z\" \/>\r\n                                    <path d=\"M8 16A8 8 0 1 0 8 0a8 8 0 0 0 0 16m7-8A7 7 0 1 1 1 8a7 7 0 0 1 14 0\" \/>\r\n                                <\/svg>\r\n\r\n                            13:00 &#8211; 15:30                        <\/h4>\r\n                                                    <a href=\"https:\/\/ssl.eventilla.com\/hyvinvointia-luonnosta-maalis2026\">Linkki tapahtumaan \/ ilmoittautumiseen<\/a>\r\n                        \r\n                        <div class=\"event-info\">\r\n                            <p><strong>Osallistuminen:<\/strong> et\u00e4tilaisuus<\/p><p><strong>Kategoria:<\/strong> Pedagogiset ratkaisut ja oppimisymp\u00e4rist\u00f6t, Henkil\u00f6st\u00f6n osaaminen ja ammatti-identiteetti<\/p>\r\n                        <\/div>\r\n\r\n                        \r\n                                <div class=\"text-wrap-events\"><p><span lang=\"FI-FI\" xml:lang=\"FI-FI\">Hyvinvointia luonnosta -koulutus<\/span>\u00a0<span lang=\"FI-FI\" xml:lang=\"FI-FI\">tarjoaa uusinta tietoa luonnon hyvinvointivaikutuksista sek\u00e4 niiden yhdist\u00e4misest\u00e4 oppilaitosarkeen. Mukana on inspiroivia puhujia, jotka valottavat puheenvuoroissaan tutkimusperusteisia syit\u00e4 ja tapoja monimuotoisen luontosuhteen luomiseen ja toteuttamiseen.<\/span><\/p>\n<p><span class=\"bold\" lang=\"FI-FI\" xml:lang=\"FI-FI\">Mit\u00e4:<\/span><span lang=\"FI-FI\" xml:lang=\"FI-FI\">\u00a0Hyvinvointia luonnosta -koulutus<\/span><br \/>\n<span class=\"bold\" lang=\"FI-FI\" xml:lang=\"FI-FI\">Miss\u00e4:<\/span><span lang=\"FI-FI\" xml:lang=\"FI-FI\">\u00a0Teams<\/span><br \/>\n<span class=\"bold\" lang=\"FI-FI\" xml:lang=\"FI-FI\">Milloin:<\/span><span lang=\"FI-FI\" xml:lang=\"FI-FI\">\u00a031.3.2026 klo 13-15:30<\/p>\n<p><\/span><\/p>\n<p><span lang=\"FI-FI\" xml:lang=\"FI-FI\">T\u00e4m\u00e4 koulutus on osa\u00a0<\/span><span lang=\"FI-FI\" xml:lang=\"FI-FI\"><span class=\"bold\">Lumoudu luonnosta -koulutuspolkua<\/span>. Kartalla-hanke haastaa ammatillisissa oppilaitoksissa ty\u00f6skentelevi\u00e4 ja opiskelevia syvent\u00e4m\u00e4\u00e4n omaa luontosuhdettaan ja valjastamaan luonnon hyvinvointivaikutukset tukemaan oppimista ja koko oppilaitosyhteis\u00f6n hyvinvointia. Lumoudu luonnosta -koulutuspolku tarjoaa helpon tavan vastata haasteeseen ja sukeltaa l\u00e4hiluontoon yhdess\u00e4 opiskelijoiden ja kollegoiden kanssa.\u00a0<\/span><\/p>\n<p><span class=\"italic\" lang=\"FI-FI\" xml:lang=\"FI-FI\"><br \/>\nKoulutukset ovat osa Opetushallituksen rahoittamaa Kartalla \u2013 P\u00e5 Kartan -hanketta. Koulutukset ovat osallistujille maksuttomia.<\/span><span lang=\"FI-FI\" xml:lang=\"FI-FI\"><br \/>\n<\/span><\/p>\n<p><span lang=\"FI-FI\" xml:lang=\"FI-FI\"><span class=\"bold\">Kysy koulutuksesta:<br \/>\nElina Hinkkanen<br \/>\n<\/span><a href=\"mailto:elina.hinkkanen@sykli.fi\" target=\"_blank\" rel=\"noopener\">elina.hinkkanen@sykli.fi<\/a><\/span><\/p>\n<\/div>\r\n                        \r\n                <\/div>\r\n                <div class=\"col col-12 col-md-4 image-col\">\r\n                    <img loading=\"lazy\" decoding=\"async\" width=\"314\" height=\"314\" src=\"https:\/\/kartallaverkosto.fi\/wp-content\/uploads\/2025\/08\/kartalla-pallo-22x.png\" class=\"attachment-post-thumbnail size-post-thumbnail wp-post-image\" alt=\"\" srcset=\"https:\/\/kartallaverkosto.fi\/wp-content\/uploads\/2025\/08\/kartalla-pallo-22x.png 314w, https:\/\/kartallaverkosto.fi\/wp-content\/uploads\/2025\/08\/kartalla-pallo-22x-300x300.png 300w, https:\/\/kartallaverkosto.fi\/wp-content\/uploads\/2025\/08\/kartalla-pallo-22x-150x150.png 150w\" sizes=\"auto, (max-width: 314px) 100vw, 314px\" \/>                <\/div>\r\n            <\/div>\r\n\r\n                    <div class=\"row event\">\r\n\r\n                <div class=\"col col-12 col-md-8\">\r\n\r\n                    \r\n                    <h2 id=\"kestavyysosaamisen-pehmeat-taidot\">Kest\u00e4vyysosaamisen pehme\u00e4t taidot<\/h2>\r\n\r\n                                            <h4><svg xmlns=\"http:\/\/www.w3.org\/2000\/svg\" width=\"16\" height=\"16\" fill=\"currentColor\" class=\"bi bi-calendar3\" viewBox=\"0 0 16 16\">\r\n                                <path d=\"M14 0H2a2 2 0 0 0-2 2v12a2 2 0 0 0 2 2h12a2 2 0 0 0 2-2V2a2 2 0 0 0-2-2zM1 3.857C1 3.384 1.448 3 2 3h12c.552 0 1 .384 1 .857v10.286c0 .473-.448.857-1 .857H2c-.552 0-1-.384-1-.857V3.857z\" \/>\r\n                                <path d=\"M6.5 7a1 1 0 1 0 0-2 1 1 0 0 0 0 2zm3 0a1 1 0 1 0 0-2 1 1 0 0 0 0 2zm3 0a1 1 0 1 0 0-2 1 1 0 0 0 0 2zm-9 3a1 1 0 1 0 0-2 1 1 0 0 0 0 2zm3 0a1 1 0 1 0 0-2 1 1 0 0 0 0 2zm3 0a1 1 0 1 0 0-2 1 1 0 0 0 0 2zm-9 3a1 1 0 1 0 0-2 1 1 0 0 0 0 2zm3 0a1 1 0 1 0 0-2 1 1 0 0 0 0 2zm3 0a1 1 0 1 0 0-2 1 1 0 0 0 0 2z\" \/>\r\n                            <\/svg>\r\n                            26.03.2026\r\n                                                            <svg xmlns=\"http:\/\/www.w3.org\/2000\/svg\" width=\"16\" height=\"16\" fill=\"currentColor\" class=\"bi bi-clock\" viewBox=\"0 0 16 16\">\r\n                                    <path d=\"M8 3.5a.5.5 0 0 0-1 0V9a.5.5 0 0 0 .252.434l3.5 2a.5.5 0 0 0 .496-.868L8 8.71z\" \/>\r\n                                    <path d=\"M8 16A8 8 0 1 0 8 0a8 8 0 0 0 0 16m7-8A7 7 0 1 1 1 8a7 7 0 0 1 14 0\" \/>\r\n                                <\/svg>\r\n\r\n                            09:00 &#8211;                                 <svg xmlns=\"http:\/\/www.w3.org\/2000\/svg\" width=\"16\" height=\"16\" fill=\"currentColor\" class=\"bi bi-calendar3\" viewBox=\"0 0 16 16\">\r\n                                    <path d=\"M14 0H2a2 2 0 0 0-2 2v12a2 2 0 0 0 2 2h12a2 2 0 0 0 2-2V2a2 2 0 0 0-2-2zM1 3.857C1 3.384 1.448 3 2 3h12c.552 0 1 .384 1 .857v10.286c0 .473-.448.857-1 .857H2c-.552 0-1-.384-1-.857V3.857z\" \/>\r\n                                    <path d=\"M6.5 7a1 1 0 1 0 0-2 1 1 0 0 0 0 2zm3 0a1 1 0 1 0 0-2 1 1 0 0 0 0 2zm3 0a1 1 0 1 0 0-2 1 1 0 0 0 0 2zm-9 3a1 1 0 1 0 0-2 1 1 0 0 0 0 2zm3 0a1 1 0 1 0 0-2 1 1 0 0 0 0 2zm3 0a1 1 0 1 0 0-2 1 1 0 0 0 0 2zm-9 3a1 1 0 1 0 0-2 1 1 0 0 0 0 2zm3 0a1 1 0 1 0 0-2 1 1 0 0 0 0 2zm3 0a1 1 0 1 0 0-2 1 1 0 0 0 0 2z\" \/>\r\n                                <\/svg>\r\n                                08.04.2026                                    <svg xmlns=\"http:\/\/www.w3.org\/2000\/svg\" width=\"16\" height=\"16\" fill=\"currentColor\" class=\"bi bi-clock\" viewBox=\"0 0 16 16\">\r\n                                        <path d=\"M8 3.5a.5.5 0 0 0-1 0V9a.5.5 0 0 0 .252.434l3.5 2a.5.5 0 0 0 .496-.868L8 8.71z\" \/>\r\n                                        <path d=\"M8 16A8 8 0 1 0 8 0a8 8 0 0 0 0 16m7-8A7 7 0 1 1 1 8a7 7 0 0 1 14 0\" \/>\r\n                                    <\/svg>\r\n                        12:00                        <\/h4>\r\n                                                    <a href=\"https:\/\/ssl.eventilla.com\/mastery\">Linkki tapahtumaan \/ ilmoittautumiseen<\/a>\r\n                        \r\n                        <div class=\"event-info\">\r\n                            <p><strong>Osallistuminen:<\/strong> hybridi<\/p><p><strong>Kategoria:<\/strong> Johtaminen ja toimintakulttuuri, Pedagogiset ratkaisut ja oppimisymp\u00e4rist\u00f6t, Henkil\u00f6st\u00f6n osaaminen ja ammatti-identiteetti, Ymp\u00e4rist\u00f6k\u00e4denj\u00e4lki<\/p><p><strong>Alakohtainen verkosto:<\/strong> Luonnonvara, Kaupan ala, Matkailu- ja ravintola-ala, Elintarvikeala, Koulutus- kasvatus, ohjausala, Finanssi-ala, Luonto- ja ymp\u00e4rist\u00f6ala, Muut alat<\/p>\r\n                        <\/div>\r\n\r\n                        \r\n                                <div class=\"text-wrap-events\"><p>Ala kartuttamaan omaa osaamismerkist\u00f6\u00e4! T\u00e4m\u00e4 koulutus sis\u00e4lt\u00e4\u00e4 mikrokredentiaali-verkkokurssin sek\u00e4 l\u00e4hip\u00e4iv\u00e4t, jotka syvent\u00e4v\u00e4t pohdintaa ja tarjoavat ainutlaatuisen p\u00e4iv\u00e4n luonnon parissa sek\u00e4 yhdess\u00e4 luonnosta oppien.<br \/>\nKoulutus tarjoaa sinulle selke\u00e4n ja inspiroivan katsauksen kest\u00e4v\u00e4n kehityksen periaatteisiin, planetaarisiin rajoihin ja vihre\u00e4n siirtym\u00e4n taustalla vaikuttaviin voimiin. Opit katselemaan maailmaa kokonaisvaltaisesti \u2013 tunnistamaan yhteydet ihmisen, luonnon ja kulttuurin v\u00e4lill\u00e4 sek\u00e4 arvostamaan monimuotoisuutta ja perinteist\u00e4 tietoa. Koulutus antaa sinulle konkreettisia taitoja ja ty\u00f6kaluja, joilla voit edist\u00e4\u00e4 kest\u00e4vyytt\u00e4 omassa ymp\u00e4rist\u00f6ss\u00e4si osana omaa ty\u00f6t\u00e4si ja arvioida omaa suhdetta luontoon ja tulevaisuuteen.<br \/>\nKoulutus sis\u00e4lt\u00e4\u00e4 verkkokurssin ja 2x 0,5 l\u00e4hiopetusp\u00e4iv\u00e4\u00e4 sek\u00e4 kokonaisen oppimisp\u00e4iv\u00e4n Nuuksion luonnossa.<br \/>\nKoulutus on maksuton. Koulutus on osa Mastery-hanketta, joka on Euroopan Unionin rahoittama kansainv\u00e4linen hanke.<br \/>\nKoulutus soveltuu esimerkiksi opettajille, ammatilisen koulutuksen EAT -opiskelijoille sek\u00e4 jo ty\u00f6el\u00e4m\u00e4ss\u00e4 toimiville erialojen ammattilaisille.<br \/>\nLis\u00e4tietoa: https:\/\/ssl.eventilla.com\/mastery<br \/>\nkatariina.mustonen@sykli.fi<\/p>\n<\/div>\r\n                        \r\n                <\/div>\r\n                <div class=\"col col-12 col-md-4 image-col\">\r\n                    <img loading=\"lazy\" decoding=\"async\" width=\"1080\" height=\"1350\" src=\"https:\/\/kartallaverkosto.fi\/wp-content\/uploads\/2026\/02\/mastery-koulutus.png\" class=\"attachment-post-thumbnail size-post-thumbnail wp-post-image\" alt=\"\" srcset=\"https:\/\/kartallaverkosto.fi\/wp-content\/uploads\/2026\/02\/mastery-koulutus.png 1080w, https:\/\/kartallaverkosto.fi\/wp-content\/uploads\/2026\/02\/mastery-koulutus-240x300.png 240w, https:\/\/kartallaverkosto.fi\/wp-content\/uploads\/2026\/02\/mastery-koulutus-819x1024.png 819w, https:\/\/kartallaverkosto.fi\/wp-content\/uploads\/2026\/02\/mastery-koulutus-768x960.png 768w\" sizes=\"auto, (max-width: 1080px) 100vw, 1080px\" \/>                <\/div>\r\n            <\/div>\r\n\r\n                    <div class=\"row event\">\r\n\r\n                <div class=\"col col-12 col-md-8\">\r\n\r\n                    \r\n                    <h2 id=\"syrjimaton-tyoelama\">Syrjim\u00e4t\u00f6n ty\u00f6el\u00e4m\u00e4<\/h2>\r\n\r\n                                            <h4><svg xmlns=\"http:\/\/www.w3.org\/2000\/svg\" width=\"16\" height=\"16\" fill=\"currentColor\" class=\"bi bi-calendar3\" viewBox=\"0 0 16 16\">\r\n                                <path d=\"M14 0H2a2 2 0 0 0-2 2v12a2 2 0 0 0 2 2h12a2 2 0 0 0 2-2V2a2 2 0 0 0-2-2zM1 3.857C1 3.384 1.448 3 2 3h12c.552 0 1 .384 1 .857v10.286c0 .473-.448.857-1 .857H2c-.552 0-1-.384-1-.857V3.857z\" \/>\r\n                                <path d=\"M6.5 7a1 1 0 1 0 0-2 1 1 0 0 0 0 2zm3 0a1 1 0 1 0 0-2 1 1 0 0 0 0 2zm3 0a1 1 0 1 0 0-2 1 1 0 0 0 0 2zm-9 3a1 1 0 1 0 0-2 1 1 0 0 0 0 2zm3 0a1 1 0 1 0 0-2 1 1 0 0 0 0 2zm3 0a1 1 0 1 0 0-2 1 1 0 0 0 0 2zm-9 3a1 1 0 1 0 0-2 1 1 0 0 0 0 2zm3 0a1 1 0 1 0 0-2 1 1 0 0 0 0 2zm3 0a1 1 0 1 0 0-2 1 1 0 0 0 0 2z\" \/>\r\n                            <\/svg>\r\n                            19.03.2026\r\n                                                            <svg xmlns=\"http:\/\/www.w3.org\/2000\/svg\" width=\"16\" height=\"16\" fill=\"currentColor\" class=\"bi bi-clock\" viewBox=\"0 0 16 16\">\r\n                                    <path d=\"M8 3.5a.5.5 0 0 0-1 0V9a.5.5 0 0 0 .252.434l3.5 2a.5.5 0 0 0 .496-.868L8 8.71z\" \/>\r\n                                    <path d=\"M8 16A8 8 0 1 0 8 0a8 8 0 0 0 0 16m7-8A7 7 0 1 1 1 8a7 7 0 0 1 14 0\" \/>\r\n                                <\/svg>\r\n\r\n                            13:00 &#8211; 15:00                        <\/h4>\r\n                                                    <a href=\"https:\/\/ssl.eventilla.com\/syrjimaton-tyoelama-maalis2026\">Linkki tapahtumaan \/ ilmoittautumiseen<\/a>\r\n                        \r\n                        <div class=\"event-info\">\r\n                            <p><strong>Osallistuminen:<\/strong> et\u00e4tilaisuus<\/p><p><strong>Kategoria:<\/strong> Pedagogiset ratkaisut ja oppimisymp\u00e4rist\u00f6t, Henkil\u00f6st\u00f6n osaaminen ja ammatti-identiteetti<\/p>\r\n                        <\/div>\r\n\r\n                        \r\n                                <div class=\"text-wrap-events\"><p><span lang=\"FI-FI\" xml:lang=\"FI-FI\">Koulutuksessa tarkastellaan ty\u00f6el\u00e4m\u00e4\u00e4 ja pohditaan jokaisen osuutta syrjim\u00e4tt\u00f6m\u00e4n ja tasa-arvoisen ty\u00f6el\u00e4m\u00e4n rakentajana. Koulutuksessa kuullaan erilaisia asiantuntija- ja kokemuspuheenvuoroja. Koulutus antaa n\u00e4k\u00f6kulmaa ja ideoita siihen, millaisia sis\u00e4lt\u00f6j\u00e4 voidaan ottaa osaksi uudistuneiden kaikille yhteisten tutkinnon osien Yhteiskunta ja ty\u00f6el\u00e4m\u00e4osaaminen -kursseihin.<\/span><\/p>\n<p>Koulutuksessa mukana:<\/p>\n<ul>\n<li><strong>VIERKOn monipuoliset julkaisut ja materiaalit<\/strong>: <em>Liisa Pylv\u00e4n\u00e4inen<\/em>, Jyv\u00e4skyl\u00e4n koulutuskuntayhtym\u00e4 Gradia<\/li>\n<li><strong>Akseli-mallin kokemuksia ty\u00f6el\u00e4m\u00e4yhteisty\u00f6st\u00e4<\/strong>: <em>Tom F\u00e4rm<\/em>, Spesia<\/li>\n<li><em>Katariina Mustonen<\/em>, Suomen ymp\u00e4rist\u00f6opisto Sykli<\/li>\n<\/ul>\n<p><span lang=\"FI-FI\" xml:lang=\"FI-FI\">Lis\u00e4ksi kouluttajina toimiv <\/span><span lang=\"FI-FI\" xml:lang=\"FI-FI\">Katariina Mustonen ja vierailevat asiantuntijat (p\u00e4ivitet\u00e4\u00e4n my\u00f6hemmin).<\/span><\/p>\n<p><span class=\"bold\" lang=\"FI-FI\" xml:lang=\"FI-FI\">Mit\u00e4:<\/span><span lang=\"FI-FI\" xml:lang=\"FI-FI\">\u00a0Syrjim\u00e4t\u00f6n ty\u00f6el\u00e4m\u00e4 -koulutus<\/span><br \/>\n<span class=\"bold\" lang=\"FI-FI\" xml:lang=\"FI-FI\">Miss\u00e4:<\/span><span lang=\"FI-FI\" xml:lang=\"FI-FI\">\u00a0Teams<\/span><br \/>\n<span class=\"bold\" lang=\"FI-FI\" xml:lang=\"FI-FI\">Milloin:<\/span><span lang=\"FI-FI\" xml:lang=\"FI-FI\">\u00a019.3.2026 klo 13-15<\/span><\/p>\n<p><span class=\"italic\" lang=\"FI-FI\" xml:lang=\"FI-FI\"><br \/>\nKoulutukset ovat osa Opetushallituksen rahoittamaa Kartalla \u2013 P\u00e5 Kartan -hanketta. Koulutukset ovat osallistujille maksuttomia.<\/span><span lang=\"FI-FI\" xml:lang=\"FI-FI\"><br \/>\n<\/span><\/p>\n<p><span lang=\"FI-FI\" xml:lang=\"FI-FI\"><span class=\"bold\">Kysy koulutuksesta:<br \/>\nKatariina Mustonen<br \/>\n<a href=\"mailto:katariina.mustonen@sykli.fi\" target=\"_blank\" rel=\"noopener\">katariina.mustonen@sykli.fi<\/a><\/span><\/span><\/p>\n<\/div>\r\n                        \r\n                <\/div>\r\n                <div class=\"col col-12 col-md-4 image-col\">\r\n                    <img loading=\"lazy\" decoding=\"async\" width=\"2373\" height=\"1670\" src=\"https:\/\/kartallaverkosto.fi\/wp-content\/uploads\/2024\/11\/vaski-kuvitukset-13-1.png\" class=\"attachment-post-thumbnail size-post-thumbnail wp-post-image\" alt=\"\" srcset=\"https:\/\/kartallaverkosto.fi\/wp-content\/uploads\/2024\/11\/vaski-kuvitukset-13-1.png 2373w, https:\/\/kartallaverkosto.fi\/wp-content\/uploads\/2024\/11\/vaski-kuvitukset-13-1-300x211.png 300w, https:\/\/kartallaverkosto.fi\/wp-content\/uploads\/2024\/11\/vaski-kuvitukset-13-1-1024x721.png 1024w, https:\/\/kartallaverkosto.fi\/wp-content\/uploads\/2024\/11\/vaski-kuvitukset-13-1-768x540.png 768w, https:\/\/kartallaverkosto.fi\/wp-content\/uploads\/2024\/11\/vaski-kuvitukset-13-1-1536x1081.png 1536w, https:\/\/kartallaverkosto.fi\/wp-content\/uploads\/2024\/11\/vaski-kuvitukset-13-1-2048x1441.png 2048w\" sizes=\"auto, (max-width: 2373px) 100vw, 2373px\" \/>                <\/div>\r\n            <\/div>\r\n\r\n                    <div class=\"row event\">\r\n\r\n                <div class=\"col col-12 col-md-8\">\r\n\r\n                    \r\n                    <h2 id=\"ammatillisen-oppilaitoksen-paastovahennyspolut-koulutus\">Ammatillisen oppilaitoksen p\u00e4\u00e4st\u00f6v\u00e4hennyspolut -koulutus<\/h2>\r\n\r\n                                            <h4><svg xmlns=\"http:\/\/www.w3.org\/2000\/svg\" width=\"16\" height=\"16\" fill=\"currentColor\" class=\"bi bi-calendar3\" viewBox=\"0 0 16 16\">\r\n                                <path d=\"M14 0H2a2 2 0 0 0-2 2v12a2 2 0 0 0 2 2h12a2 2 0 0 0 2-2V2a2 2 0 0 0-2-2zM1 3.857C1 3.384 1.448 3 2 3h12c.552 0 1 .384 1 .857v10.286c0 .473-.448.857-1 .857H2c-.552 0-1-.384-1-.857V3.857z\" \/>\r\n                                <path d=\"M6.5 7a1 1 0 1 0 0-2 1 1 0 0 0 0 2zm3 0a1 1 0 1 0 0-2 1 1 0 0 0 0 2zm3 0a1 1 0 1 0 0-2 1 1 0 0 0 0 2zm-9 3a1 1 0 1 0 0-2 1 1 0 0 0 0 2zm3 0a1 1 0 1 0 0-2 1 1 0 0 0 0 2zm3 0a1 1 0 1 0 0-2 1 1 0 0 0 0 2zm-9 3a1 1 0 1 0 0-2 1 1 0 0 0 0 2zm3 0a1 1 0 1 0 0-2 1 1 0 0 0 0 2zm3 0a1 1 0 1 0 0-2 1 1 0 0 0 0 2z\" \/>\r\n                            <\/svg>\r\n                            10.03.2026\r\n                                                            <svg xmlns=\"http:\/\/www.w3.org\/2000\/svg\" width=\"16\" height=\"16\" fill=\"currentColor\" class=\"bi bi-clock\" viewBox=\"0 0 16 16\">\r\n                                    <path d=\"M8 3.5a.5.5 0 0 0-1 0V9a.5.5 0 0 0 .252.434l3.5 2a.5.5 0 0 0 .496-.868L8 8.71z\" \/>\r\n                                    <path d=\"M8 16A8 8 0 1 0 8 0a8 8 0 0 0 0 16m7-8A7 7 0 1 1 1 8a7 7 0 0 1 14 0\" \/>\r\n                                <\/svg>\r\n\r\n                            13:00 &#8211; 15:00                        <\/h4>\r\n                                                    <a href=\"https:\/\/ssl.eventilla.com\/paastovahennyspolut-maalis26\">Linkki tapahtumaan \/ ilmoittautumiseen<\/a>\r\n                        \r\n                        <div class=\"event-info\">\r\n                            <p><strong>Osallistuminen:<\/strong> et\u00e4tilaisuus<\/p><p><strong>Kategoria:<\/strong> Hiilineutraalius, Kest\u00e4vyysraportointi, Ymp\u00e4rist\u00f6jalanj\u00e4lki<\/p>\r\n                        <\/div>\r\n\r\n                        \r\n                                <div class=\"text-wrap-events\"><p><span lang=\"FI-FI\" xml:lang=\"FI-FI\">Hiilijalanj\u00e4lkilaskenta ei ole p\u00e4\u00e4m\u00e4\u00e4r\u00e4\u00e4 itsess\u00e4\u00e4n, vaan t\u00e4rke\u00e4 v\u00e4livaihe varsinaiseen tavoitteeseen eli p\u00e4\u00e4st\u00f6jen v\u00e4hent\u00e4miseen pyritt\u00e4ess\u00e4.\u00a0 T\u00e4ss\u00e4 hiilijalanj\u00e4lkilaskennan koulutuspolun koulutuksessa keskitymme p\u00e4\u00e4st\u00f6v\u00e4hennyspolkujen muodostamiseen ja keinoihin pienent\u00e4\u00e4 oppilaitosten hiilijalanj\u00e4lke\u00e4 suunnitelmallisesta ja tavoitteellisesti.\u00a0\u00a0<\/span><\/p>\n<p><span lang=\"FI-FI\" xml:lang=\"FI-FI\">T\u00e4m\u00e4 koulutus tarjoaa tukea siihen, mit\u00e4 ammatillisen koulutuksen j\u00e4rjest\u00e4j\u00e4n kannattaa tehd\u00e4 hiilijalanj\u00e4ljen laskennan j\u00e4lkeen. Mit\u00e4 tehd\u00e4 laskennan tuloksella ja miten siit\u00e4 kannattaa puhua? Mit\u00e4 pit\u00e4\u00e4 huomioida suunnitellessa p\u00e4\u00e4st\u00f6v\u00e4hennyspolkuja? Koulutukseen osallistumisen j\u00e4lkeen laskentaan ja p\u00e4\u00e4st\u00f6v\u00e4hennyspolkuihin saa tukea Ihan hiilen\u00e4 -hiilijalanj\u00e4lkilaskennan klinikoilta.\u202fVerkoston j\u00e4sensivustolta l\u00f6ytyy materiaalit hiilijalanj\u00e4lkilaskennan perusteet -koulutuksesta, jota suosittelemme laskentaa aloitteleville.\u00a0<\/span><\/p>\n<p><span class=\"bold\" lang=\"FI-FI\" xml:lang=\"FI-FI\">Mit\u00e4:<\/span><span lang=\"FI-FI\" xml:lang=\"FI-FI\">\u202fAmmatillisen oppilaitoksen p\u00e4\u00e4st\u00f6v\u00e4hennyspolut -koulutus<\/span><br \/>\n<span class=\"bold\" lang=\"FI-FI\" xml:lang=\"FI-FI\">Miss\u00e4:<\/span><span lang=\"FI-FI\" xml:lang=\"FI-FI\">\u202fTeams<\/span><br \/>\n<span class=\"bold\" lang=\"FI-FI\" xml:lang=\"FI-FI\">Milloin:<\/span><span lang=\"FI-FI\" xml:lang=\"FI-FI\">\u202f10.3.2025 klo 13\u201315<\/span><\/p>\n<p><span class=\"bold\"><span lang=\"FI-FI\" xml:lang=\"FI-FI\">Kenelle?<\/span>\u00a0<\/span><br \/>\n<span lang=\"FI-FI\" xml:lang=\"FI-FI\">Webinaarit ovat tarkoitettu ammatillisten oppilaitosten henkil\u00f6kunnalle ja oppilaitosten kumppaneille.<\/span><\/p>\n<p><span class=\"bold\"><span lang=\"FI-FI\" xml:lang=\"FI-FI\">Kysy lis\u00e4\u00e4 ja ehdota sis\u00e4lt\u00f6\u00e4 webinaareihin:<\/span><br \/>\n<\/span><a href=\"mailto:sini.raita-aho@sykli.fi\" target=\"_blank\" rel=\"noreferrer noopener\"><span lang=\"FI-FI\" xml:lang=\"FI-FI\">sini.raita-aho@sykli.fi<\/span><\/a><\/p>\n<\/div>\r\n                        \r\n                <\/div>\r\n                <div class=\"col col-12 col-md-4 image-col\">\r\n                    <img loading=\"lazy\" decoding=\"async\" width=\"2848\" height=\"1670\" src=\"https:\/\/kartallaverkosto.fi\/wp-content\/uploads\/2024\/11\/vaski-kuvitukset-15.png\" class=\"attachment-post-thumbnail size-post-thumbnail wp-post-image\" alt=\"\" srcset=\"https:\/\/kartallaverkosto.fi\/wp-content\/uploads\/2024\/11\/vaski-kuvitukset-15.png 2848w, https:\/\/kartallaverkosto.fi\/wp-content\/uploads\/2024\/11\/vaski-kuvitukset-15-300x176.png 300w, https:\/\/kartallaverkosto.fi\/wp-content\/uploads\/2024\/11\/vaski-kuvitukset-15-1024x600.png 1024w, https:\/\/kartallaverkosto.fi\/wp-content\/uploads\/2024\/11\/vaski-kuvitukset-15-768x450.png 768w, https:\/\/kartallaverkosto.fi\/wp-content\/uploads\/2024\/11\/vaski-kuvitukset-15-1536x901.png 1536w, https:\/\/kartallaverkosto.fi\/wp-content\/uploads\/2024\/11\/vaski-kuvitukset-15-2048x1201.png 2048w\" sizes=\"auto, (max-width: 2848px) 100vw, 2848px\" \/>                <\/div>\r\n            <\/div>\r\n\r\n                    <div class=\"row event\">\r\n\r\n                <div class=\"col col-12 col-md-8\">\r\n\r\n                    \r\n                    <h2 id=\"kartalla-pa-kartan-verkostolaisten-aamukahvit\">Kartalla \u2013 P\u00e5 Kartan verkostolaisten aamukahvit<\/h2>\r\n\r\n                                            <h4><svg xmlns=\"http:\/\/www.w3.org\/2000\/svg\" width=\"16\" height=\"16\" fill=\"currentColor\" class=\"bi bi-calendar3\" viewBox=\"0 0 16 16\">\r\n                                <path d=\"M14 0H2a2 2 0 0 0-2 2v12a2 2 0 0 0 2 2h12a2 2 0 0 0 2-2V2a2 2 0 0 0-2-2zM1 3.857C1 3.384 1.448 3 2 3h12c.552 0 1 .384 1 .857v10.286c0 .473-.448.857-1 .857H2c-.552 0-1-.384-1-.857V3.857z\" \/>\r\n                                <path d=\"M6.5 7a1 1 0 1 0 0-2 1 1 0 0 0 0 2zm3 0a1 1 0 1 0 0-2 1 1 0 0 0 0 2zm3 0a1 1 0 1 0 0-2 1 1 0 0 0 0 2zm-9 3a1 1 0 1 0 0-2 1 1 0 0 0 0 2zm3 0a1 1 0 1 0 0-2 1 1 0 0 0 0 2zm3 0a1 1 0 1 0 0-2 1 1 0 0 0 0 2zm-9 3a1 1 0 1 0 0-2 1 1 0 0 0 0 2zm3 0a1 1 0 1 0 0-2 1 1 0 0 0 0 2zm3 0a1 1 0 1 0 0-2 1 1 0 0 0 0 2z\" \/>\r\n                            <\/svg>\r\n                            13.02.2026\r\n                                                            <svg xmlns=\"http:\/\/www.w3.org\/2000\/svg\" width=\"16\" height=\"16\" fill=\"currentColor\" class=\"bi bi-clock\" viewBox=\"0 0 16 16\">\r\n                                    <path d=\"M8 3.5a.5.5 0 0 0-1 0V9a.5.5 0 0 0 .252.434l3.5 2a.5.5 0 0 0 .496-.868L8 8.71z\" \/>\r\n                                    <path d=\"M8 16A8 8 0 1 0 8 0a8 8 0 0 0 0 16m7-8A7 7 0 1 1 1 8a7 7 0 0 1 14 0\" \/>\r\n                                <\/svg>\r\n\r\n                            08:30 &#8211; 09:30                        <\/h4>\r\n                                                    <a href=\"https:\/\/teams.microsoft.com\/l\/meetup-join\/19%3ameeting_NTkzM2IzMWItMmYxOS00NDUzLWI1NzUtZmE4ZGI1NTQzYTdl%40thread.v2\/0?context=%7b%22Tid%22%3a%22ba786a81-1f15-494e-8af9-b6050456db10%22%2c%22Oid%22%3a%22db4582c6-c48e-4d66-a909-b07c8b2f2a77%22%7d\">Linkki tapahtumaan \/ ilmoittautumiseen<\/a>\r\n                        \r\n                        <div class=\"event-info\">\r\n                            <p><strong>Osallistuminen:<\/strong> et\u00e4tilaisuus<\/p><p><strong>Kategoria:<\/strong> Kumppanuudet<\/p>\r\n                        <\/div>\r\n\r\n                        \r\n                                <div class=\"text-wrap-events\"><p>Aamukahveilla tutustutaan kest\u00e4vyysverkostoon ja muihin verkostolaisiin sek\u00e4 vaihdetaan kuulumisia kest\u00e4vyysty\u00f6st\u00e4! Aamukahveille ei ole erikseen etuk\u00e4teisilmoittautumista ja<strong> yll\u00e4 oleva linkki on Teams-linkki<\/strong> liittymiseen. Tervetuloa verkostoitumaan!<\/p>\n<p>&nbsp;<\/p>\n<p><b><i><span data-contrast=\"auto\">Vuonna\u202f2026\u202fj\u00e4rjest\u00e4mme<\/span><\/i><\/b><span data-contrast=\"auto\">\u202f<\/span><b><i><span data-contrast=\"auto\">seuraavat<\/span><\/i><\/b><span data-contrast=\"auto\">\u202f<\/span><b><i><span data-contrast=\"auto\">verkostolaisten<\/span><\/i><\/b><span data-contrast=\"auto\">\u202f<\/span><b><i><span data-contrast=\"auto\">aamukahvit:<\/span><\/i><\/b><span data-ccp-props=\"{}\">\u00a0<\/span><\/p>\n<ul>\n<li><span data-contrast=\"auto\">pe 13.2. klo 8.30\u20139.30 <\/span><a href=\"https:\/\/teams.microsoft.com\/l\/meetup-join\/19%3ameeting_NTkzM2IzMWItMmYxOS00NDUzLWI1NzUtZmE4ZGI1NTQzYTdl%40thread.v2\/0?context=%7b%22Tid%22%3a%22ba786a81-1f15-494e-8af9-b6050456db10%22%2c%22Oid%22%3a%22db4582c6-c48e-4d66-a909-b07c8b2f2a77%22%7d\"><b><span data-contrast=\"none\">Liity kokoukseen nyt<\/span><\/b><\/a><span data-ccp-props=\"{}\">\u00a0<\/span><\/li>\n<li><span data-contrast=\"auto\">to 23.4. klo 8.30\u20139.30 <\/span><a href=\"https:\/\/teams.microsoft.com\/l\/meetup-join\/19%3ameeting_M2EyOTkxZjYtODY2Ny00ZWNiLTk4ZTUtNzBjZWU4MDI2YTAy%40thread.v2\/0?context=%7b%22Tid%22%3a%22ba786a81-1f15-494e-8af9-b6050456db10%22%2c%22Oid%22%3a%22db4582c6-c48e-4d66-a909-b07c8b2f2a77%22%7d\"><b><span data-contrast=\"none\">Liity kokoukseen nyt<\/span><\/b><\/a><span data-ccp-props=\"{}\">\u00a0<\/span><\/li>\n<li><span data-contrast=\"auto\">ke 16.9. klo 8.30\u20139.30 <\/span><a href=\"https:\/\/teams.microsoft.com\/l\/meetup-join\/19%3ameeting_ZDg0NTZlYzMtNmNiZS00ZDllLTk5MjYtNzBiN2RmOTJlMWMw%40thread.v2\/0?context=%7b%22Tid%22%3a%22ba786a81-1f15-494e-8af9-b6050456db10%22%2c%22Oid%22%3a%22db4582c6-c48e-4d66-a909-b07c8b2f2a77%22%7d\"><b><span data-contrast=\"none\">Liity kokoukseen nyt<\/span><\/b><\/a><span data-ccp-props=\"{}\">\u00a0<\/span><\/li>\n<li><span data-contrast=\"auto\">ti 17.11. klo 8.30\u20139.30 <\/span><a href=\"https:\/\/teams.microsoft.com\/l\/meetup-join\/19%3ameeting_ZTk0ZWNjMmMtNGU0Yi00NDFjLWIyZmUtZmNmNjQwNGYxZjcw%40thread.v2\/0?context=%7b%22Tid%22%3a%22ba786a81-1f15-494e-8af9-b6050456db10%22%2c%22Oid%22%3a%22db4582c6-c48e-4d66-a909-b07c8b2f2a77%22%7d\"><b><span data-contrast=\"none\">Liity kokoukseen nyt<\/span><\/b><\/a><span data-ccp-props=\"{}\">\u00a0<\/span><\/li>\n<\/ul>\n<p>Lis\u00e4tietoa:<\/p>\n<p>sini.raita-aho@sykli.fi<\/p>\n<\/div>\r\n                        \r\n                <\/div>\r\n                <div class=\"col col-12 col-md-4 image-col\">\r\n                    <img loading=\"lazy\" decoding=\"async\" width=\"1080\" height=\"1080\" src=\"https:\/\/kartallaverkosto.fi\/wp-content\/uploads\/2025\/09\/aamukahvit-26.png\" class=\"attachment-post-thumbnail size-post-thumbnail wp-post-image\" alt=\"\" srcset=\"https:\/\/kartallaverkosto.fi\/wp-content\/uploads\/2025\/09\/aamukahvit-26.png 1080w, https:\/\/kartallaverkosto.fi\/wp-content\/uploads\/2025\/09\/aamukahvit-26-300x300.png 300w, https:\/\/kartallaverkosto.fi\/wp-content\/uploads\/2025\/09\/aamukahvit-26-1024x1024.png 1024w, https:\/\/kartallaverkosto.fi\/wp-content\/uploads\/2025\/09\/aamukahvit-26-150x150.png 150w, https:\/\/kartallaverkosto.fi\/wp-content\/uploads\/2025\/09\/aamukahvit-26-768x768.png 768w\" sizes=\"auto, (max-width: 1080px) 100vw, 1080px\" \/>                <\/div>\r\n            <\/div>\r\n\r\n                    <div class=\"row event\">\r\n\r\n                <div class=\"col col-12 col-md-8\">\r\n\r\n                    \r\n                    <h2 id=\"universal-design-for-learning-udl\">Universal Design for Learning (UDL)<\/h2>\r\n\r\n                                            <h4><svg xmlns=\"http:\/\/www.w3.org\/2000\/svg\" width=\"16\" height=\"16\" fill=\"currentColor\" class=\"bi bi-calendar3\" viewBox=\"0 0 16 16\">\r\n                                <path d=\"M14 0H2a2 2 0 0 0-2 2v12a2 2 0 0 0 2 2h12a2 2 0 0 0 2-2V2a2 2 0 0 0-2-2zM1 3.857C1 3.384 1.448 3 2 3h12c.552 0 1 .384 1 .857v10.286c0 .473-.448.857-1 .857H2c-.552 0-1-.384-1-.857V3.857z\" \/>\r\n                                <path d=\"M6.5 7a1 1 0 1 0 0-2 1 1 0 0 0 0 2zm3 0a1 1 0 1 0 0-2 1 1 0 0 0 0 2zm3 0a1 1 0 1 0 0-2 1 1 0 0 0 0 2zm-9 3a1 1 0 1 0 0-2 1 1 0 0 0 0 2zm3 0a1 1 0 1 0 0-2 1 1 0 0 0 0 2zm3 0a1 1 0 1 0 0-2 1 1 0 0 0 0 2zm-9 3a1 1 0 1 0 0-2 1 1 0 0 0 0 2zm3 0a1 1 0 1 0 0-2 1 1 0 0 0 0 2zm3 0a1 1 0 1 0 0-2 1 1 0 0 0 0 2z\" \/>\r\n                            <\/svg>\r\n                            11.02.2026\r\n                                                            <svg xmlns=\"http:\/\/www.w3.org\/2000\/svg\" width=\"16\" height=\"16\" fill=\"currentColor\" class=\"bi bi-clock\" viewBox=\"0 0 16 16\">\r\n                                    <path d=\"M8 3.5a.5.5 0 0 0-1 0V9a.5.5 0 0 0 .252.434l3.5 2a.5.5 0 0 0 .496-.868L8 8.71z\" \/>\r\n                                    <path d=\"M8 16A8 8 0 1 0 8 0a8 8 0 0 0 0 16m7-8A7 7 0 1 1 1 8a7 7 0 0 1 14 0\" \/>\r\n                                <\/svg>\r\n\r\n                            13:00 &#8211; 15:00                        <\/h4>\r\n                                                    <a href=\"https:\/\/ssl.eventilla.com\/udl-helmi2026\">Linkki tapahtumaan \/ ilmoittautumiseen<\/a>\r\n                        \r\n                        <div class=\"event-info\">\r\n                            <p><strong>Osallistuminen:<\/strong> et\u00e4tilaisuus<\/p><p><strong>Kategoria:<\/strong> Pedagogiset ratkaisut ja oppimisymp\u00e4rist\u00f6t, Henkil\u00f6st\u00f6n osaaminen ja ammatti-identiteetti<\/p>\r\n                        <\/div>\r\n\r\n                        \r\n                                <div class=\"text-wrap-events\"><p><span lang=\"FI-FI\" xml:lang=\"FI-FI\">Koulutuksessa perehdyt\u00e4\u00e4n kaikki opiskelijat huomioivaan opetukseen ja erityisesti inklusiivisen opetuksen viitekehykseen (Universal Design for Learning eli UDL).\u00a0<\/span><\/p>\n<p><span lang=\"FI-FI\" xml:lang=\"FI-FI\">Koulutuksesta saat tukea seuraavien kysymysten ratkaisuun:<\/span><\/p>\n<ul>\n<li><span lang=\"FI-FI\" xml:lang=\"FI-FI\">Miten suunnitella opetusta niin, ett\u00e4 kaikki opiskelijat tulevat huomioiduksi?<\/span><\/li>\n<li><span lang=\"FI-FI\" xml:lang=\"FI-FI\">Miten varmistaa kaikkien opiskelijoiden oppiminen ja yht\u00e4l\u00e4iset osallistumisedellytykset?<\/span><\/li>\n<li><span lang=\"FI-FI\" xml:lang=\"FI-FI\">Miten poistaa oppimisymp\u00e4rist\u00f6ist\u00e4 oppimista rajoittavia tekij\u00f6it\u00e4?<\/span><\/li>\n<\/ul>\n<p><span lang=\"FI-FI\" xml:lang=\"FI-FI\">Kouluttajina toimivat\u00a0<\/span><span lang=\"FI-FI\" xml:lang=\"FI-FI\">Katariina Mustonen ja Ulla Myllyniemi.<\/span><\/p>\n<p><span class=\"bold\" lang=\"FI-FI\" xml:lang=\"FI-FI\">Mit\u00e4:<\/span><span lang=\"FI-FI\" xml:lang=\"FI-FI\">\u00a0Universal Design for Learning (UDL) -koulutus<\/span><br \/>\n<span class=\"bold\" lang=\"FI-FI\" xml:lang=\"FI-FI\">Miss\u00e4:<\/span><span lang=\"FI-FI\" xml:lang=\"FI-FI\">\u00a0Teams<\/span><br \/>\n<span class=\"bold\" lang=\"FI-FI\" xml:lang=\"FI-FI\">Milloin:<\/span><span lang=\"FI-FI\" xml:lang=\"FI-FI\">\u00a011.2.2026 klo 13-15\u00a0\u00a0<\/span><\/p>\n<p><span class=\"italic\" lang=\"FI-FI\" xml:lang=\"FI-FI\"><br \/>\nKoulutukset ovat osa Opetushallituksen rahoittamaa Kartalla \u2013 P\u00e5 Kartan -hanketta. Koulutukset ovat osallistujille maksuttomia.<\/span><span lang=\"FI-FI\" xml:lang=\"FI-FI\"><br \/>\n<\/span><\/p>\n<p><span lang=\"FI-FI\" xml:lang=\"FI-FI\"><span class=\"bold\">Kysy koulutuksesta:<br \/>\nKatariina Mustonen<br \/>\n<a href=\"mailto:katariina.mustonen@sykli.fi\" target=\"_blank\" rel=\"noopener\">katariina.mustonen@sykli.fi<\/a><\/span><\/span><\/p>\n<\/div>\r\n                        \r\n                <\/div>\r\n                <div class=\"col col-12 col-md-4 image-col\">\r\n                    <img loading=\"lazy\" decoding=\"async\" width=\"2373\" height=\"1670\" src=\"https:\/\/kartallaverkosto.fi\/wp-content\/uploads\/2024\/11\/vaski-kuvitukset-13-1.png\" class=\"attachment-post-thumbnail size-post-thumbnail wp-post-image\" alt=\"\" srcset=\"https:\/\/kartallaverkosto.fi\/wp-content\/uploads\/2024\/11\/vaski-kuvitukset-13-1.png 2373w, https:\/\/kartallaverkosto.fi\/wp-content\/uploads\/2024\/11\/vaski-kuvitukset-13-1-300x211.png 300w, https:\/\/kartallaverkosto.fi\/wp-content\/uploads\/2024\/11\/vaski-kuvitukset-13-1-1024x721.png 1024w, https:\/\/kartallaverkosto.fi\/wp-content\/uploads\/2024\/11\/vaski-kuvitukset-13-1-768x540.png 768w, https:\/\/kartallaverkosto.fi\/wp-content\/uploads\/2024\/11\/vaski-kuvitukset-13-1-1536x1081.png 1536w, https:\/\/kartallaverkosto.fi\/wp-content\/uploads\/2024\/11\/vaski-kuvitukset-13-1-2048x1441.png 2048w\" sizes=\"auto, (max-width: 2373px) 100vw, 2373px\" \/>                <\/div>\r\n            <\/div>\r\n\r\n                    <div class=\"row event\">\r\n\r\n                <div class=\"col col-12 col-md-8\">\r\n\r\n                    \r\n                    <h2 id=\"ammatillisen-koulutuksen-kestavyysindikaattorit-tiedonkeruu-ja-raportointi\">Ammatillisen koulutuksen kest\u00e4vyysindikaattorit; tiedonkeruu ja raportointi<\/h2>\r\n\r\n                                            <h4><svg xmlns=\"http:\/\/www.w3.org\/2000\/svg\" width=\"16\" height=\"16\" fill=\"currentColor\" class=\"bi bi-calendar3\" viewBox=\"0 0 16 16\">\r\n                                <path d=\"M14 0H2a2 2 0 0 0-2 2v12a2 2 0 0 0 2 2h12a2 2 0 0 0 2-2V2a2 2 0 0 0-2-2zM1 3.857C1 3.384 1.448 3 2 3h12c.552 0 1 .384 1 .857v10.286c0 .473-.448.857-1 .857H2c-.552 0-1-.384-1-.857V3.857z\" \/>\r\n                                <path d=\"M6.5 7a1 1 0 1 0 0-2 1 1 0 0 0 0 2zm3 0a1 1 0 1 0 0-2 1 1 0 0 0 0 2zm3 0a1 1 0 1 0 0-2 1 1 0 0 0 0 2zm-9 3a1 1 0 1 0 0-2 1 1 0 0 0 0 2zm3 0a1 1 0 1 0 0-2 1 1 0 0 0 0 2zm3 0a1 1 0 1 0 0-2 1 1 0 0 0 0 2zm-9 3a1 1 0 1 0 0-2 1 1 0 0 0 0 2zm3 0a1 1 0 1 0 0-2 1 1 0 0 0 0 2zm3 0a1 1 0 1 0 0-2 1 1 0 0 0 0 2z\" \/>\r\n                            <\/svg>\r\n                            05.02.2026\r\n                                                            <svg xmlns=\"http:\/\/www.w3.org\/2000\/svg\" width=\"16\" height=\"16\" fill=\"currentColor\" class=\"bi bi-clock\" viewBox=\"0 0 16 16\">\r\n                                    <path d=\"M8 3.5a.5.5 0 0 0-1 0V9a.5.5 0 0 0 .252.434l3.5 2a.5.5 0 0 0 .496-.868L8 8.71z\" \/>\r\n                                    <path d=\"M8 16A8 8 0 1 0 8 0a8 8 0 0 0 0 16m7-8A7 7 0 1 1 1 8a7 7 0 0 1 14 0\" \/>\r\n                                <\/svg>\r\n\r\n                            14:00 &#8211; 15:20                        <\/h4>\r\n                                                    <a href=\"https:\/\/tapahtumat.oph.fi\/ammatillisen-koulutuksen-kestavyysindikaattorit-tiedonkeruu-ja-raportointi-5-2\/FI\">Linkki tapahtumaan \/ ilmoittautumiseen<\/a>\r\n                        \r\n                        <div class=\"event-info\">\r\n                            <p><strong>Osallistuminen:<\/strong> et\u00e4tilaisuus<\/p><p><strong>Kategoria:<\/strong> Johtaminen ja toimintakulttuuri, Kumppanuudet, Kest\u00e4vyysraportointi, Ymp\u00e4rist\u00f6jalanj\u00e4lki, Ymp\u00e4rist\u00f6k\u00e4denj\u00e4lki<\/p>\r\n                        <\/div>\r\n\r\n                        \r\n                                <div class=\"text-wrap-events\"><p style=\"font-weight: 400;\">Opetushallitus on yhdess\u00e4 koulutuksen j\u00e4rjest\u00e4jien kanssa laatinut kest\u00e4vyysindikaattorit ammatillisen koulutuksen kansallisen kest\u00e4vyystiekartan eri teemojen toimeenpanon seurantaan. Kest\u00e4vyysindikaattorit kuvaavat ammatillisen koulutuksen kest\u00e4vyysty\u00f6n tilaa ja kehityst\u00e4. Koulutuksen j\u00e4rjest\u00e4j\u00e4t voivat k\u00e4ytt\u00e4\u00e4 indikaattoreita my\u00f6s oman vastuullisuusty\u00f6ns\u00e4 raportoinnissa.<\/p>\n<p style=\"font-weight: 400;\">Kest\u00e4vyysindikaattoreihin liittyv\u00e4 tiedonkeruu toteutetaan ensimm\u00e4ist\u00e4 kertaa maaliskuussa 2026. Tiedonkeruu perustuu vuoden 2025 tietoihin. Webinaarissa k\u00e4yd\u00e4\u00e4n l\u00e4pi tiedonkeruu sek\u00e4 esitell\u00e4\u00e4n tuloksien raportointimallia.<\/p>\n<p style=\"font-weight: 400;\">Tilaisuus on avoin kaikille aiheesta kiinnostuneille. Webinaaria ei tallenneta.<\/p>\n<p style=\"font-weight: 400;\">Pyyd\u00e4mme ilmoittautumaan tilaisuuteen. Ilmoittautumisen j\u00e4lkeen saat vahvistusviestin mukana Teams-linkin webinaariin.<\/p>\n<p style=\"font-weight: 400;\">Lis\u00e4tietoa:<\/p>\n<p style=\"font-weight: 400;\"><a href=\"https:\/\/www.oph.fi\/fi\/koulutus-ja-tutkinnot\/valtakunnallisen-ammatillisen-koulutuksen-kestavyystiekartan-toimeenpanon\">https:\/\/www.oph.fi\/fi\/koulutus-ja-tutkinnot\/valtakunnallisen-ammatillisen-koulutuksen-kestavyystiekartan-toimeenpanon<\/a><\/p>\n<p style=\"font-weight: 400;\"><a href=\"mailto:ammatillinenkoulutus@oph.fi\">ammatillinenkoulutus@oph.fi<\/a><\/p>\n<\/div>\r\n                        \r\n                <\/div>\r\n                <div class=\"col col-12 col-md-4 image-col\">\r\n                                    <\/div>\r\n            <\/div>\r\n\r\n        \r\n        <nav class=\"navigation pagination\" aria-label=\"Artikkelien sivutus\">\r\n            <h2 class=\"screen-reader-text\">Artikkelien sivutus<\/h2>\r\n            <span aria-current=\"page\" class=\"page-numbers current\">1<\/span>\n<a class=\"page-numbers\" href=\"https:\/\/kartallaverkosto.fi\/en\/wp-json\/wp\/v2\/pages\/6421\/page\/2\/\">2<\/a>\n<a class=\"page-numbers\" href=\"https:\/\/kartallaverkosto.fi\/en\/wp-json\/wp\/v2\/pages\/6421\/page\/3\/\">3<\/a>\n<span class=\"page-numbers dots\">&hellip;<\/span>\n<a class=\"page-numbers\" href=\"https:\/\/kartallaverkosto.fi\/en\/wp-json\/wp\/v2\/pages\/6421\/page\/7\/\">7<\/a>\n<a class=\"next page-numbers\" href=\"https:\/\/kartallaverkosto.fi\/en\/wp-json\/wp\/v2\/pages\/6421\/page\/2\/\">Seuraava<\/a>\r\n        <\/nav>\r\n\r\n    <\/div>","protected":false},"excerpt":{"rendered":"","protected":false},"author":1,"featured_media":0,"parent":6403,"menu_order":33,"comment_status":"closed","ping_status":"closed","template":"","meta":{"_acf_changed":false,"footnotes":""},"class_list":["post-6421","page","type-page","status-publish","hentry"],"acf":[],"aioseo_notices":[],"_links":{"self":[{"href":"https:\/\/kartallaverkosto.fi\/en\/wp-json\/wp\/v2\/pages\/6421","targetHints":{"allow":["GET"]}}],"collection":[{"href":"https:\/\/kartallaverkosto.fi\/en\/wp-json\/wp\/v2\/pages"}],"about":[{"href":"https:\/\/kartallaverkosto.fi\/en\/wp-json\/wp\/v2\/types\/page"}],"author":[{"embeddable":true,"href":"https:\/\/kartallaverkosto.fi\/en\/wp-json\/wp\/v2\/users\/1"}],"replies":[{"embeddable":true,"href":"https:\/\/kartallaverkosto.fi\/en\/wp-json\/wp\/v2\/comments?post=6421"}],"version-history":[{"count":1,"href":"https:\/\/kartallaverkosto.fi\/en\/wp-json\/wp\/v2\/pages\/6421\/revisions"}],"predecessor-version":[{"id":6422,"href":"https:\/\/kartallaverkosto.fi\/en\/wp-json\/wp\/v2\/pages\/6421\/revisions\/6422"}],"up":[{"embeddable":true,"href":"https:\/\/kartallaverkosto.fi\/en\/wp-json\/wp\/v2\/pages\/6403"}],"wp:attachment":[{"href":"https:\/\/kartallaverkosto.fi\/en\/wp-json\/wp\/v2\/media?parent=6421"}],"curies":[{"name":"wp","href":"https:\/\/api.w.org\/{rel}","templated":true}]}}